{"id":2396,"date":"2023-05-19T16:14:53","date_gmt":"2023-05-19T21:14:53","guid":{"rendered":"https:\/\/mujerespazyseguridad.co\/plans-daction-nationaux-pan-1325\/"},"modified":"2023-12-06T17:12:07","modified_gmt":"2023-12-06T22:12:07","slug":"plans-daction-nationaux-pan-1325","status":"publish","type":"page","link":"https:\/\/mujerespazyseguridad.co\/fr\/plans-daction-nationaux-pan-1325\/","title":{"rendered":"Plans d&rsquo;action nationaux (PAN) 1325"},"content":{"rendered":"<p>[et_pb_section fb_built=\u00a0\u00bb1&Prime; admin_label=\u00a0\u00bbHeader\u00a0\u00bb module_id=\u00a0\u00bbresolucion\u00a0\u00bb _builder_version=\u00a0\u00bb4.16&Prime; background_color=\u00a0\u00bb#1a1844&Prime; use_background_color_gradient=\u00a0\u00bbon\u00a0\u00bb background_color_gradient_type=\u00a0\u00bbcircular\u00a0\u00bb background_color_gradient_direction_radial=\u00a0\u00bbtop right\u00a0\u00bb background_color_gradient_stops=\u00a0\u00bb#2b3ea0 0%|#1a1844 45%\u00a0\u00bb background_color_gradient_start=\u00a0\u00bb#2b3ea0&Prime; background_color_gradient_end=\u00a0\u00bb#1a1844&Prime; background_color_gradient_end_position=\u00a0\u00bb45%\u00a0\u00bb background_image=\u00a0\u00bbhttps:\/\/mujerespazyseguridad.co\/wp-content\/uploads\/2021\/07\/podcast-01.png\u00a0\u00bb parallax=\u00a0\u00bbon\u00a0\u00bb custom_padding=\u00a0\u00bb13vw||0||false|false\u00a0\u00bb global_colors_info=\u00a0\u00bb{}\u00a0\u00bb background_size__hover=\u00a0\u00bbcover\u00a0\u00bb background_size__hover_enabled=\u00a0\u00bbcover\u00a0\u00bb][et_pb_row _builder_version=\u00a0\u00bb4.16&Prime; use_background_color_gradient=\u00a0\u00bbon\u00a0\u00bb background_color_gradient_stops=\u00a0\u00bbrgba(26,24,68,0) 0%|#1a1844 100%\u00a0\u00bb background_color_gradient_overlays_image=\u00a0\u00bbon\u00a0\u00bb background_color_gradient_start=\u00a0\u00bbrgba(26,24,68,0)\u00a0\u00bb background_color_gradient_end=\u00a0\u00bb#1a1844&Prime; background_image=\u00a0\u00bbhttps:\/\/mujerespazyseguridad.co\/wp-content\/uploads\/2021\/07\/podcast-02-1.png\u00a0\u00bb background_position=\u00a0\u00bbtop_center\u00a0\u00bb width=\u00a0\u00bb100%\u00a0\u00bb max_width=\u00a0\u00bb100%\u00a0\u00bb custom_padding=\u00a0\u00bb|10%||10%||true\u00a0\u00bb animation_style=\u00a0\u00bbslide\u00a0\u00bb animation_direction=\u00a0\u00bbbottom\u00a0\u00bb animation_intensity_slide=\u00a0\u00bb1%\u00a0\u00bb use_custom_width=\u00a0\u00bbon\u00a0\u00bb width_unit=\u00a0\u00bboff\u00a0\u00bb custom_width_percent=\u00a0\u00bb100%\u00a0\u00bb global_colors_info=\u00a0\u00bb{}\u00a0\u00bb][et_pb_column type=\u00a0\u00bb4_4&Prime; _builder_version=\u00a0\u00bb4.16&Prime; custom_padding=\u00a0\u00bb|||\u00a0\u00bb global_colors_info=\u00a0\u00bb{}\u00a0\u00bb custom_padding__hover=\u00a0\u00bb|||\u00a0\u00bb][et_pb_text _builder_version=\u00a0\u00bb4.21.0&Prime; text_font=\u00a0\u00bb||||||||\u00a0\u00bb text_font_size=\u00a0\u00bb20px\u00a0\u00bb text_line_height=\u00a0\u00bb1.8em\u00a0\u00bb header_font=\u00a0\u00bbYeseva One|900|||||||\u00a0\u00bb header_font_size=\u00a0\u00bb82px\u00a0\u00bb header_letter_spacing=\u00a0\u00bb1px\u00a0\u00bb header_line_height=\u00a0\u00bb1.2em\u00a0\u00bb header_4_font=\u00a0\u00bbRaleway|||on|||||\u00a0\u00bb header_4_font_size=\u00a0\u00bb22px\u00a0\u00bb header_4_letter_spacing=\u00a0\u00bb4px\u00a0\u00bb header_4_line_height=\u00a0\u00bb1.6em\u00a0\u00bb text_orientation=\u00a0\u00bbcenter\u00a0\u00bb background_layout=\u00a0\u00bbdark\u00a0\u00bb max_width=\u00a0\u00bb800px\u00a0\u00bb module_alignment=\u00a0\u00bbcenter\u00a0\u00bb text_font_size_tablet=\u00a0\u00bb\u00a0\u00bb text_font_size_phone=\u00a0\u00bb14px\u00a0\u00bb text_font_size_last_edited=\u00a0\u00bbon|desktop\u00a0\u00bb header_font_size_tablet=\u00a0\u00bb62px\u00a0\u00bb header_font_size_phone=\u00a0\u00bb38px\u00a0\u00bb header_font_size_last_edited=\u00a0\u00bbon|phone\u00a0\u00bb global_colors_info=\u00a0\u00bb{}\u00a0\u00bb]<\/p>\n<h4>Les femmes, la paix et la s\u00e9curit\u00e9<\/h4>\n<h1>Plans d&rsquo;action nationaux (PAN) 1325<\/h1>\n<p><span style=\"font-weight: 400;\">En 2023, 95 pays dans le monde auront mis en place des plans d&rsquo;action nationaux (PAN) au titre de la r\u00e9solution 1325. Pour voir les plans d&rsquo;action dans le monde entier, vous pouvez vous rendre sur la carte et les t\u00e9l\u00e9charger. <\/span><\/p>\n<p>[\/et_pb_text][\/et_pb_column][\/et_pb_row][\/et_pb_section][et_pb_section fb_built=\u00a0\u00bb1&Prime; admin_label=\u00a0\u00bbCTAs\u00a0\u00bb _builder_version=\u00a0\u00bb4.16&Prime; background_color=\u00a0\u00bb#1a1844&Prime; custom_padding=\u00a0\u00bb0|0px|54px|0px|false|false\u00a0\u00bb global_colors_info=\u00a0\u00bb{}\u00a0\u00bb][\/et_pb_section][et_pb_section fb_built=\u00a0\u00bb1&Prime; admin_label=\u00a0\u00bbAbout\u00a0\u00bb module_id=\u00a0\u00bblinea\u00a0\u00bb _builder_version=\u00a0\u00bb4.16&Prime; background_color=\u00a0\u00bb#1a1844&Prime; background_image=\u00a0\u00bbhttps:\/\/mujerespazyseguridad.co\/wp-content\/uploads\/2021\/07\/podcast-03.png\u00a0\u00bb background_size=\u00a0\u00bbcontain\u00a0\u00bb background_position=\u00a0\u00bbtop_left\u00a0\u00bb custom_padding=\u00a0\u00bb|||\u00a0\u00bb global_colors_info=\u00a0\u00bb{}\u00a0\u00bb][et_pb_row column_structure=\u00a0\u00bb1_5,1_5,1_5,1_5,1_5&Prime; use_custom_gutter=\u00a0\u00bbon\u00a0\u00bb gutter_width=\u00a0\u00bb2&Prime; _builder_version=\u00a0\u00bb4.21.0&Prime; _module_preset=\u00a0\u00bbdefault\u00a0\u00bb width=\u00a0\u00bb90%\u00a0\u00bb width_tablet=\u00a0\u00bb90%\u00a0\u00bb width_phone=\u00a0\u00bb90%\u00a0\u00bb width_last_edited=\u00a0\u00bbon|phone\u00a0\u00bb max_width=\u00a0\u00bb1472px\u00a0\u00bb module_alignment=\u00a0\u00bbcenter\u00a0\u00bb custom_margin=\u00a0\u00bb||||false|false\u00a0\u00bb custom_padding=\u00a0\u00bb30px||||false|false\u00a0\u00bb global_colors_info=\u00a0\u00bb{}\u00a0\u00bb][et_pb_column type=\u00a0\u00bb1_5&Prime; _builder_version=\u00a0\u00bb4.16&Prime; _module_preset=\u00a0\u00bbdefault\u00a0\u00bb global_colors_info=\u00a0\u00bb{}\u00a0\u00bb][et_pb_image src=\u00a0\u00bbhttps:\/\/mujerespazyseguridad.co\/wp-content\/uploads\/2023\/05\/MujeresPazYSeguridad_PlanesDeAccion_Africa-2.png\u00a0\u00bb title_text=\u00a0\u00bbMujeresPazYSeguridad_PlanesDeAccio\u0301n_Africa\u00a0\u00bb force_fullwidth=\u00a0\u00bbon\u00a0\u00bb _builder_version=\u00a0\u00bb4.21.0&Prime; _module_preset=\u00a0\u00bbdefault\u00a0\u00bb global_colors_info=\u00a0\u00bb{}\u00a0\u00bb][\/et_pb_image][et_pb_blurb title=\u00a0\u00bbAfrique\u00a0\u00bb url=\u00a0\u00bbhttps:\/\/mujerespazyseguridad.co\/wp-content\/uploads\/2021\/08\/I_Informe1325_espanol.pdf\u00a0\u00bb url_new_window=\u00a0\u00bbon\u00a0\u00bb _builder_version=\u00a0\u00bb4.21.0&Prime; _module_preset=\u00a0\u00bbdefault\u00a0\u00bb header_text_color=\u00a0\u00bb#edef62&Prime; header_font_size=\u00a0\u00bb1.4em\u00a0\u00bb header_line_height=\u00a0\u00bb1.4em\u00a0\u00bb body_text_color=\u00a0\u00bb#c9c9c9&Prime; body_link_text_color=\u00a0\u00bb#FFFFFF\u00a0\u00bb text_orientation=\u00a0\u00bbcenter\u00a0\u00bb background_layout=\u00a0\u00bbdark\u00a0\u00bb global_colors_info=\u00a0\u00bb{}\u00a0\u00bb][\/et_pb_blurb][et_pb_accordion _builder_version=\u00a0\u00bb4.22.1&Prime; _module_preset=\u00a0\u00bbdefault\u00a0\u00bb body_link_text_color=\u00a0\u00bb#FFFFFF\u00a0\u00bb custom_margin=\u00a0\u00bb||||false|false\u00a0\u00bb custom_padding=\u00a0\u00bb||||false|false\u00a0\u00bb global_colors_info=\u00a0\u00bb{}\u00a0\u00bb][et_pb_accordion_item title=\u00a0\u00bbAngola\u00a0\u00bb open=\u00a0\u00bbon\u00a0\u00bb open_toggle_text_color=\u00a0\u00bb#FFFFFF\u00a0\u00bb open_toggle_background_color=\u00a0\u00bbRGBA(255,255,255,0)\u00a0\u00bb closed_toggle_text_color=\u00a0\u00bb#0c71c3&Prime; closed_toggle_background_color=\u00a0\u00bbRGBA(255,255,255,0)\u00a0\u00bb icon_color=\u00a0\u00bbRGBA(255,255,255,0)\u00a0\u00bb _builder_version=\u00a0\u00bb4.21.0&Prime; _module_preset=\u00a0\u00bbdefault\u00a0\u00bb body_text_color=\u00a0\u00bb#c9c9c9&Prime; body_link_text_color=\u00a0\u00bb#FFFFFF\u00a0\u00bb background_enable_color=\u00a0\u00bboff\u00a0\u00bb custom_margin=\u00a0\u00bb||-2px||false|false\u00a0\u00bb custom_padding=\u00a0\u00bb||||false|false\u00a0\u00bb border_width_all=\u00a0\u00bb2px\u00a0\u00bb border_color_all=\u00a0\u00bb#0C71C3&Prime; global_colors_info=\u00a0\u00bb{}\u00a0\u00bb toggle_text_color=\u00a0\u00bb#0c71c3&Prime; toggle_font=\u00a0\u00bb||||||||\u00a0\u00bb toggle_font_size=\u00a0\u00bb19px\u00a0\u00bb]<\/p>\n<p><span>L&rsquo;Angola a adopt\u00e9 son premier plan d&rsquo;action national WPS en 2017 pour la p\u00e9riode 2017-2020.  <\/span><\/p>\n<p><span><a href=\"https:\/\/drive.google.com\/file\/d\/1rzrBIFxBvWxR6sQ1twPy7dMZ8sHI8e0H\/view?usp=share_link\" target=\"_blank\" rel=\"noopener\">T\u00e9l\u00e9charger le PDF<\/a><\/span><\/p>\n<p>[\/et_pb_accordion_item][et_pb_accordion_item title=\u00a0\u00bbBurkina Faso\u00a0\u00bb open_toggle_text_color=\u00a0\u00bb#FFFFFF\u00a0\u00bb open_toggle_background_color=\u00a0\u00bbRGBA(255,255,255,0)\u00a0\u00bb closed_toggle_text_color=\u00a0\u00bb#0c71c3&Prime; closed_toggle_background_color=\u00a0\u00bbRGBA(255,255,255,0)\u00a0\u00bb icon_color=\u00a0\u00bbRGBA(255,255,255,0)\u00a0\u00bb _builder_version=\u00a0\u00bb4.21.0&Prime; _module_preset=\u00a0\u00bbdefault\u00a0\u00bb body_text_color=\u00a0\u00bb#c9c9c9&Prime; body_link_text_color=\u00a0\u00bb#FFFFFF\u00a0\u00bb background_enable_color=\u00a0\u00bboff\u00a0\u00bb custom_margin=\u00a0\u00bb||-2px||false|false\u00a0\u00bb custom_padding=\u00a0\u00bb||||false|false\u00a0\u00bb border_width_all=\u00a0\u00bb2px\u00a0\u00bb border_color_all=\u00a0\u00bb#0C71C3&Prime; global_colors_info=\u00a0\u00bb{}\u00a0\u00bb toggle_text_color=\u00a0\u00bb#0c71c3&Prime; toggle_font=\u00a0\u00bb||||||||\u00a0\u00bb toggle_font_size=\u00a0\u00bb19px\u00a0\u00bb open=\u00a0\u00bboff\u00a0\u00bb]<\/p>\n<p><span>Le Burkina Faso a adopt\u00e9 son premier plan d&rsquo;action national (PAN) en 2012 pour la p\u00e9riode 2013-2016.<\/span><\/p>\n<p><span><a href=\"https:\/\/drive.google.com\/file\/d\/1-jNjS9E1E6U72hqX6hxE-aKmZHfCG5d3\/view?usp=share_link\" target=\"_blank\" rel=\"noopener\">T\u00e9l\u00e9charger le PDF<\/a><\/span><\/p>\n<p>[\/et_pb_accordion_item][et_pb_accordion_item title=\u00a0\u00bbBurundi\u00a0\u00bb open_toggle_text_color=\u00a0\u00bb#FFFFFF\u00a0\u00bb open_toggle_background_color=\u00a0\u00bbRGBA(255,255,255,0)\u00a0\u00bb closed_toggle_text_color=\u00a0\u00bb#0c71c3&Prime; closed_toggle_background_color=\u00a0\u00bbRGBA(255,255,255,0)\u00a0\u00bb icon_color=\u00a0\u00bbRGBA(255,255,255,0)\u00a0\u00bb _builder_version=\u00a0\u00bb4.21.0&Prime; _module_preset=\u00a0\u00bbdefault\u00a0\u00bb body_text_color=\u00a0\u00bb#c9c9c9&Prime; body_link_text_color=\u00a0\u00bb#FFFFFF\u00a0\u00bb background_enable_color=\u00a0\u00bboff\u00a0\u00bb custom_margin=\u00a0\u00bb||-2px||false|false\u00a0\u00bb custom_padding=\u00a0\u00bb||||false|false\u00a0\u00bb border_width_all=\u00a0\u00bb2px\u00a0\u00bb border_color_all=\u00a0\u00bb#0C71C3&Prime; global_colors_info=\u00a0\u00bb{}\u00a0\u00bb toggle_text_color=\u00a0\u00bb#0c71c3&Prime; toggle_font=\u00a0\u00bb||||||||\u00a0\u00bb toggle_font_size=\u00a0\u00bb19px\u00a0\u00bb open=\u00a0\u00bboff\u00a0\u00bb]<\/p>\n<p>Le Burundi a adopt\u00e9 son dernier plan d&rsquo;action national (PAN) en 2017 pour la p\u00e9riode 2017-2021. Le deuxi\u00e8me PAN du Burundi a \u00e9t\u00e9 pr\u00e9c\u00e9d\u00e9 d&rsquo;un autre PAN, adopt\u00e9 en 2012 et mis en \u0153uvre pour la p\u00e9riode 2012-2016.<\/p>\n<p><span><a href=\"https:\/\/drive.google.com\/file\/d\/1T3YX1pHBRNczSkr_0UMldtsggfXhyDAA\/view?usp=share_link\" target=\"_blank\" rel=\"noopener\">T\u00e9l\u00e9charger le PDF (2012-2016)<\/a><\/span><\/p>\n<p><span><a href=\"https:\/\/drive.google.com\/file\/d\/1WPyr8pG1k9KWSrgZ4lsEk_9-8W26cx3u\/view?usp=share_link\" target=\"_blank\" rel=\"noopener\">T\u00e9l\u00e9charger le PDF (2017-2021)<\/a><\/span><\/p>\n<p><span><a href=\"https:\/\/drive.google.com\/file\/d\/1TQQFarwWWclh4EfOKsU-EhQ8tjQdhuPG\/view?usp=share_link\" target=\"_blank\" rel=\"noopener\">T\u00e9l\u00e9charger le PDF (2022-2027)<\/a><\/span><\/p>\n<p>[\/et_pb_accordion_item][et_pb_accordion_item title=\u00a0\u00bbCameroun\u00a0\u00bb open_toggle_text_color=\u00a0\u00bb#FFFFFF\u00a0\u00bb open_toggle_background_color=\u00a0\u00bbRGBA(255,255,255,0)\u00a0\u00bb closed_toggle_text_color=\u00a0\u00bb#0c71c3&Prime; closed_toggle_background_color=\u00a0\u00bbRGBA(255,255,255,0)\u00a0\u00bb icon_color=\u00a0\u00bbRGBA(255,255,255,0)\u00a0\u00bb _builder_version=\u00a0\u00bb4.21.0&Prime; _module_preset=\u00a0\u00bbdefault\u00a0\u00bb body_text_color=\u00a0\u00bb#c9c9c9&Prime; body_link_text_color=\u00a0\u00bb#FFFFFF\u00a0\u00bb background_enable_color=\u00a0\u00bboff\u00a0\u00bb custom_margin=\u00a0\u00bb||-2px||false|false\u00a0\u00bb custom_padding=\u00a0\u00bb||||false|false\u00a0\u00bb border_width_all=\u00a0\u00bb2px\u00a0\u00bb border_color_all=\u00a0\u00bb#0C71C3&Prime; global_colors_info=\u00a0\u00bb{}\u00a0\u00bb toggle_text_color=\u00a0\u00bb#0c71c3&Prime; toggle_font=\u00a0\u00bb||||||||\u00a0\u00bb toggle_font_size=\u00a0\u00bb19px\u00a0\u00bb open=\u00a0\u00bboff\u00a0\u00bb]<\/p>\n<p><span>Le Cameroun a adopt\u00e9 son premier plan d&rsquo;action national (PAN) en 2017 pour la p\u00e9riode 2018-2020.<\/span><\/p>\n<p><span><a href=\"https:\/\/drive.google.com\/file\/d\/12aKSyKnKDE86irKwlHW6MKWNlrfu5lan\/view?usp=drive_link\" target=\"_blank\" rel=\"noopener\">T\u00e9l\u00e9charger le PDF  <\/a><\/span><\/p>\n<p>[\/et_pb_accordion_item][et_pb_accordion_item title=\u00a0\u00bbR\u00e9publique centrafricaine\u00a0\u00bb open_toggle_text_color=\u00a0\u00bb#FFFFFF\u00a0\u00bb open_toggle_background_color=\u00a0\u00bbRGBA(255,255,255,0)\u00a0\u00bb closed_toggle_text_color=\u00a0\u00bb#0c71c3&Prime; closed_toggle_background_color=\u00a0\u00bbRGBA(255,255,255,0)\u00a0\u00bb icon_color=\u00a0\u00bbRGBA(255,255,255,0)\u00a0\u00bb _builder_version=\u00a0\u00bb4.21.0&Prime; _module_preset=\u00a0\u00bbdefault\u00a0\u00bb body_text_color=\u00a0\u00bb#c9c9c9&Prime; body_link_text_color=\u00a0\u00bb#FFFFFF\u00a0\u00bb background_enable_color=\u00a0\u00bboff\u00a0\u00bb custom_margin=\u00a0\u00bb||-2px||false|false\u00a0\u00bb custom_padding=\u00a0\u00bb||||false|false\u00a0\u00bb border_width_all=\u00a0\u00bb2px\u00a0\u00bb border_color_all=\u00a0\u00bb#0C71C3&Prime; global_colors_info=\u00a0\u00bb{}\u00a0\u00bb toggle_text_color=\u00a0\u00bb#0c71c3&Prime; toggle_font=\u00a0\u00bb||||||||\u00a0\u00bb toggle_font_size=\u00a0\u00bb19px\u00a0\u00bb open=\u00a0\u00bboff\u00a0\u00bb]<\/p>\n<p><span>La R\u00e9publique centrafricaine (RCA) a adopt\u00e9 son dernier plan d&rsquo;action national (PAN) pour la p\u00e9riode 2019-2022, qui a \u00e9t\u00e9 pr\u00e9c\u00e9d\u00e9 d&rsquo;un plan d&rsquo;action national pour la p\u00e9riode 2014-2016.<\/span><\/p>\n<p><span><a href=\"https:\/\/drive.google.com\/file\/d\/1PaeYXDUJvNiFjpN_9qh-Hw5Kx04GZ6j5\/view?usp=drive_link\" target=\"_blank\" rel=\"noopener\">T\u00e9l\u00e9charger le PDF (2019 &#8211; 2022) &#8211; FR<\/a><\/span><\/p>\n<p><span><a href=\"https:\/\/drive.google.com\/file\/d\/1refhtawAV6_-ixVtaG3lnPDoQcotc0lf\/view?usp=drive_link\" target=\"_blank\" rel=\"noopener\">T\u00e9l\u00e9charger le PDF (2014 &#8211; 2016)<\/a><\/span><\/p>\n<p>[\/et_pb_accordion_item][et_pb_accordion_item title=\u00a0\u00bbC\u00f4te d&rsquo;Ivoire\u00a0\u00bb open_toggle_text_color=\u00a0\u00bb#FFFFFF\u00a0\u00bb open_toggle_background_color=\u00a0\u00bbRGBA(255,255,255,0)\u00a0\u00bb closed_toggle_text_color=\u00a0\u00bb#0c71c3&Prime; closed_toggle_background_color=\u00a0\u00bbRGBA(255,255,255,0)\u00a0\u00bb icon_color=\u00a0\u00bbRGBA(255,255,255,0)\u00a0\u00bb _builder_version=\u00a0\u00bb4.21.0&Prime; _module_preset=\u00a0\u00bbdefault\u00a0\u00bb body_text_color=\u00a0\u00bb#c9c9c9&Prime; body_link_text_color=\u00a0\u00bb#FFFFFF\u00a0\u00bb background_enable_color=\u00a0\u00bboff\u00a0\u00bb custom_margin=\u00a0\u00bb||-2px||false|false\u00a0\u00bb custom_padding=\u00a0\u00bb||||false|false\u00a0\u00bb border_width_all=\u00a0\u00bb2px\u00a0\u00bb border_color_all=\u00a0\u00bb#0C71C3&Prime; global_colors_info=\u00a0\u00bb{}\u00a0\u00bb toggle_text_color=\u00a0\u00bb#0c71c3&Prime; toggle_font=\u00a0\u00bb||||||||\u00a0\u00bb toggle_font_size=\u00a0\u00bb19px\u00a0\u00bb open=\u00a0\u00bboff\u00a0\u00bb]<\/p>\n<p><span>La C\u00f4te d&rsquo;Ivoire a adopt\u00e9 son dernier plan d&rsquo;action national (PAN) pour la p\u00e9riode 2019-2023, qui a \u00e9t\u00e9 pr\u00e9c\u00e9d\u00e9 d&rsquo;un PAN pour la p\u00e9riode 2008-2012.<\/span><\/p>\n<p><span><a href=\"https:\/\/drive.google.com\/file\/d\/1IKEzjqYHTIAPiVfBm5wcPxHQQP4tD3Ir\/view?usp=sharing\" target=\"_blank\" rel=\"noopener\">T\u00e9l\u00e9charger le PDF (2019 &#8211; 2023) &#8211; FR<\/a><\/span><\/p>\n<p><span><a href=\"https:\/\/drive.google.com\/file\/d\/1sbRVcpDpQ9oPrL2JJiTWTr4IBSJXTKwd\/view?usp=drive_link\" target=\"_blank\" rel=\"noopener\">T\u00e9l\u00e9charger le PDF (2008 &#8211; 2012)<\/a><\/span><\/p>\n<p>[\/et_pb_accordion_item][et_pb_accordion_item title=\u00a0\u00bbR\u00e9publique d\u00e9mocratique du Congo\u00a0\u00bb open_toggle_text_color=\u00a0\u00bb#FFFFFF\u00a0\u00bb open_toggle_background_color=\u00a0\u00bbRGBA(255,255,255,0)\u00a0\u00bb closed_toggle_text_color=\u00a0\u00bb#0c71c3&Prime; closed_toggle_background_color=\u00a0\u00bbRGBA(255,255,255,0)\u00a0\u00bb icon_color=\u00a0\u00bbRGBA(255,255,255,0)\u00a0\u00bb _builder_version=\u00a0\u00bb4.21.0&Prime; _module_preset=\u00a0\u00bbdefault\u00a0\u00bb body_text_color=\u00a0\u00bb#c9c9c9&Prime; body_link_text_color=\u00a0\u00bb#FFFFFF\u00a0\u00bb background_enable_color=\u00a0\u00bboff\u00a0\u00bb custom_margin=\u00a0\u00bb||-2px||false|false\u00a0\u00bb custom_padding=\u00a0\u00bb||||false|false\u00a0\u00bb border_width_all=\u00a0\u00bb2px\u00a0\u00bb border_color_all=\u00a0\u00bb#0C71C3&Prime; global_colors_info=\u00a0\u00bb{}\u00a0\u00bb toggle_text_color=\u00a0\u00bb#0c71c3&Prime; toggle_font=\u00a0\u00bb||||||||\u00a0\u00bb toggle_font_size=\u00a0\u00bb19px\u00a0\u00bb open=\u00a0\u00bboff\u00a0\u00bb]<span>La R\u00e9publique d\u00e9mocratique du Congo (Kinshasa) a adopt\u00e9 son dernier plan d&rsquo;action national (PAN) en 2018 pour la p\u00e9riode 2019-2022. Le deuxi\u00e8me PAN de la RDC est pr\u00e9c\u00e9d\u00e9 d&rsquo;un autre PAN, adopt\u00e9 en 2010, sans p\u00e9riode sp\u00e9cifique de mise en \u0153uvre.<\/span><\/p>\n<p><span><a href=\"https:\/\/drive.google.com\/file\/d\/1MHC4Mt7O5kZMEJptRX6FcbNLvkdG_llc\/view?usp=drive_link\" target=\"_blank\" rel=\"noopener\">T\u00e9l\u00e9charger le PDF (2019-2022)<\/a><\/span><\/p>\n<p><span><a href=\"https:\/\/drive.google.com\/file\/d\/1csF0tvfuxQYHjfAlGgLkpd3X25Lu_AZY\/view?usp=drive_link\" target=\"_blank\" rel=\"noopener\">T\u00e9l\u00e9charger le PDF (2013)<\/a><\/span><\/p>\n<p><span><a href=\"https:\/\/drive.google.com\/file\/d\/1QpT__SB2IyyFndhaarhLHYlIWmMsuhsE\/view?usp=drive_link\" target=\"_blank\" rel=\"noopener\">T\u00e9l\u00e9charger le PDF (2010)<\/a><\/span>[\/et_pb_accordion_item][et_pb_accordion_item title=\u00a0\u00bbDjibouti\u00a0\u00bb open_toggle_text_color=\u00a0\u00bb#FFFFFF\u00a0\u00bb open_toggle_background_color=\u00a0\u00bbRGBA(255,255,255,0)\u00a0\u00bb closed_toggle_text_color=\u00a0\u00bb#0c71c3&Prime; closed_toggle_background_color=\u00a0\u00bbRGBA(255,255,255,0)\u00a0\u00bb icon_color=\u00a0\u00bbRGBA(255,255,255,0)\u00a0\u00bb _builder_version=\u00a0\u00bb4.21.0&Prime; _module_preset=\u00a0\u00bbdefault\u00a0\u00bb body_text_color=\u00a0\u00bb#c9c9c9&Prime; body_link_text_color=\u00a0\u00bb#FFFFFF\u00a0\u00bb background_enable_color=\u00a0\u00bboff\u00a0\u00bb custom_margin=\u00a0\u00bb||-2px||false|false\u00a0\u00bb custom_padding=\u00a0\u00bb||||false|false\u00a0\u00bb border_width_all=\u00a0\u00bb2px\u00a0\u00bb border_color_all=\u00a0\u00bb#0C71C3&Prime; global_colors_info=\u00a0\u00bb{}\u00a0\u00bb toggle_text_color=\u00a0\u00bb#0c71c3&Prime; toggle_font=\u00a0\u00bb||||||||\u00a0\u00bb toggle_font_size=\u00a0\u00bb19px\u00a0\u00bb open=\u00a0\u00bboff\u00a0\u00bb]<\/p>\n<p><span>Djibouti a adopt\u00e9 son premier plan d&rsquo;action national 1325 en 2017.<\/span><\/p>\n<p><span><a href=\"https:\/\/drive.google.com\/file\/d\/1sSUMK8Jra9gVfI-x0vguMA_uIHl0BCNc\/view?usp=drive_link\" target=\"_blank\" rel=\"noopener\">T\u00e9l\u00e9charger le PDF (2017) &#8211; FR<\/a><\/span><\/p>\n<p>[\/et_pb_accordion_item][et_pb_accordion_item title=\u00a0\u00bbGabon\u00a0\u00bb open_toggle_text_color=\u00a0\u00bb#FFFFFF\u00a0\u00bb open_toggle_background_color=\u00a0\u00bbRGBA(255,255,255,0)\u00a0\u00bb closed_toggle_text_color=\u00a0\u00bb#0c71c3&Prime; closed_toggle_background_color=\u00a0\u00bbRGBA(255,255,255,0)\u00a0\u00bb icon_color=\u00a0\u00bbRGBA(255,255,255,0)\u00a0\u00bb _builder_version=\u00a0\u00bb4.21.0&Prime; _module_preset=\u00a0\u00bbdefault\u00a0\u00bb body_text_color=\u00a0\u00bb#c9c9c9&Prime; body_link_text_color=\u00a0\u00bb#FFFFFF\u00a0\u00bb background_enable_color=\u00a0\u00bboff\u00a0\u00bb custom_margin=\u00a0\u00bb||-2px||false|false\u00a0\u00bb custom_padding=\u00a0\u00bb||||false|false\u00a0\u00bb border_width_all=\u00a0\u00bb2px\u00a0\u00bb border_color_all=\u00a0\u00bb#0C71C3&Prime; global_colors_info=\u00a0\u00bb{}\u00a0\u00bb toggle_text_color=\u00a0\u00bb#0c71c3&Prime; toggle_font=\u00a0\u00bb||||||||\u00a0\u00bb toggle_font_size=\u00a0\u00bb19px\u00a0\u00bb open=\u00a0\u00bboff\u00a0\u00bb]<\/p>\n<p><span>Le Gabon a \u00e9labor\u00e9 un plan d&rsquo;action national sur les armes l\u00e9g\u00e8res et de petit calibre pour la p\u00e9riode 2020-2023. <\/span><\/p>\n<p><span><a href=\"https:\/\/drive.google.com\/file\/d\/1q_nlCKHjPUXQ5FJxF5yc7uHeb6ywOOKI\/view?usp=drive_link\" target=\"_blank\" rel=\"noopener\">T\u00e9l\u00e9charger le PDF (2020-2023) &#8211; FR<\/a><\/span><\/p>\n<p>[\/et_pb_accordion_item][et_pb_accordion_item title=\u00a0\u00bbGambie\u00a0\u00bb open_toggle_text_color=\u00a0\u00bb#FFFFFF\u00a0\u00bb open_toggle_background_color=\u00a0\u00bbRGBA(255,255,255,0)\u00a0\u00bb closed_toggle_text_color=\u00a0\u00bb#0c71c3&Prime; closed_toggle_background_color=\u00a0\u00bbRGBA(255,255,255,0)\u00a0\u00bb icon_color=\u00a0\u00bbRGBA(255,255,255,0)\u00a0\u00bb _builder_version=\u00a0\u00bb4.21.0&Prime; _module_preset=\u00a0\u00bbdefault\u00a0\u00bb body_text_color=\u00a0\u00bb#c9c9c9&Prime; body_link_text_color=\u00a0\u00bb#FFFFFF\u00a0\u00bb background_enable_color=\u00a0\u00bboff\u00a0\u00bb custom_margin=\u00a0\u00bb||-2px||false|false\u00a0\u00bb custom_padding=\u00a0\u00bb||||false|false\u00a0\u00bb border_width_all=\u00a0\u00bb2px\u00a0\u00bb border_color_all=\u00a0\u00bb#0C71C3&Prime; global_colors_info=\u00a0\u00bb{}\u00a0\u00bb toggle_text_color=\u00a0\u00bb#0c71c3&Prime; toggle_font=\u00a0\u00bb||||||||\u00a0\u00bb toggle_font_size=\u00a0\u00bb19px\u00a0\u00bb open=\u00a0\u00bboff\u00a0\u00bb]<\/p>\n<p><span>La Gambie a adopt\u00e9 son premier plan d&rsquo;action national (PAN) en 2012.<\/span><\/p>\n<p><span><a href=\"https:\/\/drive.google.com\/file\/d\/1M1Hn10s6SLqrfveOw58uKeq4je3gHWSM\/view?usp=drive_link\" target=\"_blank\" rel=\"noopener\">T\u00e9l\u00e9charger le PDF (2020-2023)<\/a><\/span><\/p>\n<p>[\/et_pb_accordion_item][et_pb_accordion_item title=\u00a0\u00bbGhana\u00a0\u00bb open_toggle_text_color=\u00a0\u00bb#FFFFFF\u00a0\u00bb open_toggle_background_color=\u00a0\u00bbRGBA(255,255,255,0)\u00a0\u00bb closed_toggle_text_color=\u00a0\u00bb#0c71c3&Prime; closed_toggle_background_color=\u00a0\u00bbRGBA(255,255,255,0)\u00a0\u00bb icon_color=\u00a0\u00bbRGBA(255,255,255,0)\u00a0\u00bb _builder_version=\u00a0\u00bb4.21.0&Prime; _module_preset=\u00a0\u00bbdefault\u00a0\u00bb body_text_color=\u00a0\u00bb#c9c9c9&Prime; body_link_text_color=\u00a0\u00bb#FFFFFF\u00a0\u00bb background_enable_color=\u00a0\u00bboff\u00a0\u00bb custom_margin=\u00a0\u00bb||-2px||false|false\u00a0\u00bb custom_padding=\u00a0\u00bb||||false|false\u00a0\u00bb border_width_all=\u00a0\u00bb2px\u00a0\u00bb border_color_all=\u00a0\u00bb#0C71C3&Prime; global_colors_info=\u00a0\u00bb{}\u00a0\u00bb toggle_text_color=\u00a0\u00bb#0c71c3&Prime; toggle_font=\u00a0\u00bb||||||||\u00a0\u00bb toggle_font_size=\u00a0\u00bb19px\u00a0\u00bb open=\u00a0\u00bboff\u00a0\u00bb]<\/p>\n<p><span>Le Ghana a adopt\u00e9 son dernier plan d&rsquo;action national (PAN) en 2020 pour la p\u00e9riode 2020-2025. Le deuxi\u00e8me PAN du Ghana est pr\u00e9c\u00e9d\u00e9 d&rsquo;un autre PAN, adopt\u00e9 en 2010, lanc\u00e9 en 2012 et mis en \u0153uvre pour la p\u00e9riode 2012-2014.<\/span><\/p>\n<p><span><a href=\"https:\/\/drive.google.com\/file\/d\/1PZ1bpsN-Ftwd4fSCBg7lyyj8wfNNCdNL\/view?usp=drive_link\" target=\"_blank\" rel=\"noopener\">T\u00e9l\u00e9charger le PDF (2020-2025)<\/a><\/span><\/p>\n<p><span><a href=\"https:\/\/drive.google.com\/file\/d\/1PSAmTgyssPTx0qFZ_67pEMUOpC6pcwgQ\/view?usp=drive_link\" target=\"_blank\" rel=\"noopener\">T\u00e9l\u00e9charger le PDF (2010)<\/a><\/span><\/p>\n<p>[\/et_pb_accordion_item][et_pb_accordion_item title=\u00a0\u00bbGuin\u00e9e\u00a0\u00bb open_toggle_text_color=\u00a0\u00bb#FFFFFF\u00a0\u00bb open_toggle_background_color=\u00a0\u00bbRGBA(255,255,255,0)\u00a0\u00bb closed_toggle_text_color=\u00a0\u00bb#0c71c3&Prime; closed_toggle_background_color=\u00a0\u00bbRGBA(255,255,255,0)\u00a0\u00bb icon_color=\u00a0\u00bbRGBA(255,255,255,0)\u00a0\u00bb _builder_version=\u00a0\u00bb4.21.0&Prime; _module_preset=\u00a0\u00bbdefault\u00a0\u00bb body_text_color=\u00a0\u00bb#c9c9c9&Prime; body_link_text_color=\u00a0\u00bb#FFFFFF\u00a0\u00bb background_enable_color=\u00a0\u00bboff\u00a0\u00bb custom_margin=\u00a0\u00bb||-2px||false|false\u00a0\u00bb custom_padding=\u00a0\u00bb||||false|false\u00a0\u00bb border_width_all=\u00a0\u00bb2px\u00a0\u00bb border_color_all=\u00a0\u00bb#0C71C3&Prime; global_colors_info=\u00a0\u00bb{}\u00a0\u00bb toggle_text_color=\u00a0\u00bb#0c71c3&Prime; toggle_font=\u00a0\u00bb||||||||\u00a0\u00bb toggle_font_size=\u00a0\u00bb19px\u00a0\u00bb open=\u00a0\u00bboff\u00a0\u00bb]<\/p>\n<p><span>La Guin\u00e9e a adopt\u00e9 son premier plan d&rsquo;action national (PAN) en 2009 pour la p\u00e9riode 2009-2013.<\/span><\/p>\n<p><span><a href=\"https:\/\/drive.google.com\/file\/d\/1X7FjyqDqDj_ZFPctbiJLJWP60Q51fWjG\/view?usp=drive_link\" target=\"_blank\" rel=\"noopener\">T\u00e9l\u00e9charger le PDF (2009-2013)<\/a><\/span><\/p>\n<p>[\/et_pb_accordion_item][et_pb_accordion_item title=\u00a0\u00bbGuin\u00e9e-Bissau\u00a0\u00bb open_toggle_text_color=\u00a0\u00bb#FFFFFF\u00a0\u00bb open_toggle_background_color=\u00a0\u00bbRGBA(255,255,255,0)\u00a0\u00bb closed_toggle_text_color=\u00a0\u00bb#0c71c3&Prime; closed_toggle_background_color=\u00a0\u00bbRGBA(255,255,255,0)\u00a0\u00bb icon_color=\u00a0\u00bbRGBA(255,255,255,0)\u00a0\u00bb _builder_version=\u00a0\u00bb4.21.0&Prime; _module_preset=\u00a0\u00bbdefault\u00a0\u00bb body_text_color=\u00a0\u00bb#c9c9c9&Prime; body_link_text_color=\u00a0\u00bb#FFFFFF\u00a0\u00bb background_enable_color=\u00a0\u00bboff\u00a0\u00bb custom_margin=\u00a0\u00bb||-2px||false|false\u00a0\u00bb custom_padding=\u00a0\u00bb||||false|false\u00a0\u00bb border_width_all=\u00a0\u00bb2px\u00a0\u00bb border_color_all=\u00a0\u00bb#0C71C3&Prime; global_colors_info=\u00a0\u00bb{}\u00a0\u00bb toggle_text_color=\u00a0\u00bb#0c71c3&Prime; toggle_font=\u00a0\u00bb||||||||\u00a0\u00bb toggle_font_size=\u00a0\u00bb19px\u00a0\u00bb open=\u00a0\u00bboff\u00a0\u00bb]<\/p>\n<p><span>La Guin\u00e9e-Bissau a adopt\u00e9 son premier plan d&rsquo;action national (PAN) en 2010 pour la p\u00e9riode 2010-2011.<\/span><\/p>\n<p><span><a href=\"https:\/\/drive.google.com\/file\/d\/1fEcX8sWBs_ldhi4mOoeKZAKE2B-kBVxZ\/view?usp=drive_link\" target=\"_blank\" rel=\"noopener\">T\u00e9l\u00e9charger le PDF (2010-2011)<\/a><\/span><\/p>\n<p>[\/et_pb_accordion_item][et_pb_accordion_item title=\u00a0\u00bbKenya\u00a0\u00bb open_toggle_text_color=\u00a0\u00bb#FFFFFF\u00a0\u00bb open_toggle_background_color=\u00a0\u00bbRGBA(255,255,255,0)\u00a0\u00bb closed_toggle_text_color=\u00a0\u00bb#0c71c3&Prime; closed_toggle_background_color=\u00a0\u00bbRGBA(255,255,255,0)\u00a0\u00bb icon_color=\u00a0\u00bbRGBA(255,255,255,0)\u00a0\u00bb _builder_version=\u00a0\u00bb4.22.1&Prime; _module_preset=\u00a0\u00bbdefault\u00a0\u00bb body_text_color=\u00a0\u00bb#c9c9c9&Prime; body_link_text_color=\u00a0\u00bb#FFFFFF\u00a0\u00bb background_enable_color=\u00a0\u00bboff\u00a0\u00bb custom_margin=\u00a0\u00bb||-2px||false|false\u00a0\u00bb custom_padding=\u00a0\u00bb||||false|false\u00a0\u00bb border_width_all=\u00a0\u00bb2px\u00a0\u00bb border_color_all=\u00a0\u00bb#0C71C3&Prime; global_colors_info=\u00a0\u00bb{}\u00a0\u00bb toggle_text_color=\u00a0\u00bb#0c71c3&Prime; toggle_font=\u00a0\u00bb||||||||\u00a0\u00bb toggle_font_size=\u00a0\u00bb19px\u00a0\u00bb open=\u00a0\u00bboff\u00a0\u00bb]<\/p>\n<p><span>La Kenya a adopt\u00e9 son premier plan d&rsquo;action national (PAN) en 2010 pour la p\u00e9riode 2010-2011. Le Kenya a lanc\u00e9 son dernier plan d&rsquo;action national (PAN) en 2020 pour la p\u00e9riode 2020-2024. Le deuxi\u00e8me PAN du Kenya est pr\u00e9c\u00e9d\u00e9 d&rsquo;un autre PAN, adopt\u00e9 en 2016 et mis en \u0153uvre pour la p\u00e9riode 2016-2018.<\/span><\/p>\n<p><span><a href=\"https:\/\/drive.google.com\/file\/d\/1VQqw0cSTALxUnR9KzJzVtokc0nBQjaF0\/view?usp=drive_link\" target=\"_blank\" rel=\"noopener\">T\u00e9l\u00e9charger le PDF (2020-2024)<\/a><\/span><\/p>\n<p><span><a href=\"https:\/\/drive.google.com\/file\/d\/1byQjn4R6lxAhHMxWDAXdLPOf3GuvszGg\/view?usp=drive_link\" target=\"_blank\" rel=\"noopener\">T\u00e9l\u00e9charger le PDF (2016-2018)<\/a><\/span><\/p>\n<p>[\/et_pb_accordion_item][et_pb_accordion_item title=\u00a0\u00bbLib\u00e9ria\u00a0\u00bb open_toggle_text_color=\u00a0\u00bb#FFFFFF\u00a0\u00bb open_toggle_background_color=\u00a0\u00bbRGBA(255,255,255,0)\u00a0\u00bb closed_toggle_text_color=\u00a0\u00bb#0c71c3&Prime; closed_toggle_background_color=\u00a0\u00bbRGBA(255,255,255,0)\u00a0\u00bb icon_color=\u00a0\u00bbRGBA(255,255,255,0)\u00a0\u00bb _builder_version=\u00a0\u00bb4.21.0&Prime; _module_preset=\u00a0\u00bbdefault\u00a0\u00bb body_text_color=\u00a0\u00bb#c9c9c9&Prime; body_link_text_color=\u00a0\u00bb#FFFFFF\u00a0\u00bb background_enable_color=\u00a0\u00bboff\u00a0\u00bb custom_margin=\u00a0\u00bb||-2px||false|false\u00a0\u00bb custom_padding=\u00a0\u00bb||||false|false\u00a0\u00bb border_width_all=\u00a0\u00bb2px\u00a0\u00bb border_color_all=\u00a0\u00bb#0C71C3&Prime; global_colors_info=\u00a0\u00bb{}\u00a0\u00bb toggle_text_color=\u00a0\u00bb#0c71c3&Prime; toggle_font=\u00a0\u00bb||||||||\u00a0\u00bb toggle_font_size=\u00a0\u00bb19px\u00a0\u00bb open=\u00a0\u00bboff\u00a0\u00bb]<\/p>\n<p><span>Le Liberia a adopt\u00e9 son dernier plan d&rsquo;action national (PAN) en 2019 pour la p\u00e9riode 2019-2023. Le deuxi\u00e8me PAN du Liberia est pr\u00e9c\u00e9d\u00e9 d&rsquo;un autre PAN, adopt\u00e9 en 2009 et mis en \u0153uvre pour la p\u00e9riode 2009-2013.<\/span><\/p>\n<p><span><a href=\"https:\/\/drive.google.com\/file\/d\/1azhZcLCTcJeobpG1arLZk3tOkl4BXS5i\/view?usp=drive_link\" target=\"_blank\" rel=\"noopener\">T\u00e9l\u00e9charger le PDF (2019-2023)<\/a><\/span><\/p>\n<p><span><a href=\"https:\/\/drive.google.com\/file\/d\/1Jfq4N0Nt-QNgMfjR-A7YdpMfMAa4sDq0\/view?usp=drive_link\" target=\"_blank\" rel=\"noopener\">T\u00e9l\u00e9charger le PDF (2009-2013)<\/a><\/span><\/p>\n<p>[\/et_pb_accordion_item][et_pb_accordion_item title=\u00a0\u00bbMalawi\u00a0\u00bb open_toggle_text_color=\u00a0\u00bb#FFFFFF\u00a0\u00bb open_toggle_background_color=\u00a0\u00bbRGBA(255,255,255,0)\u00a0\u00bb closed_toggle_text_color=\u00a0\u00bb#0c71c3&Prime; closed_toggle_background_color=\u00a0\u00bbRGBA(255,255,255,0)\u00a0\u00bb icon_color=\u00a0\u00bbRGBA(255,255,255,0)\u00a0\u00bb _builder_version=\u00a0\u00bb4.21.0&Prime; _module_preset=\u00a0\u00bbdefault\u00a0\u00bb body_text_color=\u00a0\u00bb#c9c9c9&Prime; body_link_text_color=\u00a0\u00bb#FFFFFF\u00a0\u00bb background_enable_color=\u00a0\u00bboff\u00a0\u00bb custom_margin=\u00a0\u00bb||-2px||false|false\u00a0\u00bb custom_padding=\u00a0\u00bb||||false|false\u00a0\u00bb border_width_all=\u00a0\u00bb2px\u00a0\u00bb border_color_all=\u00a0\u00bb#0C71C3&Prime; global_colors_info=\u00a0\u00bb{}\u00a0\u00bb toggle_text_color=\u00a0\u00bb#0c71c3&Prime; toggle_font=\u00a0\u00bb||||||||\u00a0\u00bb toggle_font_size=\u00a0\u00bb19px\u00a0\u00bb open=\u00a0\u00bboff\u00a0\u00bb]<\/p>\n<p><span>Le Malawi a adopt\u00e9 son premier plan d&rsquo;action national pour la p\u00e9riode 2021-2025.<\/span><\/p>\n<p><span><a href=\"https:\/\/drive.google.com\/file\/d\/1t8AnKNtaOZuEeZveFo1YpQhb4qnx2wZS\/view?usp=drive_link\" target=\"_blank\" rel=\"noopener\">T\u00e9l\u00e9charger le PDF (2021-2025)<\/a><\/span><\/p>\n<p>[\/et_pb_accordion_item][et_pb_accordion_item title=\u00a0\u00bbMali\u00a0\u00bb open_toggle_text_color=\u00a0\u00bb#FFFFFF\u00a0\u00bb open_toggle_background_color=\u00a0\u00bbRGBA(255,255,255,0)\u00a0\u00bb closed_toggle_text_color=\u00a0\u00bb#0c71c3&Prime; closed_toggle_background_color=\u00a0\u00bbRGBA(255,255,255,0)\u00a0\u00bb icon_color=\u00a0\u00bbRGBA(255,255,255,0)\u00a0\u00bb _builder_version=\u00a0\u00bb4.21.0&Prime; _module_preset=\u00a0\u00bbdefault\u00a0\u00bb body_text_color=\u00a0\u00bb#c9c9c9&Prime; body_link_text_color=\u00a0\u00bb#FFFFFF\u00a0\u00bb background_enable_color=\u00a0\u00bboff\u00a0\u00bb custom_margin=\u00a0\u00bb||-2px||false|false\u00a0\u00bb custom_padding=\u00a0\u00bb||||false|false\u00a0\u00bb border_width_all=\u00a0\u00bb2px\u00a0\u00bb border_color_all=\u00a0\u00bb#0C71C3&Prime; global_colors_info=\u00a0\u00bb{}\u00a0\u00bb toggle_text_color=\u00a0\u00bb#0c71c3&Prime; toggle_font=\u00a0\u00bb||||||||\u00a0\u00bb toggle_font_size=\u00a0\u00bb19px\u00a0\u00bb open=\u00a0\u00bboff\u00a0\u00bb]<\/p>\n<p><span>Le Mali a adopt\u00e9 son dernier plan d&rsquo;action national (PAN) en 2019 pour la p\u00e9riode 2019-2023. Le troisi\u00e8me PAN du Mali est pr\u00e9c\u00e9d\u00e9 de deux autres PAN, adopt\u00e9s en 2012 et 2015 et mis en \u0153uvre pour les p\u00e9riodes 2012-2014 et 2015-2017, respectivement.<\/span><\/p>\n<p><span><a href=\"https:\/\/drive.google.com\/file\/d\/15y9M2YvpUfpDkN-ta4M0_FsQX2JmAJxs\/view?usp=drive_link\" target=\"_blank\" rel=\"noopener\">T\u00e9l\u00e9charger le PDF (2019-2023)<\/a><\/span><\/p>\n<p><span><a href=\"https:\/\/drive.google.com\/file\/d\/1Ym_nHsm6aNi5WJvZXgR94aIpAyFLz6oW\/view?usp=drive_link\" target=\"_blank\" rel=\"noopener\">T\u00e9l\u00e9charger le PDF (2015-2017)<\/a><\/span><\/p>\n<p><span><a href=\"https:\/\/drive.google.com\/file\/d\/1fXiwTSsP2cbDjfg9CkKxajpP9YULQDzB\/view?usp=drive_link\" target=\"_blank\" rel=\"noopener\">T\u00e9l\u00e9charger le PDF (2012-2014)<\/a><\/span><\/p>\n<p>[\/et_pb_accordion_item][et_pb_accordion_item title=\u00a0\u00bbMozambique\u00a0\u00bb open_toggle_text_color=\u00a0\u00bb#FFFFFF\u00a0\u00bb open_toggle_background_color=\u00a0\u00bbRGBA(255,255,255,0)\u00a0\u00bb closed_toggle_text_color=\u00a0\u00bb#0c71c3&Prime; closed_toggle_background_color=\u00a0\u00bbRGBA(255,255,255,0)\u00a0\u00bb icon_color=\u00a0\u00bbRGBA(255,255,255,0)\u00a0\u00bb _builder_version=\u00a0\u00bb4.21.0&Prime; _module_preset=\u00a0\u00bbdefault\u00a0\u00bb body_text_color=\u00a0\u00bb#c9c9c9&Prime; body_link_text_color=\u00a0\u00bb#FFFFFF\u00a0\u00bb background_enable_color=\u00a0\u00bboff\u00a0\u00bb custom_margin=\u00a0\u00bb||-2px||false|false\u00a0\u00bb custom_padding=\u00a0\u00bb||||false|false\u00a0\u00bb border_width_all=\u00a0\u00bb2px\u00a0\u00bb border_color_all=\u00a0\u00bb#0C71C3&Prime; global_colors_info=\u00a0\u00bb{}\u00a0\u00bb toggle_text_color=\u00a0\u00bb#0c71c3&Prime; toggle_font=\u00a0\u00bb||||||||\u00a0\u00bb toggle_font_size=\u00a0\u00bb19px\u00a0\u00bb open=\u00a0\u00bboff\u00a0\u00bb]<\/p>\n<p><span>Le Mozambique a adopt\u00e9 son premier plan d&rsquo;action national (PAN) en 2018 pour la p\u00e9riode 2018-2022.<\/span><\/p>\n<p><span><a href=\"https:\/\/drive.google.com\/file\/d\/1g6vTLuEAWiy51XxQr0bUuCUF6hOOQVfE\/view?usp=drive_link\" target=\"_blank\" rel=\"noopener\">T\u00e9l\u00e9charger le PDF (2018-2022)<\/a><\/span><\/p>\n<p>[\/et_pb_accordion_item][et_pb_accordion_item title=\u00a0\u00bbNamibie\u00a0\u00bb open_toggle_text_color=\u00a0\u00bb#FFFFFF\u00a0\u00bb open_toggle_background_color=\u00a0\u00bbRGBA(255,255,255,0)\u00a0\u00bb closed_toggle_text_color=\u00a0\u00bb#0c71c3&Prime; closed_toggle_background_color=\u00a0\u00bbRGBA(255,255,255,0)\u00a0\u00bb icon_color=\u00a0\u00bbRGBA(255,255,255,0)\u00a0\u00bb _builder_version=\u00a0\u00bb4.21.0&Prime; _module_preset=\u00a0\u00bbdefault\u00a0\u00bb body_text_color=\u00a0\u00bb#c9c9c9&Prime; body_link_text_color=\u00a0\u00bb#FFFFFF\u00a0\u00bb background_enable_color=\u00a0\u00bboff\u00a0\u00bb custom_margin=\u00a0\u00bb||-2px||false|false\u00a0\u00bb custom_padding=\u00a0\u00bb||||false|false\u00a0\u00bb border_width_all=\u00a0\u00bb2px\u00a0\u00bb border_color_all=\u00a0\u00bb#0C71C3&Prime; global_colors_info=\u00a0\u00bb{}\u00a0\u00bb toggle_text_color=\u00a0\u00bb#0c71c3&Prime; toggle_font=\u00a0\u00bb||||||||\u00a0\u00bb toggle_font_size=\u00a0\u00bb19px\u00a0\u00bb open=\u00a0\u00bboff\u00a0\u00bb]<\/p>\n<p><span>La Namibie a adopt\u00e9 son premier plan d&rsquo;action national (PAN) en 2019 pour la p\u00e9riode 2019-2024.<\/span><\/p>\n<p><span><a href=\"https:\/\/drive.google.com\/file\/d\/1g6vTLuEAWiy51XxQr0bUuCUF6hOOQVfE\/view?usp=drive_link\" target=\"_blank\" rel=\"noopener\">T\u00e9l\u00e9charger le PDF (2018-2022)<\/a><\/span><\/p>\n<p>[\/et_pb_accordion_item][et_pb_accordion_item title=\u00a0\u00bbNiger\u00a0\u00bb open_toggle_text_color=\u00a0\u00bb#FFFFFF\u00a0\u00bb open_toggle_background_color=\u00a0\u00bbRGBA(255,255,255,0)\u00a0\u00bb closed_toggle_text_color=\u00a0\u00bb#0c71c3&Prime; closed_toggle_background_color=\u00a0\u00bbRGBA(255,255,255,0)\u00a0\u00bb icon_color=\u00a0\u00bbRGBA(255,255,255,0)\u00a0\u00bb _builder_version=\u00a0\u00bb4.21.0&Prime; _module_preset=\u00a0\u00bbdefault\u00a0\u00bb body_text_color=\u00a0\u00bb#c9c9c9&Prime; body_link_text_color=\u00a0\u00bb#FFFFFF\u00a0\u00bb background_enable_color=\u00a0\u00bboff\u00a0\u00bb custom_margin=\u00a0\u00bb||-2px||false|false\u00a0\u00bb custom_padding=\u00a0\u00bb||||false|false\u00a0\u00bb border_width_all=\u00a0\u00bb2px\u00a0\u00bb border_color_all=\u00a0\u00bb#0C71C3&Prime; global_colors_info=\u00a0\u00bb{}\u00a0\u00bb toggle_text_color=\u00a0\u00bb#0c71c3&Prime; toggle_font=\u00a0\u00bb||||||||\u00a0\u00bb toggle_font_size=\u00a0\u00bb19px\u00a0\u00bb open=\u00a0\u00bboff\u00a0\u00bb]<\/p>\n<p><span>Le Niger a adopt\u00e9 son deuxi\u00e8me plan d&rsquo;action national (PAN) pour la p\u00e9riode 2020-2024. Il est pr\u00e9c\u00e9d\u00e9 d&rsquo;un PAN adopt\u00e9 en 2016 pour la p\u00e9riode 2016-2018.<\/span><\/p>\n<p><span><a href=\"https:\/\/drive.google.com\/file\/d\/1srJFsr-K8YLH5Z6bDm1OdFydX6PhO3aE\/view?usp=drive_link\" target=\"_blank\" rel=\"noopener\">T\u00e9l\u00e9charger le PDF (2020-2024) &#8211; FR<\/a><\/span><\/p>\n<p><span><a href=\"https:\/\/drive.google.com\/file\/d\/1USlsQdzCXFfbwTM0M31ETcbaYjeA3l3n\/view?usp=drive_link\" target=\"_blank\" rel=\"noopener\">T\u00e9l\u00e9charger le PDF (2016-2018) &#8211; FR<\/a><\/span><\/p>\n<p>[\/et_pb_accordion_item][et_pb_accordion_item title=\u00a0\u00bbNig\u00e9ria\u00a0\u00bb open_toggle_text_color=\u00a0\u00bb#FFFFFF\u00a0\u00bb open_toggle_background_color=\u00a0\u00bbRGBA(255,255,255,0)\u00a0\u00bb closed_toggle_text_color=\u00a0\u00bb#0c71c3&Prime; closed_toggle_background_color=\u00a0\u00bbRGBA(255,255,255,0)\u00a0\u00bb icon_color=\u00a0\u00bbRGBA(255,255,255,0)\u00a0\u00bb _builder_version=\u00a0\u00bb4.21.0&Prime; _module_preset=\u00a0\u00bbdefault\u00a0\u00bb body_text_color=\u00a0\u00bb#c9c9c9&Prime; body_link_text_color=\u00a0\u00bb#FFFFFF\u00a0\u00bb background_enable_color=\u00a0\u00bboff\u00a0\u00bb custom_margin=\u00a0\u00bb||-2px||false|false\u00a0\u00bb custom_padding=\u00a0\u00bb||||false|false\u00a0\u00bb border_width_all=\u00a0\u00bb2px\u00a0\u00bb border_color_all=\u00a0\u00bb#0C71C3&Prime; global_colors_info=\u00a0\u00bb{}\u00a0\u00bb toggle_text_color=\u00a0\u00bb#0c71c3&Prime; toggle_font=\u00a0\u00bb||||||||\u00a0\u00bb toggle_font_size=\u00a0\u00bb19px\u00a0\u00bb open=\u00a0\u00bboff\u00a0\u00bb]<span>Le Nigeria a adopt\u00e9 son dernier plan d&rsquo;action national (PAN) en 2017 pour la p\u00e9riode 2017-2020. Le PAN le plus r\u00e9cent du Nigeria est pr\u00e9c\u00e9d\u00e9 d&rsquo;un autre PAN, adopt\u00e9 en 2013 et mis en \u0153uvre pour la p\u00e9riode 2013-2017.<\/span><\/p>\n<p><span><a href=\"https:\/\/drive.google.com\/file\/d\/1mqEAUIc1G_5NtmKfK9YgD1SnikRO-fqC\/view?usp=drive_link\" target=\"_blank\" rel=\"noopener\">T\u00e9l\u00e9charger le PDF (2017-2020)<\/a><\/span><\/p>\n<p><span><a href=\"https:\/\/drive.google.com\/file\/d\/19Q_l3qBfEj9bk0A5pnctkONAsiGrRoEf\/view?usp=drive_link\" target=\"_blank\" rel=\"noopener\">T\u00e9l\u00e9charger le PDF (2013-2017)<\/a><\/span>[\/et_pb_accordion_item][et_pb_accordion_item title=\u00a0\u00bbR\u00e9publique du Congo\u00a0\u00bb open_toggle_text_color=\u00a0\u00bb#FFFFFF\u00a0\u00bb open_toggle_background_color=\u00a0\u00bbRGBA(255,255,255,0)\u00a0\u00bb closed_toggle_text_color=\u00a0\u00bb#0c71c3&Prime; closed_toggle_background_color=\u00a0\u00bbRGBA(255,255,255,0)\u00a0\u00bb icon_color=\u00a0\u00bbRGBA(255,255,255,0)\u00a0\u00bb _builder_version=\u00a0\u00bb4.21.0&Prime; _module_preset=\u00a0\u00bbdefault\u00a0\u00bb body_text_color=\u00a0\u00bb#c9c9c9&Prime; body_link_text_color=\u00a0\u00bb#FFFFFF\u00a0\u00bb background_enable_color=\u00a0\u00bboff\u00a0\u00bb custom_margin=\u00a0\u00bb||-2px||false|false\u00a0\u00bb custom_padding=\u00a0\u00bb||||false|false\u00a0\u00bb border_width_all=\u00a0\u00bb2px\u00a0\u00bb border_color_all=\u00a0\u00bb#0C71C3&Prime; global_colors_info=\u00a0\u00bb{}\u00a0\u00bb toggle_text_color=\u00a0\u00bb#0c71c3&Prime; toggle_font=\u00a0\u00bb||||||||\u00a0\u00bb toggle_font_size=\u00a0\u00bb19px\u00a0\u00bb open=\u00a0\u00bboff\u00a0\u00bb]<\/p>\n<p><span>La R\u00e9publique du Congo (Brazzaville) a \u00e9labor\u00e9 son premier PAN pour la mise en \u0153uvre de la RCSNU 1325 pour la p\u00e9riode 2018-2022 et un deuxi\u00e8me pour la p\u00e9riode 2021-2023.<\/span><\/p>\n<p><span><a href=\"https:\/\/drive.google.com\/file\/d\/1BGDqKRbFI1Qy0BKDNPO1osfLB_QzwRoT\/view?usp=drive_link\" target=\"_blank\" rel=\"noopener\">T\u00e9l\u00e9charger le PDF (2021-2023)<\/a><\/span><\/p>\n<p><span><a href=\"https:\/\/drive.google.com\/file\/d\/1n5o4_E6js9OeAiDXqr84pto8TaO-dXjd\/view?usp=drive_link\" target=\"_blank\" rel=\"noopener\">T\u00e9l\u00e9charger le PDF (2018-2022) &#8211; FR<\/a><\/span><\/p>\n<p>[\/et_pb_accordion_item][et_pb_accordion_item title=\u00a0\u00bbRwanda\u00a0\u00bb open_toggle_text_color=\u00a0\u00bb#FFFFFF\u00a0\u00bb open_toggle_background_color=\u00a0\u00bbRGBA(255,255,255,0)\u00a0\u00bb closed_toggle_text_color=\u00a0\u00bb#0c71c3&Prime; closed_toggle_background_color=\u00a0\u00bbRGBA(255,255,255,0)\u00a0\u00bb icon_color=\u00a0\u00bbRGBA(255,255,255,0)\u00a0\u00bb _builder_version=\u00a0\u00bb4.21.0&Prime; _module_preset=\u00a0\u00bbdefault\u00a0\u00bb body_text_color=\u00a0\u00bb#c9c9c9&Prime; body_link_text_color=\u00a0\u00bb#FFFFFF\u00a0\u00bb background_enable_color=\u00a0\u00bboff\u00a0\u00bb custom_margin=\u00a0\u00bb||-2px||false|false\u00a0\u00bb custom_padding=\u00a0\u00bb||||false|false\u00a0\u00bb border_width_all=\u00a0\u00bb2px\u00a0\u00bb border_color_all=\u00a0\u00bb#0C71C3&Prime; global_colors_info=\u00a0\u00bb{}\u00a0\u00bb toggle_text_color=\u00a0\u00bb#0c71c3&Prime; toggle_font=\u00a0\u00bb||||||||\u00a0\u00bb toggle_font_size=\u00a0\u00bb19px\u00a0\u00bb open=\u00a0\u00bboff\u00a0\u00bb]<\/p>\n<p><span>Le Rwanda a adopt\u00e9 son dernier plan d&rsquo;action national (PAN) en 2018 pour la p\u00e9riode 2018-2022. Le deuxi\u00e8me PAN du Rwanda est pr\u00e9c\u00e9d\u00e9 d&rsquo;un autre PAN adopt\u00e9 en 2009 et mis en \u0153uvre pour la p\u00e9riode 2009-2012.<\/span><\/p>\n<p><span><a href=\"https:\/\/drive.google.com\/file\/d\/1aMQf2HhsBfhD-28J9u9DrS3Z9qmHX0r8\/view?usp=drive_link\" target=\"_blank\" rel=\"noopener\">T\u00e9l\u00e9charger le PDF (2018-2022)<\/a><\/span><\/p>\n<p><span><a href=\"https:\/\/drive.google.com\/file\/d\/1OJU-ImkHn6ET6RYx8gAZrbdt5dzYiJ7B\/view?usp=drive_link\" target=\"_blank\" rel=\"noopener\">T\u00e9l\u00e9charger le PDF (2009-2012)<\/a><\/span><span><a href=\"https:\/\/drive.google.com\/file\/d\/1aMQf2HhsBfhD-28J9u9DrS3Z9qmHX0r8\/view?usp=drive_link\" target=\"_blank\" rel=\"noopener\"><\/a><\/span><span><a href=\"https:\/\/drive.google.com\/file\/d\/1NRha2XzL_ZSD2_1b1KX8i36dSQUC8OkQ\/view?usp=drive_link\" target=\"_blank\" rel=\"noopener\"><\/a><\/span><\/p>\n<p><span><a href=\"https:\/\/drive.google.com\/file\/d\/1OJU-ImkHn6ET6RYx8gAZrbdt5dzYiJ7B\/view?usp=drive_link\" target=\"_blank\" rel=\"noopener\"><\/a><\/span><\/p>\n<p>[\/et_pb_accordion_item][et_pb_accordion_item title=\u00a0\u00bbS\u00e9n\u00e9gal\u00a0\u00bb open_toggle_text_color=\u00a0\u00bb#FFFFFF\u00a0\u00bb open_toggle_background_color=\u00a0\u00bbRGBA(255,255,255,0)\u00a0\u00bb closed_toggle_text_color=\u00a0\u00bb#0c71c3&Prime; closed_toggle_background_color=\u00a0\u00bbRGBA(255,255,255,0)\u00a0\u00bb icon_color=\u00a0\u00bbRGBA(255,255,255,0)\u00a0\u00bb _builder_version=\u00a0\u00bb4.21.0&Prime; _module_preset=\u00a0\u00bbdefault\u00a0\u00bb body_text_color=\u00a0\u00bb#c9c9c9&Prime; body_link_text_color=\u00a0\u00bb#FFFFFF\u00a0\u00bb background_enable_color=\u00a0\u00bboff\u00a0\u00bb custom_margin=\u00a0\u00bb||-2px||false|false\u00a0\u00bb custom_padding=\u00a0\u00bb||||false|false\u00a0\u00bb border_width_all=\u00a0\u00bb2px\u00a0\u00bb border_color_all=\u00a0\u00bb#0C71C3&Prime; global_colors_info=\u00a0\u00bb{}\u00a0\u00bb toggle_text_color=\u00a0\u00bb#0c71c3&Prime; toggle_font=\u00a0\u00bb||||||||\u00a0\u00bb toggle_font_size=\u00a0\u00bb19px\u00a0\u00bb open=\u00a0\u00bboff\u00a0\u00bb]<\/p>\n<p><span>Le S\u00e9n\u00e9gal a adopt\u00e9 son premier plan d&rsquo;action national (PAN) en 2011 pour la p\u00e9riode 2011-2015, et son plus r\u00e9cent pour la p\u00e9riode 2020-2024.<\/span><\/p>\n<p><span><a href=\"https:\/\/drive.google.com\/file\/d\/1NRha2XzL_ZSD2_1b1KX8i36dSQUC8OkQ\/view?usp=drive_link\" target=\"_blank\" rel=\"noopener\">T\u00e9l\u00e9charger le PDF (2011-2015) &#8211; FR<\/a><\/span><\/p>\n<p>[\/et_pb_accordion_item][et_pb_accordion_item title=\u00a0\u00bbSierra Leone\u00a0\u00bb open_toggle_text_color=\u00a0\u00bb#FFFFFF\u00a0\u00bb open_toggle_background_color=\u00a0\u00bbRGBA(255,255,255,0)\u00a0\u00bb closed_toggle_text_color=\u00a0\u00bb#0c71c3&Prime; closed_toggle_background_color=\u00a0\u00bbRGBA(255,255,255,0)\u00a0\u00bb icon_color=\u00a0\u00bbRGBA(255,255,255,0)\u00a0\u00bb _builder_version=\u00a0\u00bb4.21.0&Prime; _module_preset=\u00a0\u00bbdefault\u00a0\u00bb body_text_color=\u00a0\u00bb#c9c9c9&Prime; body_link_text_color=\u00a0\u00bb#FFFFFF\u00a0\u00bb background_enable_color=\u00a0\u00bboff\u00a0\u00bb custom_margin=\u00a0\u00bb||-2px||false|false\u00a0\u00bb custom_padding=\u00a0\u00bb||||false|false\u00a0\u00bb border_width_all=\u00a0\u00bb2px\u00a0\u00bb border_color_all=\u00a0\u00bb#0C71C3&Prime; global_colors_info=\u00a0\u00bb{}\u00a0\u00bb toggle_text_color=\u00a0\u00bb#0c71c3&Prime; toggle_font=\u00a0\u00bb||||||||\u00a0\u00bb toggle_font_size=\u00a0\u00bb19px\u00a0\u00bb open=\u00a0\u00bboff\u00a0\u00bb]<\/p>\n<p><span>La Sierra Leone a adopt\u00e9 son deuxi\u00e8me plan d&rsquo;action national (PAN) pour la p\u00e9riode 2019-2023. Il est pr\u00e9c\u00e9d\u00e9 d&rsquo;un PAN mis en \u0153uvre pour la p\u00e9riode 2010-2014.<\/span><\/p>\n<p><span><a href=\"https:\/\/drive.google.com\/file\/d\/1EMknO4IgW-IdNcZ-UXr4KajLRiKsccwN\/view?usp=drive_link\" target=\"_blank\" rel=\"noopener\">T\u00e9l\u00e9charger le PDF (2019-2023)<\/a><\/span><\/p>\n<p><span><a href=\"https:\/\/drive.google.com\/file\/d\/1_2Y6_9MP62PiFsfsPNoYxb8PMptdnnT7\/view?usp=drive_link\" target=\"_blank\" rel=\"noopener\">T\u00e9l\u00e9charger le PDF (2010-2014)<\/a><\/span><\/p>\n<p>[\/et_pb_accordion_item][et_pb_accordion_item title=\u00a0\u00bbAfrique du Sud\u00a0\u00bb open_toggle_text_color=\u00a0\u00bb#FFFFFF\u00a0\u00bb open_toggle_background_color=\u00a0\u00bbRGBA(255,255,255,0)\u00a0\u00bb closed_toggle_text_color=\u00a0\u00bb#0c71c3&Prime; closed_toggle_background_color=\u00a0\u00bbRGBA(255,255,255,0)\u00a0\u00bb icon_color=\u00a0\u00bbRGBA(255,255,255,0)\u00a0\u00bb _builder_version=\u00a0\u00bb4.21.0&Prime; _module_preset=\u00a0\u00bbdefault\u00a0\u00bb body_text_color=\u00a0\u00bb#c9c9c9&Prime; body_link_text_color=\u00a0\u00bb#FFFFFF\u00a0\u00bb background_enable_color=\u00a0\u00bboff\u00a0\u00bb custom_margin=\u00a0\u00bb||-2px||false|false\u00a0\u00bb custom_padding=\u00a0\u00bb||||false|false\u00a0\u00bb border_width_all=\u00a0\u00bb2px\u00a0\u00bb border_color_all=\u00a0\u00bb#0C71C3&Prime; global_colors_info=\u00a0\u00bb{}\u00a0\u00bb toggle_text_color=\u00a0\u00bb#0c71c3&Prime; toggle_font=\u00a0\u00bb||||||||\u00a0\u00bb toggle_font_size=\u00a0\u00bb19px\u00a0\u00bb open=\u00a0\u00bboff\u00a0\u00bb]<\/p>\n<p><span>L&rsquo;Afrique du Sud a adopt\u00e9 son premier plan d&rsquo;action national pour la p\u00e9riode 2020-2025.<\/span><\/p>\n<p><span><a href=\"https:\/\/drive.google.com\/file\/d\/1oAyM-jP7eLbqLAyZWIkVdHrmW_tYmrxj\/view?usp=drive_link\" target=\"_blank\" rel=\"noopener\">T\u00e9l\u00e9charger le PDF (2020-2025)<\/a><\/span><\/p>\n<p>[\/et_pb_accordion_item][et_pb_accordion_item title=\u00a0\u00bbSoudan\u00a0\u00bb open_toggle_text_color=\u00a0\u00bb#FFFFFF\u00a0\u00bb open_toggle_background_color=\u00a0\u00bbRGBA(255,255,255,0)\u00a0\u00bb closed_toggle_text_color=\u00a0\u00bb#0c71c3&Prime; closed_toggle_background_color=\u00a0\u00bbRGBA(255,255,255,0)\u00a0\u00bb icon_color=\u00a0\u00bbRGBA(255,255,255,0)\u00a0\u00bb _builder_version=\u00a0\u00bb4.21.0&Prime; _module_preset=\u00a0\u00bbdefault\u00a0\u00bb body_text_color=\u00a0\u00bb#c9c9c9&Prime; body_link_text_color=\u00a0\u00bb#FFFFFF\u00a0\u00bb background_enable_color=\u00a0\u00bboff\u00a0\u00bb custom_margin=\u00a0\u00bb||-2px||false|false\u00a0\u00bb custom_padding=\u00a0\u00bb||||false|false\u00a0\u00bb border_width_all=\u00a0\u00bb2px\u00a0\u00bb border_color_all=\u00a0\u00bb#0C71C3&Prime; global_colors_info=\u00a0\u00bb{}\u00a0\u00bb toggle_text_color=\u00a0\u00bb#0c71c3&Prime; toggle_font=\u00a0\u00bb||||||||\u00a0\u00bb toggle_font_size=\u00a0\u00bb19px\u00a0\u00bb open=\u00a0\u00bboff\u00a0\u00bb]<\/p>\n<p><span>Le Soudan a adopt\u00e9 son premier plan d&rsquo;action national 1325 en 2020.<\/span><\/p>\n<p><span><a href=\"https:\/\/drive.google.com\/file\/d\/1oAyM-jP7eLbqLAyZWIkVdHrmW_tYmrxj\/view?usp=drive_link\" target=\"_blank\" rel=\"noopener\">T\u00e9l\u00e9charger le PDF (2020-2025)<\/a><\/span><\/p>\n<p>[\/et_pb_accordion_item][et_pb_accordion_item title=\u00a0\u00bbSud Soudan\u00a0\u00bb open_toggle_text_color=\u00a0\u00bb#FFFFFF\u00a0\u00bb open_toggle_background_color=\u00a0\u00bbRGBA(255,255,255,0)\u00a0\u00bb closed_toggle_text_color=\u00a0\u00bb#0c71c3&Prime; closed_toggle_background_color=\u00a0\u00bbRGBA(255,255,255,0)\u00a0\u00bb icon_color=\u00a0\u00bbRGBA(255,255,255,0)\u00a0\u00bb _builder_version=\u00a0\u00bb4.21.0&Prime; _module_preset=\u00a0\u00bbdefault\u00a0\u00bb body_text_color=\u00a0\u00bb#c9c9c9&Prime; body_link_text_color=\u00a0\u00bb#FFFFFF\u00a0\u00bb background_enable_color=\u00a0\u00bboff\u00a0\u00bb custom_margin=\u00a0\u00bb||-2px||false|false\u00a0\u00bb custom_padding=\u00a0\u00bb||||false|false\u00a0\u00bb border_width_all=\u00a0\u00bb2px\u00a0\u00bb border_color_all=\u00a0\u00bb#0C71C3&Prime; global_colors_info=\u00a0\u00bb{}\u00a0\u00bb toggle_text_color=\u00a0\u00bb#0c71c3&Prime; toggle_font=\u00a0\u00bb||||||||\u00a0\u00bb toggle_font_size=\u00a0\u00bb19px\u00a0\u00bb open=\u00a0\u00bboff\u00a0\u00bb]<\/p>\n<p><span>Le Soudan du Sud a adopt\u00e9 son premier plan d&rsquo;action national (PAN) en 2015 pour la p\u00e9riode 2015-2020.<\/span><\/p>\n<p><span><a href=\"https:\/\/drive.google.com\/file\/d\/14nKESFossyT5J8T2iszzT1e0hhViI28A\/view?usp=drive_link\" target=\"_blank\" rel=\"noopener\">T\u00e9l\u00e9charger le PDF (2015-2020)<\/a><\/span><\/p>\n<p>[\/et_pb_accordion_item][et_pb_accordion_item title=\u00a0\u00bbTogo\u00a0\u00bb open_toggle_text_color=\u00a0\u00bb#FFFFFF\u00a0\u00bb open_toggle_background_color=\u00a0\u00bbRGBA(255,255,255,0)\u00a0\u00bb closed_toggle_text_color=\u00a0\u00bb#0c71c3&Prime; closed_toggle_background_color=\u00a0\u00bbRGBA(255,255,255,0)\u00a0\u00bb icon_color=\u00a0\u00bbRGBA(255,255,255,0)\u00a0\u00bb _builder_version=\u00a0\u00bb4.21.0&Prime; _module_preset=\u00a0\u00bbdefault\u00a0\u00bb body_text_color=\u00a0\u00bb#c9c9c9&Prime; body_link_text_color=\u00a0\u00bb#FFFFFF\u00a0\u00bb background_enable_color=\u00a0\u00bboff\u00a0\u00bb custom_margin=\u00a0\u00bb||-2px||false|false\u00a0\u00bb custom_padding=\u00a0\u00bb||||false|false\u00a0\u00bb border_width_all=\u00a0\u00bb2px\u00a0\u00bb border_color_all=\u00a0\u00bb#0C71C3&Prime; global_colors_info=\u00a0\u00bb{}\u00a0\u00bb toggle_text_color=\u00a0\u00bb#0c71c3&Prime; toggle_font=\u00a0\u00bb||||||||\u00a0\u00bb toggle_font_size=\u00a0\u00bb19px\u00a0\u00bb open=\u00a0\u00bboff\u00a0\u00bb]<\/p>\n<p><span>Le Togo a adopt\u00e9 son premier plan d&rsquo;action national (PAN) en 2011 pour la p\u00e9riode 2011-2016.<\/span><\/p>\n<p><span><a href=\"https:\/\/drive.google.com\/file\/d\/1v40JHbMA84mgYXptGewxskBTZ1BdJs1n\/view?usp=drive_link\" target=\"_blank\" rel=\"noopener\">T\u00e9l\u00e9charger le PDF (2011-2016) &#8211; FR<\/a><\/span><\/p>\n<p>[\/et_pb_accordion_item][et_pb_accordion_item title=\u00a0\u00bbOuganda\u00a0\u00bb open_toggle_text_color=\u00a0\u00bb#FFFFFF\u00a0\u00bb open_toggle_background_color=\u00a0\u00bbRGBA(255,255,255,0)\u00a0\u00bb closed_toggle_text_color=\u00a0\u00bb#0c71c3&Prime; closed_toggle_background_color=\u00a0\u00bbRGBA(255,255,255,0)\u00a0\u00bb icon_color=\u00a0\u00bbRGBA(255,255,255,0)\u00a0\u00bb _builder_version=\u00a0\u00bb4.21.0&Prime; _module_preset=\u00a0\u00bbdefault\u00a0\u00bb body_text_color=\u00a0\u00bb#c9c9c9&Prime; body_link_text_color=\u00a0\u00bb#FFFFFF\u00a0\u00bb background_enable_color=\u00a0\u00bboff\u00a0\u00bb custom_margin=\u00a0\u00bb||-2px||false|false\u00a0\u00bb custom_padding=\u00a0\u00bb||||false|false\u00a0\u00bb border_width_all=\u00a0\u00bb2px\u00a0\u00bb border_color_all=\u00a0\u00bb#0C71C3&Prime; global_colors_info=\u00a0\u00bb{}\u00a0\u00bb toggle_text_color=\u00a0\u00bb#0c71c3&Prime; toggle_font=\u00a0\u00bb||||||||\u00a0\u00bb toggle_font_size=\u00a0\u00bb19px\u00a0\u00bb open=\u00a0\u00bboff\u00a0\u00bb]<\/p>\n<p><span>L&rsquo;Ouganda a adopt\u00e9 son troisi\u00e8me plan d&rsquo;action national (PAN) en 2021 pour la p\u00e9riode 2021-2025. Elle est pr\u00e9c\u00e9d\u00e9e de deux autres, pour les p\u00e9riodes 2008-2010 et 2011-2015.<\/span><\/p>\n<p><span><a href=\"https:\/\/drive.google.com\/file\/d\/1nO5Mob1XcfXljcbFSE0oVnb1Lv4BJTDS\/view?usp=drive_link\" target=\"_blank\" rel=\"noopener\">T\u00e9l\u00e9charger le PDF (2021-2025)<\/a><\/span><\/p>\n<p><span><a href=\"https:\/\/drive.google.com\/file\/d\/1yf0p_nP4bihZWB4xbLd8v8R23sCze7jp\/view?usp=drive_link\" target=\"_blank\" rel=\"noopener\">T\u00e9l\u00e9charger le PDF (2008)<\/a><\/span><\/p>\n<p>[\/et_pb_accordion_item][\/et_pb_accordion][\/et_pb_column][et_pb_column type=\u00a0\u00bb1_5&Prime; _builder_version=\u00a0\u00bb4.16&Prime; _module_preset=\u00a0\u00bbdefault\u00a0\u00bb global_colors_info=\u00a0\u00bb{}\u00a0\u00bb][et_pb_image src=\u00a0\u00bbhttps:\/\/mujerespazyseguridad.co\/wp-content\/uploads\/2023\/05\/MujeresPazYSeguridad_PlanesDeAccion_America.png\u00a0\u00bb title_text=\u00a0\u00bbWomenPeaceYSecurity_ActionPlans_America\u00a0\u00bb force_fullwidth=\u00a0\u00bbon\u00a0\u00bb _builder_version=\u00a0\u00bb4.21.0&Prime; _module_preset=\u00a0\u00bbdefault\u00a0\u00bb global_colors_info=\u00a0\u00bb{}\u00a0\u00bb][\/et_pb_image][et_pb_blurb title=\u00a0\u00bbAm\u00e9rique\u00a0\u00bb url=\u00a0\u00bbhttps:\/\/mujerespazyseguridad.co\/wp-content\/uploads\/2021\/08\/I_Informe1325_espanol.pdf\u00a0\u00bb url_new_window=\u00a0\u00bbon\u00a0\u00bb _builder_version=\u00a0\u00bb4.21.0&Prime; _module_preset=\u00a0\u00bbdefault\u00a0\u00bb header_text_color=\u00a0\u00bb#edef62&Prime; header_font_size=\u00a0\u00bb1.4em\u00a0\u00bb header_line_height=\u00a0\u00bb1.4em\u00a0\u00bb body_text_color=\u00a0\u00bb#c9c9c9&Prime; body_link_text_color=\u00a0\u00bb#FFFFFF\u00a0\u00bb text_orientation=\u00a0\u00bbcenter\u00a0\u00bb background_layout=\u00a0\u00bbdark\u00a0\u00bb global_colors_info=\u00a0\u00bb{}\u00a0\u00bb][\/et_pb_blurb][et_pb_accordion open_toggle_background_color=\u00a0\u00bb#f7f7f7&Prime; closed_toggle_background_color=\u00a0\u00bbRGBA(255,255,255,0)\u00a0\u00bb _builder_version=\u00a0\u00bb4.23.1&Prime; _module_preset=\u00a0\u00bbdefault\u00a0\u00bb custom_margin=\u00a0\u00bb||||false|false\u00a0\u00bb custom_padding=\u00a0\u00bb||||false|false\u00a0\u00bb global_colors_info=\u00a0\u00bb{}\u00a0\u00bb][et_pb_accordion_item title=\u00a0\u00bbArgentine\u00a0\u00bb open=\u00a0\u00bbon\u00a0\u00bb open_toggle_text_color=\u00a0\u00bb#FFFFFF\u00a0\u00bb open_toggle_background_color=\u00a0\u00bbRGBA(255,255,255,0)\u00a0\u00bb closed_toggle_text_color=\u00a0\u00bb#0c71c3&Prime; closed_toggle_background_color=\u00a0\u00bbRGBA(255,255,255,0)\u00a0\u00bb icon_color=\u00a0\u00bbRGBA(255,255,255,0)\u00a0\u00bb _builder_version=\u00a0\u00bb4.21.0&Prime; _module_preset=\u00a0\u00bbdefault\u00a0\u00bb body_text_color=\u00a0\u00bb#c9c9c9&Prime; body_link_text_color=\u00a0\u00bb#FFFFFF\u00a0\u00bb background_enable_color=\u00a0\u00bboff\u00a0\u00bb custom_margin=\u00a0\u00bb||-2px||false|false\u00a0\u00bb custom_padding=\u00a0\u00bb||||false|false\u00a0\u00bb border_width_all=\u00a0\u00bb2px\u00a0\u00bb border_color_all=\u00a0\u00bb#0C71C3&Prime; global_colors_info=\u00a0\u00bb{}\u00a0\u00bb toggle_text_color=\u00a0\u00bb#0c71c3&Prime; toggle_font=\u00a0\u00bb||||||||\u00a0\u00bb toggle_font_size=\u00a0\u00bb19px\u00a0\u00bb]<\/p>\n<p><span>L&rsquo;Argentine a adopt\u00e9 son premier plan d&rsquo;action national pour la SPM en 2015 pour la p\u00e9riode 2015-2018.<\/span><\/p>\n<p><span><a href=\"https:\/\/drive.google.com\/file\/d\/1SihnZF_JbW--rU3umnoR3KhNvWbqxGG1\/view?usp=share_link\" target=\"_blank\" rel=\"noopener\">T\u00e9l\u00e9charger le PDF (2022-2025)<\/a><\/span><\/p>\n<p>[\/et_pb_accordion_item][et_pb_accordion_item title=\u00a0\u00bbBr\u00e9sil\u00a0\u00bb open_toggle_text_color=\u00a0\u00bb#FFFFFF\u00a0\u00bb open_toggle_background_color=\u00a0\u00bbRGBA(255,255,255,0)\u00a0\u00bb closed_toggle_text_color=\u00a0\u00bb#0c71c3&Prime; closed_toggle_background_color=\u00a0\u00bbRGBA(255,255,255,0)\u00a0\u00bb icon_color=\u00a0\u00bbRGBA(255,255,255,0)\u00a0\u00bb _builder_version=\u00a0\u00bb4.21.0&Prime; _module_preset=\u00a0\u00bbdefault\u00a0\u00bb body_text_color=\u00a0\u00bb#c9c9c9&Prime; body_link_text_color=\u00a0\u00bb#FFFFFF\u00a0\u00bb background_enable_color=\u00a0\u00bboff\u00a0\u00bb custom_margin=\u00a0\u00bb||-2px||false|false\u00a0\u00bb custom_padding=\u00a0\u00bb||||false|false\u00a0\u00bb border_width_all=\u00a0\u00bb2px\u00a0\u00bb border_color_all=\u00a0\u00bb#0C71C3&Prime; global_colors_info=\u00a0\u00bb{}\u00a0\u00bb toggle_text_color=\u00a0\u00bb#0c71c3&Prime; toggle_font=\u00a0\u00bb||||||||\u00a0\u00bb toggle_font_size=\u00a0\u00bb19px\u00a0\u00bb open=\u00a0\u00bboff\u00a0\u00bb]<\/p>\n<p><span>Le Br\u00e9sil a adopt\u00e9 son premier plan d&rsquo;action national (PAN) en 2017, pour la p\u00e9riode 2017-2019.<\/span><\/p>\n<p><span><a href=\"https:\/\/drive.google.com\/file\/d\/1aEmFFia_66YwJQAP9fpHSPgDthHz1NIV\/view?usp=share_link\" target=\"_blank\" rel=\"noopener\">T\u00e9l\u00e9charger le PDF (2017-2019)<\/a><\/span><\/p>\n<p>[\/et_pb_accordion_item][et_pb_accordion_item title=\u00a0\u00bbCanada\u00a0\u00bb open_toggle_text_color=\u00a0\u00bb#FFFFFF\u00a0\u00bb open_toggle_background_color=\u00a0\u00bbRGBA(255,255,255,0)\u00a0\u00bb closed_toggle_text_color=\u00a0\u00bb#0c71c3&Prime; closed_toggle_background_color=\u00a0\u00bbRGBA(255,255,255,0)\u00a0\u00bb icon_color=\u00a0\u00bbRGBA(255,255,255,0)\u00a0\u00bb _builder_version=\u00a0\u00bb4.21.0&Prime; _module_preset=\u00a0\u00bbdefault\u00a0\u00bb body_text_color=\u00a0\u00bb#c9c9c9&Prime; body_link_text_color=\u00a0\u00bb#FFFFFF\u00a0\u00bb background_enable_color=\u00a0\u00bboff\u00a0\u00bb custom_margin=\u00a0\u00bb||-2px||false|false\u00a0\u00bb custom_padding=\u00a0\u00bb||||false|false\u00a0\u00bb border_width_all=\u00a0\u00bb2px\u00a0\u00bb border_color_all=\u00a0\u00bb#0C71C3&Prime; global_colors_info=\u00a0\u00bb{}\u00a0\u00bb toggle_text_color=\u00a0\u00bb#0c71c3&Prime; toggle_font=\u00a0\u00bb||||||||\u00a0\u00bb toggle_font_size=\u00a0\u00bb19px\u00a0\u00bb open=\u00a0\u00bboff\u00a0\u00bb]<\/p>\n<p><span>Le Canada a adopt\u00e9 son dernier plan d&rsquo;action national (PAN) en 2017 pour la p\u00e9riode 2017-2022. Le deuxi\u00e8me PAN du Canada est pr\u00e9c\u00e9d\u00e9 du premier, adopt\u00e9 en 2010 pour la p\u00e9riode 2010-2016.<\/span><\/p>\n<p><span><a href=\"https:\/\/drive.google.com\/file\/d\/1hj4cBRVG6ySGBIUZZyIBRk0EXeLg7qRl\/view?usp=share_link\" target=\"_blank\" rel=\"noopener\">T\u00e9l\u00e9charger le PDF (2017-2022)<\/a><\/span><\/p>\n<p>[\/et_pb_accordion_item][et_pb_accordion_item title=\u00a0\u00bbColombie\u00a0\u00bb open_toggle_text_color=\u00a0\u00bb#FFFFFF\u00a0\u00bb open_toggle_background_color=\u00a0\u00bbRGBA(255,255,255,0)\u00a0\u00bb closed_toggle_text_color=\u00a0\u00bb#0c71c3&Prime; closed_toggle_background_color=\u00a0\u00bbRGBA(255,255,255,0)\u00a0\u00bb icon_color=\u00a0\u00bbRGBA(255,255,255,0)\u00a0\u00bb _builder_version=\u00a0\u00bb4.23.1&Prime; _module_preset=\u00a0\u00bbdefault\u00a0\u00bb body_text_color=\u00a0\u00bb#c9c9c9&Prime; body_link_text_color=\u00a0\u00bb#FFFFFF\u00a0\u00bb background_enable_color=\u00a0\u00bboff\u00a0\u00bb custom_margin=\u00a0\u00bb||-2px||false|false\u00a0\u00bb custom_padding=\u00a0\u00bb||||false|false\u00a0\u00bb border_width_all=\u00a0\u00bb2px\u00a0\u00bb border_color_all=\u00a0\u00bb#0C71C3&Prime; global_colors_info=\u00a0\u00bb{}\u00a0\u00bb toggle_text_color=\u00a0\u00bb#0c71c3&Prime; toggle_font=\u00a0\u00bb||||||||\u00a0\u00bb toggle_font_size=\u00a0\u00bb19px\u00a0\u00bb open=\u00a0\u00bboff\u00a0\u00bb][\/et_pb_accordion_item][et_pb_accordion_item title=\u00a0\u00bbChili\u00a0\u00bb open_toggle_text_color=\u00a0\u00bb#FFFFFF\u00a0\u00bb open_toggle_background_color=\u00a0\u00bbRGBA(255,255,255,0)\u00a0\u00bb closed_toggle_text_color=\u00a0\u00bb#0c71c3&Prime; closed_toggle_background_color=\u00a0\u00bbRGBA(255,255,255,0)\u00a0\u00bb icon_color=\u00a0\u00bbRGBA(255,255,255,0)\u00a0\u00bb _builder_version=\u00a0\u00bb4.21.0&Prime; _module_preset=\u00a0\u00bbdefault\u00a0\u00bb body_text_color=\u00a0\u00bb#c9c9c9&Prime; body_link_text_color=\u00a0\u00bb#FFFFFF\u00a0\u00bb background_enable_color=\u00a0\u00bboff\u00a0\u00bb custom_margin=\u00a0\u00bb||-2px||false|false\u00a0\u00bb custom_padding=\u00a0\u00bb||||false|false\u00a0\u00bb border_width_all=\u00a0\u00bb2px\u00a0\u00bb border_color_all=\u00a0\u00bb#0C71C3&Prime; global_colors_info=\u00a0\u00bb{}\u00a0\u00bb toggle_text_color=\u00a0\u00bb#0c71c3&Prime; toggle_font=\u00a0\u00bb||||||||\u00a0\u00bb toggle_font_size=\u00a0\u00bb19px\u00a0\u00bb open=\u00a0\u00bboff\u00a0\u00bb]<\/p>\n<p><span>Le Chili a adopt\u00e9 son dernier plan d&rsquo;action national (PAN) en 2015 pour la p\u00e9riode 2015-2018. Il a \u00e9t\u00e9 pr\u00e9c\u00e9d\u00e9 d&rsquo;un autre PAN adopt\u00e9 en 2009.<\/span><\/p>\n<p><span><a href=\"https:\/\/drive.google.com\/file\/d\/1lMDPz9FBuGHoIyvsBQqcu6nRdQHHDMEK\/view?usp=drive_link\" target=\"_blank\" rel=\"noopener\">T\u00e9l\u00e9charger le PDF (2015-2018)<\/a><\/span><\/p>\n<p><span><a href=\"https:\/\/drive.google.com\/file\/d\/1SGEgN-DKJmjQNUb9uqSbiPOwp5cb1lYn\/view?usp=drive_link\" target=\"_blank\" rel=\"noopener\">T\u00e9l\u00e9charger le PDF (2009-2012)<\/a><\/span><\/p>\n<p>[\/et_pb_accordion_item][et_pb_accordion_item title=\u00a0\u00bbEl Salvador\u00a0\u00bb open_toggle_text_color=\u00a0\u00bb#FFFFFF\u00a0\u00bb open_toggle_background_color=\u00a0\u00bbRGBA(255,255,255,0)\u00a0\u00bb closed_toggle_text_color=\u00a0\u00bb#0c71c3&Prime; closed_toggle_background_color=\u00a0\u00bbRGBA(255,255,255,0)\u00a0\u00bb icon_color=\u00a0\u00bbRGBA(255,255,255,0)\u00a0\u00bb _builder_version=\u00a0\u00bb4.21.0&Prime; _module_preset=\u00a0\u00bbdefault\u00a0\u00bb body_text_color=\u00a0\u00bb#c9c9c9&Prime; body_link_text_color=\u00a0\u00bb#FFFFFF\u00a0\u00bb background_enable_color=\u00a0\u00bboff\u00a0\u00bb custom_margin=\u00a0\u00bb||-2px||false|false\u00a0\u00bb custom_padding=\u00a0\u00bb||||false|false\u00a0\u00bb border_width_all=\u00a0\u00bb2px\u00a0\u00bb border_color_all=\u00a0\u00bb#0C71C3&Prime; global_colors_info=\u00a0\u00bb{}\u00a0\u00bb toggle_text_color=\u00a0\u00bb#0c71c3&Prime; toggle_font=\u00a0\u00bb||||||||\u00a0\u00bb toggle_font_size=\u00a0\u00bb19px\u00a0\u00bb open=\u00a0\u00bboff\u00a0\u00bb]<\/p>\n<p><span>Le Salvador a adopt\u00e9 son premier plan d&rsquo;action national (PAN) en 2017 pour la p\u00e9riode 2017-2022.<\/span><\/p>\n<p><span><a href=\"https:\/\/drive.google.com\/file\/d\/16GP4UQgA5VXXBxPs0LuTv8pSTo1KBzwS\/view?usp=drive_link\" target=\"_blank\" rel=\"noopener\">T\u00e9l\u00e9charger le PDF (2017-2022)<\/a><\/span><\/p>\n<p>[\/et_pb_accordion_item][et_pb_accordion_item title=\u00a0\u00bbGuatemala\u00a0\u00bb open_toggle_text_color=\u00a0\u00bb#FFFFFF\u00a0\u00bb open_toggle_background_color=\u00a0\u00bbRGBA(255,255,255,0)\u00a0\u00bb closed_toggle_text_color=\u00a0\u00bb#0c71c3&Prime; closed_toggle_background_color=\u00a0\u00bbRGBA(255,255,255,0)\u00a0\u00bb icon_color=\u00a0\u00bbRGBA(255,255,255,0)\u00a0\u00bb _builder_version=\u00a0\u00bb4.21.0&Prime; _module_preset=\u00a0\u00bbdefault\u00a0\u00bb body_text_color=\u00a0\u00bb#c9c9c9&Prime; body_link_text_color=\u00a0\u00bb#FFFFFF\u00a0\u00bb background_enable_color=\u00a0\u00bboff\u00a0\u00bb custom_margin=\u00a0\u00bb||-2px||false|false\u00a0\u00bb custom_padding=\u00a0\u00bb||||false|false\u00a0\u00bb border_width_all=\u00a0\u00bb2px\u00a0\u00bb border_color_all=\u00a0\u00bb#0C71C3&Prime; global_colors_info=\u00a0\u00bb{}\u00a0\u00bb toggle_text_color=\u00a0\u00bb#0c71c3&Prime; toggle_font=\u00a0\u00bb||||||||\u00a0\u00bb toggle_font_size=\u00a0\u00bb19px\u00a0\u00bb open=\u00a0\u00bboff\u00a0\u00bb]<\/p>\n<p><span>Le Guatemala a adopt\u00e9 son premier plan d&rsquo;action national (PAN) en 2017, mais celui-ci ne pr\u00e9voit pas de p\u00e9riode de mise en \u0153uvre sp\u00e9cifique.<\/span><\/p>\n<p><span><a href=\"https:\/\/drive.google.com\/file\/d\/14LY94In0wJ0F2-hqNxgLMuLjUzIwZjm3\/view?usp=drive_link\" target=\"_blank\" rel=\"noopener\">T\u00e9l\u00e9charger le PDF (2017-2019)<\/a><\/span><\/p>\n<p>[\/et_pb_accordion_item][et_pb_accordion_item title=\u00a0\u00bbMexique\u00a0\u00bb open_toggle_text_color=\u00a0\u00bb#FFFFFF\u00a0\u00bb open_toggle_background_color=\u00a0\u00bbRGBA(255,255,255,0)\u00a0\u00bb closed_toggle_text_color=\u00a0\u00bb#0c71c3&Prime; closed_toggle_background_color=\u00a0\u00bbRGBA(255,255,255,0)\u00a0\u00bb icon_color=\u00a0\u00bbRGBA(255,255,255,0)\u00a0\u00bb _builder_version=\u00a0\u00bb4.21.0&Prime; _module_preset=\u00a0\u00bbdefault\u00a0\u00bb body_text_color=\u00a0\u00bb#c9c9c9&Prime; body_link_text_color=\u00a0\u00bb#FFFFFF\u00a0\u00bb background_enable_color=\u00a0\u00bboff\u00a0\u00bb custom_margin=\u00a0\u00bb||-2px||false|false\u00a0\u00bb custom_padding=\u00a0\u00bb||||false|false\u00a0\u00bb border_width_all=\u00a0\u00bb2px\u00a0\u00bb border_color_all=\u00a0\u00bb#0C71C3&Prime; global_colors_info=\u00a0\u00bb{}\u00a0\u00bb toggle_text_color=\u00a0\u00bb#0c71c3&Prime; toggle_font=\u00a0\u00bb||||||||\u00a0\u00bb toggle_font_size=\u00a0\u00bb19px\u00a0\u00bb open=\u00a0\u00bboff\u00a0\u00bb]<\/p>\n<p><span>Le Mexique a adopt\u00e9 son premier plan d&rsquo;action national 1325 en 2021.<\/span><\/p>\n<p><span><a href=\"https:\/\/drive.google.com\/file\/d\/1H8Jgu4coHhYt3TENCI-DSgEgEDxCVF7k\/view?usp=drive_link\" target=\"_blank\" rel=\"noopener\">T\u00e9l\u00e9charger le PDF (2021-2023)<\/a><\/span><\/p>\n<p>[\/et_pb_accordion_item][et_pb_accordion_item title=\u00a0\u00bbParaguay\u00a0\u00bb open_toggle_text_color=\u00a0\u00bb#FFFFFF\u00a0\u00bb open_toggle_background_color=\u00a0\u00bbRGBA(255,255,255,0)\u00a0\u00bb closed_toggle_text_color=\u00a0\u00bb#0c71c3&Prime; closed_toggle_background_color=\u00a0\u00bbRGBA(255,255,255,0)\u00a0\u00bb icon_color=\u00a0\u00bbRGBA(255,255,255,0)\u00a0\u00bb _builder_version=\u00a0\u00bb4.21.0&Prime; _module_preset=\u00a0\u00bbdefault\u00a0\u00bb body_text_color=\u00a0\u00bb#c9c9c9&Prime; body_link_text_color=\u00a0\u00bb#FFFFFF\u00a0\u00bb background_enable_color=\u00a0\u00bboff\u00a0\u00bb custom_margin=\u00a0\u00bb||-2px||false|false\u00a0\u00bb custom_padding=\u00a0\u00bb||||false|false\u00a0\u00bb border_width_all=\u00a0\u00bb2px\u00a0\u00bb border_color_all=\u00a0\u00bb#0C71C3&Prime; global_colors_info=\u00a0\u00bb{}\u00a0\u00bb toggle_text_color=\u00a0\u00bb#0c71c3&Prime; toggle_font=\u00a0\u00bb||||||||\u00a0\u00bb toggle_font_size=\u00a0\u00bb19px\u00a0\u00bb open=\u00a0\u00bboff\u00a0\u00bb]<\/p>\n<p><span>Le Paraguay a lanc\u00e9 son premier plan d&rsquo;action national (PAN) en 2015.<\/span><\/p>\n<p><span><a href=\"https:\/\/drive.google.com\/file\/d\/1w475FU8YC7AnjkKbbjNBqzgBOFrHOUYE\/view?usp=drive_link\" target=\"_blank\" rel=\"noopener\">T\u00e9l\u00e9charger le PDF (2015-2018)<\/a><\/span><\/p>\n<p>[\/et_pb_accordion_item][et_pb_accordion_item title=\u00a0\u00bbP\u00e9rou\u00a0\u00bb open_toggle_text_color=\u00a0\u00bb#FFFFFF\u00a0\u00bb open_toggle_background_color=\u00a0\u00bbRGBA(255,255,255,0)\u00a0\u00bb closed_toggle_text_color=\u00a0\u00bb#0c71c3&Prime; closed_toggle_background_color=\u00a0\u00bbRGBA(255,255,255,0)\u00a0\u00bb icon_color=\u00a0\u00bbRGBA(255,255,255,0)\u00a0\u00bb _builder_version=\u00a0\u00bb4.21.0&Prime; _module_preset=\u00a0\u00bbdefault\u00a0\u00bb body_text_color=\u00a0\u00bb#c9c9c9&Prime; body_link_text_color=\u00a0\u00bb#FFFFFF\u00a0\u00bb background_enable_color=\u00a0\u00bboff\u00a0\u00bb custom_margin=\u00a0\u00bb||-2px||false|false\u00a0\u00bb custom_padding=\u00a0\u00bb||||false|false\u00a0\u00bb border_width_all=\u00a0\u00bb2px\u00a0\u00bb border_color_all=\u00a0\u00bb#0C71C3&Prime; global_colors_info=\u00a0\u00bb{}\u00a0\u00bb toggle_text_color=\u00a0\u00bb#0c71c3&Prime; toggle_font=\u00a0\u00bb||||||||\u00a0\u00bb toggle_font_size=\u00a0\u00bb19px\u00a0\u00bb open=\u00a0\u00bboff\u00a0\u00bb]<\/p>\n<p><span>Le P\u00e9rou a adopt\u00e9 son premier plan d&rsquo;action national en 2021.<\/span><\/p>\n<p><span><a href=\"https:\/\/drive.google.com\/file\/d\/15Q4b4kR9dUKLJz9UYZGEM-e3Mk3r73j9\/view?usp=drive_link\" target=\"_blank\" rel=\"noopener\">T\u00e9l\u00e9charger le PDF (2021-2024)<\/a><\/span><\/p>\n<p>[\/et_pb_accordion_item][et_pb_accordion_item title=\u00a0\u00bb\u00c9tats-Unis\u00a0\u00bb open_toggle_text_color=\u00a0\u00bb#FFFFFF\u00a0\u00bb open_toggle_background_color=\u00a0\u00bbRGBA(255,255,255,0)\u00a0\u00bb closed_toggle_text_color=\u00a0\u00bb#0c71c3&Prime; closed_toggle_background_color=\u00a0\u00bbRGBA(255,255,255,0)\u00a0\u00bb icon_color=\u00a0\u00bbRGBA(255,255,255,0)\u00a0\u00bb _builder_version=\u00a0\u00bb4.21.0&Prime; _module_preset=\u00a0\u00bbdefault\u00a0\u00bb body_text_color=\u00a0\u00bb#c9c9c9&Prime; body_link_text_color=\u00a0\u00bb#FFFFFF\u00a0\u00bb background_enable_color=\u00a0\u00bboff\u00a0\u00bb custom_margin=\u00a0\u00bb||-2px||false|false\u00a0\u00bb custom_padding=\u00a0\u00bb||||false|false\u00a0\u00bb border_width_all=\u00a0\u00bb2px\u00a0\u00bb border_color_all=\u00a0\u00bb#0C71C3&Prime; global_colors_info=\u00a0\u00bb{}\u00a0\u00bb toggle_text_color=\u00a0\u00bb#0c71c3&Prime; toggle_font=\u00a0\u00bb||||||||\u00a0\u00bb toggle_font_size=\u00a0\u00bb19px\u00a0\u00bb open=\u00a0\u00bboff\u00a0\u00bb]<\/p>\n<p><span>Les \u00c9tats-Unis ont adopt\u00e9 leur dernier plan d&rsquo;action \u00ab\u00a0Femmes, paix et s\u00e9curit\u00e9\u00a0\u00bb (WPS) en 2019, pour la p\u00e9riode 2019-2023, sous la forme d&rsquo;une strat\u00e9gie nationale WPS. La strat\u00e9gie nationale des \u00c9tats-Unis sur les armes l\u00e9g\u00e8res et de petit calibre a \u00e9t\u00e9 pr\u00e9c\u00e9d\u00e9e de deux plans d&rsquo;action nationaux (PAN) adopt\u00e9s en 2011 et 2016 pour la p\u00e9riode 2011-2015 et 2016-2018, respectivement.<\/span><\/p>\n<p><span><a href=\"https:\/\/drive.google.com\/file\/d\/1_AEq53t_Y50gJiC5RRYwwWcAAbUZpzjz\/view?usp=drive_link\" target=\"_blank\" rel=\"noopener\">T\u00e9l\u00e9charger le PDF (2019-2023)<\/a><\/span><\/p>\n<p>[\/et_pb_accordion_item][et_pb_accordion_item title=\u00a0\u00bbUruguay\u00a0\u00bb open_toggle_text_color=\u00a0\u00bb#FFFFFF\u00a0\u00bb open_toggle_background_color=\u00a0\u00bbRGBA(255,255,255,0)\u00a0\u00bb closed_toggle_text_color=\u00a0\u00bb#0c71c3&Prime; closed_toggle_background_color=\u00a0\u00bbRGBA(255,255,255,0)\u00a0\u00bb icon_color=\u00a0\u00bbRGBA(255,255,255,0)\u00a0\u00bb _builder_version=\u00a0\u00bb4.21.0&Prime; _module_preset=\u00a0\u00bbdefault\u00a0\u00bb body_text_color=\u00a0\u00bb#c9c9c9&Prime; body_link_text_color=\u00a0\u00bb#FFFFFF\u00a0\u00bb background_enable_color=\u00a0\u00bboff\u00a0\u00bb custom_margin=\u00a0\u00bb||-2px||false|false\u00a0\u00bb custom_padding=\u00a0\u00bb||||false|false\u00a0\u00bb border_width_all=\u00a0\u00bb2px\u00a0\u00bb border_color_all=\u00a0\u00bb#0C71C3&Prime; global_colors_info=\u00a0\u00bb{}\u00a0\u00bb toggle_text_color=\u00a0\u00bb#0c71c3&Prime; toggle_font=\u00a0\u00bb||||||||\u00a0\u00bb toggle_font_size=\u00a0\u00bb19px\u00a0\u00bb open=\u00a0\u00bboff\u00a0\u00bb]<\/p>\n<p><span>L&rsquo;Uruguay a adopt\u00e9 son premier plan d&rsquo;action national pour la p\u00e9riode 2021-2024.<\/span><\/p>\n<p><span><a href=\"https:\/\/drive.google.com\/file\/d\/1D6Y0SkggCSO_yLbUs4aT6vaXXTJLqKeT\/view?usp=drive_link\" target=\"_blank\" rel=\"noopener\">T\u00e9l\u00e9charger le PDF (2021-2024)<\/a><\/span><\/p>\n<p>[\/et_pb_accordion_item][\/et_pb_accordion][\/et_pb_column][et_pb_column type=\u00a0\u00bb1_5&Prime; _builder_version=\u00a0\u00bb4.16&Prime; _module_preset=\u00a0\u00bbdefault\u00a0\u00bb global_colors_info=\u00a0\u00bb{}\u00a0\u00bb][et_pb_image src=\u00a0\u00bbhttps:\/\/mujerespazyseguridad.co\/wp-content\/uploads\/2023\/05\/MujeresPazYSeguridad_PlanesDeAccion_Asia.png\u00a0\u00bb title_text=\u00a0\u00bbPlans d&rsquo;action pour la paix et la s\u00e9curit\u00e9 des femmes en Asie\u00a0\u00bb force_fullwidth=\u00a0\u00bbon\u00a0\u00bb _builder_version=\u00a0\u00bb4.21.0&Prime; _module_preset=\u00a0\u00bbdefault\u00a0\u00bb global_colors_info=\u00a0\u00bb{}\u00a0\u00bb][\/et_pb_image][et_pb_blurb title=\u00a0\u00bbAsie et Pacifique\u00a0\u00bb url=\u00a0\u00bbhttps:\/\/mujerespazyseguridad.co\/wp-content\/uploads\/2021\/08\/I_Informe1325_espanol.pdf\u00a0\u00bb url_new_window=\u00a0\u00bbon\u00a0\u00bb _builder_version=\u00a0\u00bb4.21.0&Prime; _module_preset=\u00a0\u00bbdefault\u00a0\u00bb header_text_color=\u00a0\u00bb#edef62&Prime; header_font_size=\u00a0\u00bb1.4em\u00a0\u00bb header_line_height=\u00a0\u00bb1.4em\u00a0\u00bb body_text_color=\u00a0\u00bb#c9c9c9&Prime; body_link_text_color=\u00a0\u00bb#FFFFFF\u00a0\u00bb text_orientation=\u00a0\u00bbcenter\u00a0\u00bb background_layout=\u00a0\u00bbdark\u00a0\u00bb global_colors_info=\u00a0\u00bb{}\u00a0\u00bb][\/et_pb_blurb][et_pb_accordion _builder_version=\u00a0\u00bb4.21.0&Prime; _module_preset=\u00a0\u00bbdefault\u00a0\u00bb custom_margin=\u00a0\u00bb||||false|false\u00a0\u00bb custom_padding=\u00a0\u00bb||||false|false\u00a0\u00bb global_colors_info=\u00a0\u00bb{}\u00a0\u00bb][et_pb_accordion_item title=\u00a0\u00bbAfghanistan\u00a0\u00bb open=\u00a0\u00bbon\u00a0\u00bb open_toggle_text_color=\u00a0\u00bb#FFFFFF\u00a0\u00bb open_toggle_background_color=\u00a0\u00bbRGBA(255,255,255,0)\u00a0\u00bb closed_toggle_text_color=\u00a0\u00bb#0c71c3&Prime; closed_toggle_background_color=\u00a0\u00bbRGBA(255,255,255,0)\u00a0\u00bb icon_color=\u00a0\u00bbRGBA(255,255,255,0)\u00a0\u00bb _builder_version=\u00a0\u00bb4.21.0&Prime; _module_preset=\u00a0\u00bbdefault\u00a0\u00bb body_text_color=\u00a0\u00bb#c9c9c9&Prime; body_link_text_color=\u00a0\u00bb#FFFFFF\u00a0\u00bb background_enable_color=\u00a0\u00bboff\u00a0\u00bb custom_margin=\u00a0\u00bb||-2px||false|false\u00a0\u00bb custom_padding=\u00a0\u00bb||||false|false\u00a0\u00bb border_width_all=\u00a0\u00bb2px\u00a0\u00bb border_color_all=\u00a0\u00bb#0C71C3&Prime; global_colors_info=\u00a0\u00bb{}\u00a0\u00bb toggle_text_color=\u00a0\u00bb#0c71c3&Prime; toggle_font=\u00a0\u00bb||||||||\u00a0\u00bb toggle_font_size=\u00a0\u00bb19px\u00a0\u00bb]<\/p>\n<p><span>L&rsquo;Afghanistan a lanc\u00e9 son premier plan d&rsquo;action national pour la SPM en 2015.<\/span><\/p>\n<p><span><a href=\"https:\/\/drive.google.com\/file\/d\/1f6GJkFyZ5gD6QAdWs07lMqkpnSdxmEuq\/view?usp=share_link\" target=\"_blank\" rel=\"noopener\">T\u00e9l\u00e9charger le PDF (2015-2022)<\/a><\/span><\/p>\n<p>[\/et_pb_accordion_item][et_pb_accordion_item title=\u00a0\u00bbAustralie\u00a0\u00bb open_toggle_text_color=\u00a0\u00bb#FFFFFF\u00a0\u00bb open_toggle_background_color=\u00a0\u00bbRGBA(255,255,255,0)\u00a0\u00bb closed_toggle_text_color=\u00a0\u00bb#0c71c3&Prime; closed_toggle_background_color=\u00a0\u00bbRGBA(255,255,255,0)\u00a0\u00bb icon_color=\u00a0\u00bbRGBA(255,255,255,0)\u00a0\u00bb _builder_version=\u00a0\u00bb4.21.0&Prime; _module_preset=\u00a0\u00bbdefault\u00a0\u00bb body_text_color=\u00a0\u00bb#c9c9c9&Prime; body_link_text_color=\u00a0\u00bb#FFFFFF\u00a0\u00bb background_enable_color=\u00a0\u00bboff\u00a0\u00bb custom_margin=\u00a0\u00bb||-2px||false|false\u00a0\u00bb custom_padding=\u00a0\u00bb||||false|false\u00a0\u00bb border_width_all=\u00a0\u00bb2px\u00a0\u00bb border_color_all=\u00a0\u00bb#0C71C3&Prime; global_colors_info=\u00a0\u00bb{}\u00a0\u00bb toggle_text_color=\u00a0\u00bb#0c71c3&Prime; toggle_font=\u00a0\u00bb||||||||\u00a0\u00bb toggle_font_size=\u00a0\u00bb19px\u00a0\u00bb open=\u00a0\u00bboff\u00a0\u00bb]<\/p>\n<p><span>L&rsquo;Australie a adopt\u00e9 son dernier plan d&rsquo;action national (PAN) pour la p\u00e9riode 2021-2031. Auparavant, elle disposait d&rsquo;un PAN pour la p\u00e9riode 2012-2018.<\/span><\/p>\n<p><span><a href=\"https:\/\/drive.google.com\/file\/d\/18enZnSeb8ia_NsbEZ4h_KlRF8Sz-av9Z\/view?usp=share_link\" target=\"_blank\" rel=\"noopener\">T\u00e9l\u00e9charger le PDF (2021-2031)<\/a><\/span><\/p>\n<p>[\/et_pb_accordion_item][et_pb_accordion_item title=\u00a0\u00bbBangladesh\u00a0\u00bb open_toggle_text_color=\u00a0\u00bb#FFFFFF\u00a0\u00bb open_toggle_background_color=\u00a0\u00bbRGBA(255,255,255,0)\u00a0\u00bb closed_toggle_text_color=\u00a0\u00bb#0c71c3&Prime; closed_toggle_background_color=\u00a0\u00bbRGBA(255,255,255,0)\u00a0\u00bb icon_color=\u00a0\u00bbRGBA(255,255,255,0)\u00a0\u00bb _builder_version=\u00a0\u00bb4.21.0&Prime; _module_preset=\u00a0\u00bbdefault\u00a0\u00bb body_text_color=\u00a0\u00bb#c9c9c9&Prime; body_link_text_color=\u00a0\u00bb#FFFFFF\u00a0\u00bb background_enable_color=\u00a0\u00bboff\u00a0\u00bb custom_margin=\u00a0\u00bb||-2px||false|false\u00a0\u00bb custom_padding=\u00a0\u00bb||||false|false\u00a0\u00bb border_width_all=\u00a0\u00bb2px\u00a0\u00bb border_color_all=\u00a0\u00bb#0C71C3&Prime; global_colors_info=\u00a0\u00bb{}\u00a0\u00bb toggle_text_color=\u00a0\u00bb#0c71c3&Prime; toggle_font=\u00a0\u00bb||||||||\u00a0\u00bb toggle_font_size=\u00a0\u00bb19px\u00a0\u00bb open=\u00a0\u00bboff\u00a0\u00bb]<span>Le Bangladesh a adopt\u00e9 son premier plan d&rsquo;action national (PAN) pour la p\u00e9riode 2019-2022.<\/span><\/p>\n<p><span><a href=\"https:\/\/drive.google.com\/file\/d\/1ydPRKE6rX17U6Unao5NwZaMGZ_CDsYNi\/view?usp=share_link\" target=\"_blank\" rel=\"noopener\">T\u00e9l\u00e9charger le PDF (2019-2022)<\/a><\/span>[\/et_pb_accordion_item][et_pb_accordion_item title=\u00a0\u00bbIndon\u00e9sie\u00a0\u00bb open_toggle_text_color=\u00a0\u00bb#FFFFFF\u00a0\u00bb open_toggle_background_color=\u00a0\u00bbRGBA(255,255,255,0)\u00a0\u00bb closed_toggle_text_color=\u00a0\u00bb#0c71c3&Prime; closed_toggle_background_color=\u00a0\u00bbRGBA(255,255,255,0)\u00a0\u00bb icon_color=\u00a0\u00bbRGBA(255,255,255,0)\u00a0\u00bb _builder_version=\u00a0\u00bb4.21.0&Prime; _module_preset=\u00a0\u00bbdefault\u00a0\u00bb body_text_color=\u00a0\u00bb#c9c9c9&Prime; body_link_text_color=\u00a0\u00bb#FFFFFF\u00a0\u00bb background_enable_color=\u00a0\u00bboff\u00a0\u00bb custom_margin=\u00a0\u00bb||-2px||false|false\u00a0\u00bb custom_padding=\u00a0\u00bb||||false|false\u00a0\u00bb border_width_all=\u00a0\u00bb2px\u00a0\u00bb border_color_all=\u00a0\u00bb#0C71C3&Prime; global_colors_info=\u00a0\u00bb{}\u00a0\u00bb toggle_text_color=\u00a0\u00bb#0c71c3&Prime; toggle_font=\u00a0\u00bb||||||||\u00a0\u00bb toggle_font_size=\u00a0\u00bb19px\u00a0\u00bb open=\u00a0\u00bboff\u00a0\u00bb]<\/p>\n<p><span>L&rsquo;Indon\u00e9sie a lanc\u00e9 son premier plan d&rsquo;action national (PAN) en 2014 pour la p\u00e9riode 2014-2019.<\/span><\/p>\n<p><span><a href=\"https:\/\/drive.google.com\/file\/d\/1sNluYk_9BWk9EaV82rUXrRWLRx-YBeR2\/view?usp=drive_link\" target=\"_blank\" rel=\"noopener\">T\u00e9l\u00e9charger le PDF (2014-2019)<\/a><\/span><\/p>\n<p>[\/et_pb_accordion_item][et_pb_accordion_item title=\u00a0\u00bbJapon\u00a0\u00bb open_toggle_text_color=\u00a0\u00bb#FFFFFF\u00a0\u00bb open_toggle_background_color=\u00a0\u00bbRGBA(255,255,255,0)\u00a0\u00bb closed_toggle_text_color=\u00a0\u00bb#0c71c3&Prime; closed_toggle_background_color=\u00a0\u00bbRGBA(255,255,255,0)\u00a0\u00bb icon_color=\u00a0\u00bbRGBA(255,255,255,0)\u00a0\u00bb _builder_version=\u00a0\u00bb4.21.0&Prime; _module_preset=\u00a0\u00bbdefault\u00a0\u00bb body_text_color=\u00a0\u00bb#c9c9c9&Prime; body_link_text_color=\u00a0\u00bb#FFFFFF\u00a0\u00bb background_enable_color=\u00a0\u00bboff\u00a0\u00bb custom_margin=\u00a0\u00bb||-2px||false|false\u00a0\u00bb custom_padding=\u00a0\u00bb||||false|false\u00a0\u00bb border_width_all=\u00a0\u00bb2px\u00a0\u00bb border_color_all=\u00a0\u00bb#0C71C3&Prime; global_colors_info=\u00a0\u00bb{}\u00a0\u00bb toggle_text_color=\u00a0\u00bb#0c71c3&Prime; toggle_font=\u00a0\u00bb||||||||\u00a0\u00bb toggle_font_size=\u00a0\u00bb19px\u00a0\u00bb open=\u00a0\u00bboff\u00a0\u00bb]<\/p>\n<p><span>Le Japon a adopt\u00e9 son premier plan d&rsquo;action national (PAN) en 2015 pour la p\u00e9riode 2015-2018 et son deuxi\u00e8me PAN en 2019 pour la p\u00e9riode 2019-2022.<\/span><\/p>\n<p><span><a href=\"https:\/\/drive.google.com\/file\/d\/1RQwJZM9_AVh1wEic0JBZbpDpmwCp1uPM\/view?usp=drive_link\" target=\"_blank\" rel=\"noopener\">T\u00e9l\u00e9charger le PDF (2019-2022)<\/a><\/span><\/p>\n<p><span><a href=\"https:\/\/drive.google.com\/file\/d\/11cDfV5Rqn2G7nAAG-0fomzGYoTpjByOy\/view?usp=drive_link\" target=\"_blank\" rel=\"noopener\">T\u00e9l\u00e9charger le PDF (2015-2018)<\/a><\/span><\/p>\n<p>[\/et_pb_accordion_item][et_pb_accordion_item title=\u00a0\u00bbKazakhstan\u00a0\u00bb open_toggle_text_color=\u00a0\u00bb#FFFFFF\u00a0\u00bb open_toggle_background_color=\u00a0\u00bbRGBA(255,255,255,0)\u00a0\u00bb closed_toggle_text_color=\u00a0\u00bb#0c71c3&Prime; closed_toggle_background_color=\u00a0\u00bbRGBA(255,255,255,0)\u00a0\u00bb icon_color=\u00a0\u00bbRGBA(255,255,255,0)\u00a0\u00bb _builder_version=\u00a0\u00bb4.21.0&Prime; _module_preset=\u00a0\u00bbdefault\u00a0\u00bb body_text_color=\u00a0\u00bb#c9c9c9&Prime; body_link_text_color=\u00a0\u00bb#FFFFFF\u00a0\u00bb background_enable_color=\u00a0\u00bboff\u00a0\u00bb custom_margin=\u00a0\u00bb||-2px||false|false\u00a0\u00bb custom_padding=\u00a0\u00bb||||false|false\u00a0\u00bb border_width_all=\u00a0\u00bb2px\u00a0\u00bb border_color_all=\u00a0\u00bb#0C71C3&Prime; global_colors_info=\u00a0\u00bb{}\u00a0\u00bb toggle_text_color=\u00a0\u00bb#0c71c3&Prime; toggle_font=\u00a0\u00bb||||||||\u00a0\u00bb toggle_font_size=\u00a0\u00bb19px\u00a0\u00bb open=\u00a0\u00bboff\u00a0\u00bb]<\/p>\n<p><span>Le Kazakhstan a adopt\u00e9 son premier plan d&rsquo;action national pour la p\u00e9riode 2022-2025.<\/span><\/p>\n<p><span><a href=\"https:\/\/drive.google.com\/file\/d\/19tTLRfLI1LXyjRUYkpcQO8cjnIfg5WEv\/view?usp=drive_link\" target=\"_blank\" rel=\"noopener\">T\u00e9l\u00e9charger le PDF (2022-2025)<\/a><\/span><\/p>\n<p>[\/et_pb_accordion_item][et_pb_accordion_item title=\u00a0\u00bbKirghizistan\u00a0\u00bb open_toggle_text_color=\u00a0\u00bb#FFFFFF\u00a0\u00bb open_toggle_background_color=\u00a0\u00bbRGBA(255,255,255,0)\u00a0\u00bb closed_toggle_text_color=\u00a0\u00bb#0c71c3&Prime; closed_toggle_background_color=\u00a0\u00bbRGBA(255,255,255,0)\u00a0\u00bb icon_color=\u00a0\u00bbRGBA(255,255,255,0)\u00a0\u00bb _builder_version=\u00a0\u00bb4.21.0&Prime; _module_preset=\u00a0\u00bbdefault\u00a0\u00bb body_text_color=\u00a0\u00bb#c9c9c9&Prime; body_link_text_color=\u00a0\u00bb#FFFFFF\u00a0\u00bb background_enable_color=\u00a0\u00bboff\u00a0\u00bb custom_margin=\u00a0\u00bb||-2px||false|false\u00a0\u00bb custom_padding=\u00a0\u00bb||||false|false\u00a0\u00bb border_width_all=\u00a0\u00bb2px\u00a0\u00bb border_color_all=\u00a0\u00bb#0C71C3&Prime; global_colors_info=\u00a0\u00bb{}\u00a0\u00bb toggle_text_color=\u00a0\u00bb#0c71c3&Prime; toggle_font=\u00a0\u00bb||||||||\u00a0\u00bb toggle_font_size=\u00a0\u00bb19px\u00a0\u00bb open=\u00a0\u00bboff\u00a0\u00bb]<\/p>\n<p><span>Le Kirghizstan a adopt\u00e9 son dernier plan d&rsquo;action national (PAN) en 2018 pour la p\u00e9riode 2018-2020. Elle a adopt\u00e9 un PAN en 2013 et l&rsquo;a mis en \u0153uvre pour la p\u00e9riode 2013-2014.<\/span><\/p>\n<p><span><a href=\"https:\/\/drive.google.com\/file\/d\/1U8VIHfdJRloYzokqfWegOGo7PYAU3lzo\/view?usp=drive_link\" target=\"_blank\" rel=\"noopener\">T\u00e9l\u00e9charger le PDF (2018-2020)<\/a><\/span><\/p>\n<p>[\/et_pb_accordion_item][et_pb_accordion_item title=\u00a0\u00bbN\u00e9pal\u00a0\u00bb open_toggle_text_color=\u00a0\u00bb#FFFFFF\u00a0\u00bb open_toggle_background_color=\u00a0\u00bbRGBA(255,255,255,0)\u00a0\u00bb closed_toggle_text_color=\u00a0\u00bb#0c71c3&Prime; closed_toggle_background_color=\u00a0\u00bbRGBA(255,255,255,0)\u00a0\u00bb icon_color=\u00a0\u00bbRGBA(255,255,255,0)\u00a0\u00bb _builder_version=\u00a0\u00bb4.21.0&Prime; _module_preset=\u00a0\u00bbdefault\u00a0\u00bb body_text_color=\u00a0\u00bb#c9c9c9&Prime; body_link_text_color=\u00a0\u00bb#FFFFFF\u00a0\u00bb background_enable_color=\u00a0\u00bboff\u00a0\u00bb custom_margin=\u00a0\u00bb||-2px||false|false\u00a0\u00bb custom_padding=\u00a0\u00bb||||false|false\u00a0\u00bb border_width_all=\u00a0\u00bb2px\u00a0\u00bb border_color_all=\u00a0\u00bb#0C71C3&Prime; global_colors_info=\u00a0\u00bb{}\u00a0\u00bb toggle_text_color=\u00a0\u00bb#0c71c3&Prime; toggle_font=\u00a0\u00bb||||||||\u00a0\u00bb toggle_font_size=\u00a0\u00bb19px\u00a0\u00bb open=\u00a0\u00bboff\u00a0\u00bb]<\/p>\n<p><span>Le N\u00e9pal a adopt\u00e9 son premier plan d&rsquo;action national (PAN) en 2011 pour la p\u00e9riode 2011-2016.<\/span><\/p>\n<p><span><a href=\"https:\/\/drive.google.com\/file\/d\/1vlBhMmbQZYDDNjd3fcniM2gpjrQEZdzh\/view?usp=drive_link\" target=\"_blank\" rel=\"noopener\">T\u00e9l\u00e9charger le PDF (2011-2016)<\/a><\/span><\/p>\n<p>[\/et_pb_accordion_item][et_pb_accordion_item title=\u00a0\u00bbNouvelle-Z\u00e9lande\u00a0\u00bb open_toggle_text_color=\u00a0\u00bb#FFFFFF\u00a0\u00bb open_toggle_background_color=\u00a0\u00bbRGBA(255,255,255,0)\u00a0\u00bb closed_toggle_text_color=\u00a0\u00bb#0c71c3&Prime; closed_toggle_background_color=\u00a0\u00bbRGBA(255,255,255,0)\u00a0\u00bb icon_color=\u00a0\u00bbRGBA(255,255,255,0)\u00a0\u00bb _builder_version=\u00a0\u00bb4.21.0&Prime; _module_preset=\u00a0\u00bbdefault\u00a0\u00bb body_text_color=\u00a0\u00bb#c9c9c9&Prime; body_link_text_color=\u00a0\u00bb#FFFFFF\u00a0\u00bb background_enable_color=\u00a0\u00bboff\u00a0\u00bb custom_margin=\u00a0\u00bb||-2px||false|false\u00a0\u00bb custom_padding=\u00a0\u00bb||||false|false\u00a0\u00bb border_width_all=\u00a0\u00bb2px\u00a0\u00bb border_color_all=\u00a0\u00bb#0C71C3&Prime; global_colors_info=\u00a0\u00bb{}\u00a0\u00bb toggle_text_color=\u00a0\u00bb#0c71c3&Prime; toggle_font=\u00a0\u00bb||||||||\u00a0\u00bb toggle_font_size=\u00a0\u00bb19px\u00a0\u00bb open=\u00a0\u00bboff\u00a0\u00bb]<\/p>\n<p>La Nouvelle-Z\u00e9lande a adopt\u00e9 son premier plan d&rsquo;action national (PAN) en 2015 pour la p\u00e9riode 2015-2019.<\/p>\n<p><span><a href=\"https:\/\/drive.google.com\/file\/d\/1Qw4ru9jCpYuDU-SSYZNDMV6pEWdUU371\/view?usp=drive_link\" target=\"_blank\" rel=\"noopener\">T\u00e9l\u00e9charger le PDF (2015-2019)<\/a><\/span><\/p>\n<p>[\/et_pb_accordion_item][et_pb_accordion_item title=\u00a0\u00bbPhilippines\u00a0\u00bb open_toggle_text_color=\u00a0\u00bb#FFFFFF\u00a0\u00bb open_toggle_background_color=\u00a0\u00bbRGBA(255,255,255,0)\u00a0\u00bb closed_toggle_text_color=\u00a0\u00bb#0c71c3&Prime; closed_toggle_background_color=\u00a0\u00bbRGBA(255,255,255,0)\u00a0\u00bb icon_color=\u00a0\u00bbRGBA(255,255,255,0)\u00a0\u00bb _builder_version=\u00a0\u00bb4.21.0&Prime; _module_preset=\u00a0\u00bbdefault\u00a0\u00bb body_text_color=\u00a0\u00bb#c9c9c9&Prime; body_link_text_color=\u00a0\u00bb#FFFFFF\u00a0\u00bb background_enable_color=\u00a0\u00bboff\u00a0\u00bb custom_margin=\u00a0\u00bb||-2px||false|false\u00a0\u00bb custom_padding=\u00a0\u00bb||||false|false\u00a0\u00bb border_width_all=\u00a0\u00bb2px\u00a0\u00bb border_color_all=\u00a0\u00bb#0C71C3&Prime; global_colors_info=\u00a0\u00bb{}\u00a0\u00bb toggle_text_color=\u00a0\u00bb#0c71c3&Prime; toggle_font=\u00a0\u00bb||||||||\u00a0\u00bb toggle_font_size=\u00a0\u00bb19px\u00a0\u00bb open=\u00a0\u00bboff\u00a0\u00bb]<\/p>\n<p><span>Les Philippines ont adopt\u00e9 leur plan d&rsquo;action national (PAN) le plus r\u00e9cent en 2017 pour la p\u00e9riode 2017-2022. Le deuxi\u00e8me PAN des Philippines est pr\u00e9c\u00e9d\u00e9 d&rsquo;un autre PAN, adopt\u00e9 en 2010 et mis en \u0153uvre pour la p\u00e9riode 2010-2016.<\/span><\/p>\n<p><span><a href=\"https:\/\/drive.google.com\/file\/d\/1xkCS9GVZHZPQp7iFWkBy1yqZzSZM75xF\/view?usp=drive_link\" target=\"_blank\" rel=\"noopener\">T\u00e9l\u00e9charger le PDF (2017-2022)<\/a><\/span><\/p>\n<p>[\/et_pb_accordion_item][et_pb_accordion_item title=\u00a0\u00bbCor\u00e9e du Sud\u00a0\u00bb open_toggle_text_color=\u00a0\u00bb#FFFFFF\u00a0\u00bb open_toggle_background_color=\u00a0\u00bbRGBA(255,255,255,0)\u00a0\u00bb closed_toggle_text_color=\u00a0\u00bb#0c71c3&Prime; closed_toggle_background_color=\u00a0\u00bbRGBA(255,255,255,0)\u00a0\u00bb icon_color=\u00a0\u00bbRGBA(255,255,255,0)\u00a0\u00bb _builder_version=\u00a0\u00bb4.21.0&Prime; _module_preset=\u00a0\u00bbdefault\u00a0\u00bb body_text_color=\u00a0\u00bb#c9c9c9&Prime; body_link_text_color=\u00a0\u00bb#FFFFFF\u00a0\u00bb background_enable_color=\u00a0\u00bboff\u00a0\u00bb custom_margin=\u00a0\u00bb||-2px||false|false\u00a0\u00bb custom_padding=\u00a0\u00bb||||false|false\u00a0\u00bb border_width_all=\u00a0\u00bb2px\u00a0\u00bb border_color_all=\u00a0\u00bb#0C71C3&Prime; global_colors_info=\u00a0\u00bb{}\u00a0\u00bb toggle_text_color=\u00a0\u00bb#0c71c3&Prime; toggle_font=\u00a0\u00bb||||||||\u00a0\u00bb toggle_font_size=\u00a0\u00bb19px\u00a0\u00bb open=\u00a0\u00bboff\u00a0\u00bb]<\/p>\n<p><span>La R\u00e9publique de Cor\u00e9e a adopt\u00e9 son dernier plan d&rsquo;action national (PAN) en 2018 pour la p\u00e9riode 2018-2021. Son pr\u00e9c\u00e9dent PAN a \u00e9t\u00e9 adopt\u00e9 en 2014 et mis en \u0153uvre pour la p\u00e9riode 2014-2018.<\/span><\/p>\n<p><span><a href=\"https:\/\/drive.google.com\/file\/d\/1_2ycnZRAumkYzI2izzQjBB9EErPKSC1E\/view?usp=drive_link\" target=\"_blank\" rel=\"noopener\">T\u00e9l\u00e9charger le PDF (2021-2023)<\/a><\/span><\/p>\n<p>[\/et_pb_accordion_item][et_pb_accordion_item title=\u00a0\u00bb\u00celes Salomon\u00a0\u00bb open_toggle_text_color=\u00a0\u00bb#FFFFFF\u00a0\u00bb open_toggle_background_color=\u00a0\u00bbRGBA(255,255,255,0)\u00a0\u00bb closed_toggle_text_color=\u00a0\u00bb#0c71c3&Prime; closed_toggle_background_color=\u00a0\u00bbRGBA(255,255,255,0)\u00a0\u00bb icon_color=\u00a0\u00bbRGBA(255,255,255,0)\u00a0\u00bb _builder_version=\u00a0\u00bb4.21.0&Prime; _module_preset=\u00a0\u00bbdefault\u00a0\u00bb body_text_color=\u00a0\u00bb#c9c9c9&Prime; body_link_text_color=\u00a0\u00bb#FFFFFF\u00a0\u00bb background_enable_color=\u00a0\u00bboff\u00a0\u00bb custom_margin=\u00a0\u00bb||-2px||false|false\u00a0\u00bb custom_padding=\u00a0\u00bb||||false|false\u00a0\u00bb border_width_all=\u00a0\u00bb2px\u00a0\u00bb border_color_all=\u00a0\u00bb#0C71C3&Prime; global_colors_info=\u00a0\u00bb{}\u00a0\u00bb toggle_text_color=\u00a0\u00bb#0c71c3&Prime; toggle_font=\u00a0\u00bb||||||||\u00a0\u00bb toggle_font_size=\u00a0\u00bb19px\u00a0\u00bb open=\u00a0\u00bboff\u00a0\u00bb]<\/p>\n<p><span>Les \u00celes Salomon ont adopt\u00e9 leur premier plan d&rsquo;action national (PAN) en 2017 pour la p\u00e9riode 2017-2021.<\/span><\/p>\n<p><span><a href=\"https:\/\/drive.google.com\/file\/d\/1Jimjz2SCaxHj6iZ4n5-VbbF07FCHGp0K\/view?usp=drive_link\" target=\"_blank\" rel=\"noopener\">T\u00e9l\u00e9charger le PDF (2017-2021)<\/a><\/span><\/p>\n<p>[\/et_pb_accordion_item][et_pb_accordion_item title=\u00a0\u00bbTadjikistan\u00a0\u00bb open_toggle_text_color=\u00a0\u00bb#FFFFFF\u00a0\u00bb open_toggle_background_color=\u00a0\u00bbRGBA(255,255,255,0)\u00a0\u00bb closed_toggle_text_color=\u00a0\u00bb#0c71c3&Prime; closed_toggle_background_color=\u00a0\u00bbRGBA(255,255,255,0)\u00a0\u00bb icon_color=\u00a0\u00bbRGBA(255,255,255,0)\u00a0\u00bb _builder_version=\u00a0\u00bb4.21.0&Prime; _module_preset=\u00a0\u00bbdefault\u00a0\u00bb body_text_color=\u00a0\u00bb#c9c9c9&Prime; body_link_text_color=\u00a0\u00bb#FFFFFF\u00a0\u00bb background_enable_color=\u00a0\u00bboff\u00a0\u00bb custom_margin=\u00a0\u00bb||-2px||false|false\u00a0\u00bb custom_padding=\u00a0\u00bb||||false|false\u00a0\u00bb border_width_all=\u00a0\u00bb2px\u00a0\u00bb border_color_all=\u00a0\u00bb#0C71C3&Prime; global_colors_info=\u00a0\u00bb{}\u00a0\u00bb toggle_text_color=\u00a0\u00bb#0c71c3&Prime; toggle_font=\u00a0\u00bb||||||||\u00a0\u00bb toggle_font_size=\u00a0\u00bb19px\u00a0\u00bb open=\u00a0\u00bboff\u00a0\u00bb]<\/p>\n<p><span>Le Tadjikistan a adopt\u00e9 son dernier plan d&rsquo;action national (PAN) en 2019, pour la p\u00e9riode 2019-2022. Le deuxi\u00e8me PAN du Tadjikistan est pr\u00e9c\u00e9d\u00e9 d&rsquo;un autre PAN, adopt\u00e9 en 2014 et mis en \u0153uvre pour la p\u00e9riode 2014-2018.<\/span><\/p>\n<p><span><a href=\"https:\/\/drive.google.com\/file\/d\/1RZQm5BuZBmzTHEYZU7W3paF42SQ07M1A\/view?usp=drive_link\" target=\"_blank\" rel=\"noopener\">T\u00e9l\u00e9charger le PDF (2019-2022)<\/a><\/span><\/p>\n<p>[\/et_pb_accordion_item][et_pb_accordion_item title=\u00a0\u00bbTimor oriental\u00a0\u00bb open_toggle_text_color=\u00a0\u00bb#FFFFFF\u00a0\u00bb open_toggle_background_color=\u00a0\u00bbRGBA(255,255,255,0)\u00a0\u00bb closed_toggle_text_color=\u00a0\u00bb#0c71c3&Prime; closed_toggle_background_color=\u00a0\u00bbRGBA(255,255,255,0)\u00a0\u00bb icon_color=\u00a0\u00bbRGBA(255,255,255,0)\u00a0\u00bb _builder_version=\u00a0\u00bb4.21.0&Prime; _module_preset=\u00a0\u00bbdefault\u00a0\u00bb body_text_color=\u00a0\u00bb#c9c9c9&Prime; body_link_text_color=\u00a0\u00bb#FFFFFF\u00a0\u00bb background_enable_color=\u00a0\u00bboff\u00a0\u00bb custom_margin=\u00a0\u00bb||-2px||false|false\u00a0\u00bb custom_padding=\u00a0\u00bb||||false|false\u00a0\u00bb border_width_all=\u00a0\u00bb2px\u00a0\u00bb border_color_all=\u00a0\u00bb#0C71C3&Prime; global_colors_info=\u00a0\u00bb{}\u00a0\u00bb toggle_text_color=\u00a0\u00bb#0c71c3&Prime; toggle_font=\u00a0\u00bb||||||||\u00a0\u00bb toggle_font_size=\u00a0\u00bb19px\u00a0\u00bb open=\u00a0\u00bboff\u00a0\u00bb]<\/p>\n<p><span>Le Timor-Leste a adopt\u00e9 son premier plan d&rsquo;action national (PAN) en 2016 pour la p\u00e9riode 2016-2020.<\/span><\/p>\n<p><span><a href=\"https:\/\/drive.google.com\/file\/d\/1t69G25E1IS2B3Ky9i8QvqlKt3PqUi9VK\/view?usp=drive_link\" target=\"_blank\" rel=\"noopener\">T\u00e9l\u00e9charger le PDF (2016-2020)<\/a><\/span><\/p>\n<p>[\/et_pb_accordion_item][\/et_pb_accordion][\/et_pb_column][et_pb_column type=\u00a0\u00bb1_5&Prime; _builder_version=\u00a0\u00bb4.16&Prime; _module_preset=\u00a0\u00bbdefault\u00a0\u00bb global_colors_info=\u00a0\u00bb{}\u00a0\u00bb][et_pb_image src=\u00a0\u00bbhttps:\/\/mujerespazyseguridad.co\/wp-content\/uploads\/2023\/05\/MujeresPazYSeguridad_PlanesDeAccion_Europa-2.png\u00a0\u00bb title_text=\u00a0\u00bbPlans d&rsquo;action des femmes pour la paix et la s\u00e9curit\u00e9 en Europe\u00a0\u00bb force_fullwidth=\u00a0\u00bbon\u00a0\u00bb _builder_version=\u00a0\u00bb4.21.0&Prime; _module_preset=\u00a0\u00bbdefault\u00a0\u00bb global_colors_info=\u00a0\u00bb{}\u00a0\u00bb][\/et_pb_image][et_pb_blurb title=\u00a0\u00bbL&rsquo;Europe\u00a0\u00bb url=\u00a0\u00bbhttps:\/\/mujerespazyseguridad.co\/wp-content\/uploads\/2021\/08\/I_Informe1325_espanol.pdf\u00a0\u00bb url_new_window=\u00a0\u00bbon\u00a0\u00bb _builder_version=\u00a0\u00bb4.21.0&Prime; _module_preset=\u00a0\u00bbdefault\u00a0\u00bb header_text_color=\u00a0\u00bb#edef62&Prime; header_font_size=\u00a0\u00bb1.4em\u00a0\u00bb header_line_height=\u00a0\u00bb1.4em\u00a0\u00bb body_text_color=\u00a0\u00bb#c9c9c9&Prime; body_link_text_color=\u00a0\u00bb#FFFFFF\u00a0\u00bb text_orientation=\u00a0\u00bbcenter\u00a0\u00bb background_layout=\u00a0\u00bbdark\u00a0\u00bb global_colors_info=\u00a0\u00bb{}\u00a0\u00bb][\/et_pb_blurb][et_pb_accordion _builder_version=\u00a0\u00bb4.21.0&Prime; _module_preset=\u00a0\u00bbdefault\u00a0\u00bb custom_margin=\u00a0\u00bb||||false|false\u00a0\u00bb custom_padding=\u00a0\u00bb||||false|false\u00a0\u00bb global_colors_info=\u00a0\u00bb{}\u00a0\u00bb][et_pb_accordion_item title=\u00a0\u00bbAlbanie\u00a0\u00bb open=\u00a0\u00bbon\u00a0\u00bb open_toggle_text_color=\u00a0\u00bb#FFFFFF\u00a0\u00bb open_toggle_background_color=\u00a0\u00bbRGBA(255,255,255,0)\u00a0\u00bb closed_toggle_text_color=\u00a0\u00bb#0c71c3&Prime; closed_toggle_background_color=\u00a0\u00bbRGBA(255,255,255,0)\u00a0\u00bb icon_color=\u00a0\u00bbRGBA(255,255,255,0)\u00a0\u00bb _builder_version=\u00a0\u00bb4.21.0&Prime; _module_preset=\u00a0\u00bbdefault\u00a0\u00bb body_text_color=\u00a0\u00bb#c9c9c9&Prime; body_link_text_color=\u00a0\u00bb#FFFFFF\u00a0\u00bb background_enable_color=\u00a0\u00bboff\u00a0\u00bb custom_margin=\u00a0\u00bb||-2px||false|false\u00a0\u00bb custom_padding=\u00a0\u00bb||||false|false\u00a0\u00bb border_width_all=\u00a0\u00bb2px\u00a0\u00bb border_color_all=\u00a0\u00bb#0C71C3&Prime; global_colors_info=\u00a0\u00bb{}\u00a0\u00bb toggle_text_color=\u00a0\u00bb#0c71c3&Prime; toggle_font=\u00a0\u00bb||||||||\u00a0\u00bb toggle_font_size=\u00a0\u00bb19px\u00a0\u00bb]<\/p>\n<p><span>L&rsquo;Albanie a lanc\u00e9 son premier plan d&rsquo;action national WPS en 2018.<\/span><\/p>\n<p><span><a href=\"https:\/\/drive.google.com\/file\/d\/1sIaEjGbq3FvqX_vD4RtCe6B9h4O3JHWr\/view?usp=share_link\" target=\"_blank\" rel=\"noopener\">T\u00e9l\u00e9charger le PDF (2018-2020)<\/a><\/span><\/p>\n<p>[\/et_pb_accordion_item][et_pb_accordion_item title=\u00a0\u00bbAllemagne\u00a0\u00bb open_toggle_text_color=\u00a0\u00bb#FFFFFF\u00a0\u00bb open_toggle_background_color=\u00a0\u00bbRGBA(255,255,255,0)\u00a0\u00bb closed_toggle_text_color=\u00a0\u00bb#0c71c3&Prime; closed_toggle_background_color=\u00a0\u00bbRGBA(255,255,255,0)\u00a0\u00bb icon_color=\u00a0\u00bbRGBA(255,255,255,0)\u00a0\u00bb _builder_version=\u00a0\u00bb4.21.0&Prime; _module_preset=\u00a0\u00bbdefault\u00a0\u00bb body_text_color=\u00a0\u00bb#c9c9c9&Prime; body_link_text_color=\u00a0\u00bb#FFFFFF\u00a0\u00bb background_enable_color=\u00a0\u00bboff\u00a0\u00bb custom_margin=\u00a0\u00bb||-2px||false|false\u00a0\u00bb custom_padding=\u00a0\u00bb||||false|false\u00a0\u00bb border_width_all=\u00a0\u00bb2px\u00a0\u00bb border_color_all=\u00a0\u00bb#0C71C3&Prime; global_colors_info=\u00a0\u00bb{}\u00a0\u00bb toggle_text_color=\u00a0\u00bb#0c71c3&Prime; toggle_font=\u00a0\u00bb||||||||\u00a0\u00bb toggle_font_size=\u00a0\u00bb19px\u00a0\u00bb open=\u00a0\u00bboff\u00a0\u00bb]<\/p>\n<p><span>L&rsquo;Allemagne a adopt\u00e9 son dernier plan d&rsquo;action national (PAN) en 2021 pour la p\u00e9riode 2021-2024. Le troisi\u00e8me PAN de l&rsquo;Allemagne est pr\u00e9c\u00e9d\u00e9 de deux autres, pour les p\u00e9riodes 2017-2020 et 2013-2016.<\/span><\/p>\n<p><span><a href=\"https:\/\/drive.google.com\/file\/d\/1_kIL7ZSCIREcMGgN2Um3bcqmVsVZiA0f\/view?usp=drive_link\" target=\"_blank\" rel=\"noopener\">T\u00e9l\u00e9charger le PDF (2021-2024)<\/a><\/span><\/p>\n<p>[\/et_pb_accordion_item][et_pb_accordion_item title=\u00a0\u00bbArm\u00e9nie\u00a0\u00bb open_toggle_text_color=\u00a0\u00bb#FFFFFF\u00a0\u00bb open_toggle_background_color=\u00a0\u00bbRGBA(255,255,255,0)\u00a0\u00bb closed_toggle_text_color=\u00a0\u00bb#0c71c3&Prime; closed_toggle_background_color=\u00a0\u00bbRGBA(255,255,255,0)\u00a0\u00bb icon_color=\u00a0\u00bbRGBA(255,255,255,0)\u00a0\u00bb _builder_version=\u00a0\u00bb4.21.0&Prime; _module_preset=\u00a0\u00bbdefault\u00a0\u00bb body_text_color=\u00a0\u00bb#c9c9c9&Prime; body_link_text_color=\u00a0\u00bb#FFFFFF\u00a0\u00bb background_enable_color=\u00a0\u00bboff\u00a0\u00bb custom_margin=\u00a0\u00bb||-2px||false|false\u00a0\u00bb custom_padding=\u00a0\u00bb||||false|false\u00a0\u00bb border_width_all=\u00a0\u00bb2px\u00a0\u00bb border_color_all=\u00a0\u00bb#0C71C3&Prime; global_colors_info=\u00a0\u00bb{}\u00a0\u00bb toggle_text_color=\u00a0\u00bb#0c71c3&Prime; toggle_font=\u00a0\u00bb||||||||\u00a0\u00bb toggle_font_size=\u00a0\u00bb19px\u00a0\u00bb open=\u00a0\u00bboff\u00a0\u00bb]<\/p>\n<p><span>L&rsquo;Arm\u00e9nie a adopt\u00e9 son premier plan d&rsquo;action national (PAN) en 2019 pour la p\u00e9riode 2019-2021.<\/span><\/p>\n<p><span><a href=\"https:\/\/drive.google.com\/file\/d\/1s9JkiI7P909JawPVto4KuoyZiZ-j_rVa\/view?usp=share_link\" target=\"_blank\" rel=\"noopener\">T\u00e9l\u00e9charger le PDF (2019-2021)<\/a><\/span><\/p>\n<p>[\/et_pb_accordion_item][et_pb_accordion_item title=\u00a0\u00bbAutriche\u00a0\u00bb open_toggle_text_color=\u00a0\u00bb#FFFFFF\u00a0\u00bb open_toggle_background_color=\u00a0\u00bbRGBA(255,255,255,0)\u00a0\u00bb closed_toggle_text_color=\u00a0\u00bb#0c71c3&Prime; closed_toggle_background_color=\u00a0\u00bbRGBA(255,255,255,0)\u00a0\u00bb icon_color=\u00a0\u00bbRGBA(255,255,255,0)\u00a0\u00bb _builder_version=\u00a0\u00bb4.21.0&Prime; _module_preset=\u00a0\u00bbdefault\u00a0\u00bb body_text_color=\u00a0\u00bb#c9c9c9&Prime; body_link_text_color=\u00a0\u00bb#FFFFFF\u00a0\u00bb background_enable_color=\u00a0\u00bboff\u00a0\u00bb custom_margin=\u00a0\u00bb||-2px||false|false\u00a0\u00bb custom_padding=\u00a0\u00bb||||false|false\u00a0\u00bb border_width_all=\u00a0\u00bb2px\u00a0\u00bb border_color_all=\u00a0\u00bb#0C71C3&Prime; global_colors_info=\u00a0\u00bb{}\u00a0\u00bb toggle_text_color=\u00a0\u00bb#0c71c3&Prime; toggle_font=\u00a0\u00bb||||||||\u00a0\u00bb toggle_font_size=\u00a0\u00bb19px\u00a0\u00bb open=\u00a0\u00bboff\u00a0\u00bb]<\/p>\n<p><span>L&rsquo;Autriche a adopt\u00e9 son dernier plan d&rsquo;action national (PAN) en 2012. Son pr\u00e9c\u00e9dent PAN a \u00e9t\u00e9 adopt\u00e9 en 2007.<\/span><\/p>\n<p><span><a href=\"https:\/\/drive.google.com\/file\/d\/1129Hn2NoRsb5L2ZzTqIsg-RamDU3U5Es\/view?usp=share_link\" target=\"_blank\" rel=\"noopener\">T\u00e9l\u00e9charger le PDF (2007)<\/a><\/span><\/p>\n<p><span><a href=\"https:\/\/drive.google.com\/file\/d\/1CB4dlDeqqmZ9sM3VY8lXldkJFtuShwuU\/view?usp=share_link\" target=\"_blank\" rel=\"noopener\">T\u00e9l\u00e9charger le PDF (2012)<\/a><\/span><\/p>\n<p>[\/et_pb_accordion_item][et_pb_accordion_item title=\u00a0\u00bbAzerba\u00efdjan\u00a0\u00bb open_toggle_text_color=\u00a0\u00bb#FFFFFF\u00a0\u00bb open_toggle_background_color=\u00a0\u00bbRGBA(255,255,255,0)\u00a0\u00bb closed_toggle_text_color=\u00a0\u00bb#0c71c3&Prime; closed_toggle_background_color=\u00a0\u00bbRGBA(255,255,255,0)\u00a0\u00bb icon_color=\u00a0\u00bbRGBA(255,255,255,0)\u00a0\u00bb _builder_version=\u00a0\u00bb4.21.0&Prime; _module_preset=\u00a0\u00bbdefault\u00a0\u00bb body_text_color=\u00a0\u00bb#c9c9c9&Prime; body_link_text_color=\u00a0\u00bb#FFFFFF\u00a0\u00bb background_enable_color=\u00a0\u00bboff\u00a0\u00bb custom_margin=\u00a0\u00bb||-2px||false|false\u00a0\u00bb custom_padding=\u00a0\u00bb||||false|false\u00a0\u00bb border_width_all=\u00a0\u00bb2px\u00a0\u00bb border_color_all=\u00a0\u00bb#0C71C3&Prime; global_colors_info=\u00a0\u00bb{}\u00a0\u00bb toggle_text_color=\u00a0\u00bb#0c71c3&Prime; toggle_font=\u00a0\u00bb||||||||\u00a0\u00bb toggle_font_size=\u00a0\u00bb19px\u00a0\u00bb open=\u00a0\u00bboff\u00a0\u00bb]<\/p>\n<p><span>L&rsquo;Azerba\u00efdjan a \u00e9labor\u00e9 un plan d&rsquo;action national pour la p\u00e9riode 2020-2023.<\/span><\/p>\n<p><span><a href=\"https:\/\/drive.google.com\/file\/d\/1ybv4YSUct2t-X1zUWmGRnJk9Y9ZAfluS\/view?usp=drive_link\" target=\"_blank\" rel=\"noopener\">T\u00e9l\u00e9charger le PDF (2020-2023)<\/a><\/span><\/p>\n<p>[\/et_pb_accordion_item][et_pb_accordion_item title=\u00a0\u00bbBelgique\u00a0\u00bb open_toggle_text_color=\u00a0\u00bb#FFFFFF\u00a0\u00bb open_toggle_background_color=\u00a0\u00bbRGBA(255,255,255,0)\u00a0\u00bb closed_toggle_text_color=\u00a0\u00bb#0c71c3&Prime; closed_toggle_background_color=\u00a0\u00bbRGBA(255,255,255,0)\u00a0\u00bb icon_color=\u00a0\u00bbRGBA(255,255,255,0)\u00a0\u00bb _builder_version=\u00a0\u00bb4.21.0&Prime; _module_preset=\u00a0\u00bbdefault\u00a0\u00bb body_text_color=\u00a0\u00bb#c9c9c9&Prime; body_link_text_color=\u00a0\u00bb#FFFFFF\u00a0\u00bb background_enable_color=\u00a0\u00bboff\u00a0\u00bb custom_margin=\u00a0\u00bb||-2px||false|false\u00a0\u00bb custom_padding=\u00a0\u00bb||||false|false\u00a0\u00bb border_width_all=\u00a0\u00bb2px\u00a0\u00bb border_color_all=\u00a0\u00bb#0C71C3&Prime; global_colors_info=\u00a0\u00bb{}\u00a0\u00bb toggle_text_color=\u00a0\u00bb#0c71c3&Prime; toggle_font=\u00a0\u00bb||||||||\u00a0\u00bb toggle_font_size=\u00a0\u00bb19px\u00a0\u00bb open=\u00a0\u00bboff\u00a0\u00bb]<\/p>\n<p><span>La Belgique a adopt\u00e9 son dernier plan d&rsquo;action national (PAN) en 2017 pour la p\u00e9riode 2017-2021. Le troisi\u00e8me PAN de la Belgique est pr\u00e9c\u00e9d\u00e9 de deux autres PAN adopt\u00e9s en 2008 et 2013 et mis en \u0153uvre pour les p\u00e9riodes 2008-2012 et 2013-2016, respectivement.<\/span><\/p>\n<p><span><a href=\"https:\/\/drive.google.com\/file\/d\/1PWbCyJnF6hwI4kkcO0JE7oB16_Mbm6zX\/view?usp=drive_link\" target=\"_blank\" rel=\"noopener\">T\u00e9l\u00e9charger le PDF (2017-2021)<\/a><\/span><\/p>\n<p><span><a href=\"https:\/\/drive.google.com\/file\/d\/1PWbCyJnF6hwI4kkcO0JE7oB16_Mbm6zX\/view?usp=drive_link\" target=\"_blank\" rel=\"noopener\">T\u00e9l\u00e9charger le PDF (2013-2016)<\/a><\/span><\/p>\n<p><span><a href=\"https:\/\/drive.google.com\/file\/d\/12x7eq3QmyhxvtJIa-TPVy-RKnlYtyOR3\/view?usp=drive_link\" target=\"_blank\" rel=\"noopener\">T\u00e9l\u00e9charger le PDF (2008-2012)<\/a><\/span><\/p>\n<p>[\/et_pb_accordion_item][et_pb_accordion_item title=\u00a0\u00bbBosnie et Herz\u00e9govine\u00a0\u00bb open_toggle_text_color=\u00a0\u00bb#FFFFFF\u00a0\u00bb open_toggle_background_color=\u00a0\u00bbRGBA(255,255,255,0)\u00a0\u00bb closed_toggle_text_color=\u00a0\u00bb#0c71c3&Prime; closed_toggle_background_color=\u00a0\u00bbRGBA(255,255,255,0)\u00a0\u00bb icon_color=\u00a0\u00bbRGBA(255,255,255,0)\u00a0\u00bb _builder_version=\u00a0\u00bb4.21.0&Prime; _module_preset=\u00a0\u00bbdefault\u00a0\u00bb body_text_color=\u00a0\u00bb#c9c9c9&Prime; body_link_text_color=\u00a0\u00bb#FFFFFF\u00a0\u00bb background_enable_color=\u00a0\u00bboff\u00a0\u00bb custom_margin=\u00a0\u00bb||-2px||false|false\u00a0\u00bb custom_padding=\u00a0\u00bb||||false|false\u00a0\u00bb border_width_all=\u00a0\u00bb2px\u00a0\u00bb border_color_all=\u00a0\u00bb#0C71C3&Prime; global_colors_info=\u00a0\u00bb{}\u00a0\u00bb toggle_text_color=\u00a0\u00bb#0c71c3&Prime; toggle_font=\u00a0\u00bb||||||||\u00a0\u00bb toggle_font_size=\u00a0\u00bb19px\u00a0\u00bb open=\u00a0\u00bboff\u00a0\u00bb]<\/p>\n<p><span>La Bosnie-Herz\u00e9govine a adopt\u00e9 son dernier plan d&rsquo;action national (PAN) en 2018, pour la p\u00e9riode 2018-2022. Le troisi\u00e8me PAN de la Bosnie-Herz\u00e9govine est pr\u00e9c\u00e9d\u00e9 de deux autres PAN, adopt\u00e9s en 2010 et 2014 et mis en \u0153uvre pour les p\u00e9riodes 2010-2013 et 2014-2017, respectivement.<\/span><\/p>\n<p><span><a href=\"https:\/\/drive.google.com\/file\/d\/1YcpPs6aez1xhsgqt8_nqugaJaxvCqis9\/view?usp=drive_link\" target=\"_blank\" rel=\"noopener\">T\u00e9l\u00e9charger le PDF (2018-2022)<\/a><\/span><\/p>\n<p>[\/et_pb_accordion_item][et_pb_accordion_item title=\u00a0\u00bbBulgarie\u00a0\u00bb open_toggle_text_color=\u00a0\u00bb#FFFFFF\u00a0\u00bb open_toggle_background_color=\u00a0\u00bbRGBA(255,255,255,0)\u00a0\u00bb closed_toggle_text_color=\u00a0\u00bb#0c71c3&Prime; closed_toggle_background_color=\u00a0\u00bbRGBA(255,255,255,0)\u00a0\u00bb icon_color=\u00a0\u00bbRGBA(255,255,255,0)\u00a0\u00bb _builder_version=\u00a0\u00bb4.21.0&Prime; _module_preset=\u00a0\u00bbdefault\u00a0\u00bb body_text_color=\u00a0\u00bb#c9c9c9&Prime; body_link_text_color=\u00a0\u00bb#FFFFFF\u00a0\u00bb background_enable_color=\u00a0\u00bboff\u00a0\u00bb custom_margin=\u00a0\u00bb||-2px||false|false\u00a0\u00bb custom_padding=\u00a0\u00bb||||false|false\u00a0\u00bb border_width_all=\u00a0\u00bb2px\u00a0\u00bb border_color_all=\u00a0\u00bb#0C71C3&Prime; global_colors_info=\u00a0\u00bb{}\u00a0\u00bb toggle_text_color=\u00a0\u00bb#0c71c3&Prime; toggle_font=\u00a0\u00bb||||||||\u00a0\u00bb toggle_font_size=\u00a0\u00bb19px\u00a0\u00bb open=\u00a0\u00bboff\u00a0\u00bb]<\/p>\n<p><span>La Bulgarie a adopt\u00e9 son premier plan d&rsquo;action national, qui sera mis en \u0153uvre pour la p\u00e9riode 2020-2025.<\/span><\/p>\n<p><span><a href=\"https:\/\/drive.google.com\/file\/d\/1UfFnkv3IuspZBBIz5vT1F3mfrFLF9luW\/view?usp=drive_link\" target=\"_blank\" rel=\"noopener\">T\u00e9l\u00e9charger le PDF (2020-2025)<\/a><\/span><\/p>\n<p>[\/et_pb_accordion_item][et_pb_accordion_item title=\u00a0\u00bbCroatie\u00a0\u00bb open_toggle_text_color=\u00a0\u00bb#FFFFFF\u00a0\u00bb open_toggle_background_color=\u00a0\u00bbRGBA(255,255,255,0)\u00a0\u00bb closed_toggle_text_color=\u00a0\u00bb#0c71c3&Prime; closed_toggle_background_color=\u00a0\u00bbRGBA(255,255,255,0)\u00a0\u00bb icon_color=\u00a0\u00bbRGBA(255,255,255,0)\u00a0\u00bb _builder_version=\u00a0\u00bb4.21.0&Prime; _module_preset=\u00a0\u00bbdefault\u00a0\u00bb body_text_color=\u00a0\u00bb#c9c9c9&Prime; body_link_text_color=\u00a0\u00bb#FFFFFF\u00a0\u00bb background_enable_color=\u00a0\u00bboff\u00a0\u00bb custom_margin=\u00a0\u00bb||-2px||false|false\u00a0\u00bb custom_padding=\u00a0\u00bb||||false|false\u00a0\u00bb border_width_all=\u00a0\u00bb2px\u00a0\u00bb border_color_all=\u00a0\u00bb#0C71C3&Prime; global_colors_info=\u00a0\u00bb{}\u00a0\u00bb toggle_text_color=\u00a0\u00bb#0c71c3&Prime; toggle_font=\u00a0\u00bb||||||||\u00a0\u00bb toggle_font_size=\u00a0\u00bb19px\u00a0\u00bb open=\u00a0\u00bboff\u00a0\u00bb]<\/p>\n<p><span>La Croatie a adopt\u00e9 son dernier plan d&rsquo;action national (PAN) en 2019 pour la p\u00e9riode 2019-2023. Le deuxi\u00e8me PAN de la Croatie est pr\u00e9c\u00e9d\u00e9 d&rsquo;un autre PAN, adopt\u00e9 en 2011 et mis en \u0153uvre pour la p\u00e9riode 2011-2014.<\/span><\/p>\n<p><span><a href=\"https:\/\/drive.google.com\/file\/d\/1k34VFN-AuhWZF7QzClK5Jca2j7acYHia\/view?usp=drive_link\" target=\"_blank\" rel=\"noopener\">T\u00e9l\u00e9charger le PDF (2019-2023)<\/a><\/span><\/p>\n<p><span><a href=\"https:\/\/drive.google.com\/file\/d\/1MyJrvqfJCtw6rKI-tB1hPKUWOOnaOmoJ\/view?usp=drive_link\" target=\"_blank\" rel=\"noopener\">T\u00e9l\u00e9charger le PDF (2011-2014)<\/a><\/span><\/p>\n<p>[\/et_pb_accordion_item][et_pb_accordion_item title=\u00a0\u00bbChypre\u00a0\u00bb open_toggle_text_color=\u00a0\u00bb#FFFFFF\u00a0\u00bb open_toggle_background_color=\u00a0\u00bbRGBA(255,255,255,0)\u00a0\u00bb closed_toggle_text_color=\u00a0\u00bb#0c71c3&Prime; closed_toggle_background_color=\u00a0\u00bbRGBA(255,255,255,0)\u00a0\u00bb icon_color=\u00a0\u00bbRGBA(255,255,255,0)\u00a0\u00bb _builder_version=\u00a0\u00bb4.21.0&Prime; _module_preset=\u00a0\u00bbdefault\u00a0\u00bb body_text_color=\u00a0\u00bb#c9c9c9&Prime; body_link_text_color=\u00a0\u00bb#FFFFFF\u00a0\u00bb background_enable_color=\u00a0\u00bboff\u00a0\u00bb custom_margin=\u00a0\u00bb||-2px||false|false\u00a0\u00bb custom_padding=\u00a0\u00bb||||false|false\u00a0\u00bb border_width_all=\u00a0\u00bb2px\u00a0\u00bb border_color_all=\u00a0\u00bb#0C71C3&Prime; global_colors_info=\u00a0\u00bb{}\u00a0\u00bb toggle_text_color=\u00a0\u00bb#0c71c3&Prime; toggle_font=\u00a0\u00bb||||||||\u00a0\u00bb toggle_font_size=\u00a0\u00bb19px\u00a0\u00bb open=\u00a0\u00bboff\u00a0\u00bb]<\/p>\n<p><span>Chypre a adopt\u00e9 son premier plan d&rsquo;action national en 2020, pour la p\u00e9riode 2021-2025.<\/span><\/p>\n<p><span><a href=\"https:\/\/drive.google.com\/file\/d\/1RRKG_jSoFA7hm6ZCGOYDr6HotyY2XllS\/view?usp=drive_link\" target=\"_blank\" rel=\"noopener\">T\u00e9l\u00e9charger le PDF (2021-2025)<\/a><\/span><\/p>\n<p>&nbsp;<\/p>\n<p>[\/et_pb_accordion_item][et_pb_accordion_item title=\u00a0\u00bbDanemark\u00a0\u00bb open_toggle_text_color=\u00a0\u00bb#FFFFFF\u00a0\u00bb open_toggle_background_color=\u00a0\u00bbRGBA(255,255,255,0)\u00a0\u00bb closed_toggle_text_color=\u00a0\u00bb#0c71c3&Prime; closed_toggle_background_color=\u00a0\u00bbRGBA(255,255,255,0)\u00a0\u00bb icon_color=\u00a0\u00bbRGBA(255,255,255,0)\u00a0\u00bb _builder_version=\u00a0\u00bb4.21.0&Prime; _module_preset=\u00a0\u00bbdefault\u00a0\u00bb body_text_color=\u00a0\u00bb#c9c9c9&Prime; body_link_text_color=\u00a0\u00bb#FFFFFF\u00a0\u00bb background_enable_color=\u00a0\u00bboff\u00a0\u00bb custom_margin=\u00a0\u00bb||-2px||false|false\u00a0\u00bb custom_padding=\u00a0\u00bb||||false|false\u00a0\u00bb border_width_all=\u00a0\u00bb2px\u00a0\u00bb border_color_all=\u00a0\u00bb#0C71C3&Prime; global_colors_info=\u00a0\u00bb{}\u00a0\u00bb toggle_text_color=\u00a0\u00bb#0c71c3&Prime; toggle_font=\u00a0\u00bb||||||||\u00a0\u00bb toggle_font_size=\u00a0\u00bb19px\u00a0\u00bb open=\u00a0\u00bboff\u00a0\u00bb]<\/p>\n<p><span>Le Danemark a adopt\u00e9 son dernier plan d&rsquo;action national (PAN) en 2020 pour la p\u00e9riode 2020-2024. Son quatri\u00e8me PAN est pr\u00e9c\u00e9d\u00e9 de trois autres, pour les p\u00e9riodes 2014-2019, 2008-2013 et 2005-2007.<\/span><\/p>\n<p><span><a href=\"https:\/\/drive.google.com\/file\/d\/1ueA_Vmu5ZO8QydILs3F66KkM9sLz-dyF\/view?usp=drive_link\" target=\"_blank\" rel=\"noopener\">T\u00e9l\u00e9charger le PDF (2020-2024)<\/a><\/span><\/p>\n<p>&nbsp;<\/p>\n<p>[\/et_pb_accordion_item][et_pb_accordion_item title=\u00a0\u00bbEstonie\u00a0\u00bb open_toggle_text_color=\u00a0\u00bb#FFFFFF\u00a0\u00bb open_toggle_background_color=\u00a0\u00bbRGBA(255,255,255,0)\u00a0\u00bb closed_toggle_text_color=\u00a0\u00bb#0c71c3&Prime; closed_toggle_background_color=\u00a0\u00bbRGBA(255,255,255,0)\u00a0\u00bb icon_color=\u00a0\u00bbRGBA(255,255,255,0)\u00a0\u00bb _builder_version=\u00a0\u00bb4.21.0&Prime; _module_preset=\u00a0\u00bbdefault\u00a0\u00bb body_text_color=\u00a0\u00bb#c9c9c9&Prime; body_link_text_color=\u00a0\u00bb#FFFFFF\u00a0\u00bb background_enable_color=\u00a0\u00bboff\u00a0\u00bb custom_margin=\u00a0\u00bb||-2px||false|false\u00a0\u00bb custom_padding=\u00a0\u00bb||||false|false\u00a0\u00bb border_width_all=\u00a0\u00bb2px\u00a0\u00bb border_color_all=\u00a0\u00bb#0C71C3&Prime; global_colors_info=\u00a0\u00bb{}\u00a0\u00bb toggle_text_color=\u00a0\u00bb#0c71c3&Prime; toggle_font=\u00a0\u00bb||||||||\u00a0\u00bb toggle_font_size=\u00a0\u00bb19px\u00a0\u00bb open=\u00a0\u00bboff\u00a0\u00bb]<\/p>\n<p><span>L&rsquo;Estonie a adopt\u00e9 son dernier plan d&rsquo;action national (PAN) en 2021 pour la p\u00e9riode 2020-2025. Ce PAN est pr\u00e9c\u00e9d\u00e9 de deux autres, mis en \u0153uvre pour les p\u00e9riodes 2015-2019 et 2010-2014.<\/span><\/p>\n<p><span><a href=\"https:\/\/drive.google.com\/file\/d\/1mCJJhRSklba-2aLUN7QAQAYfzrnayo2a\/view?usp=drive_link\" target=\"_blank\" rel=\"noopener\">T\u00e9l\u00e9charger le PDF (2020-2025)<\/a><\/span><\/p>\n<p>&nbsp;<\/p>\n<p>[\/et_pb_accordion_item][et_pb_accordion_item title=\u00a0\u00bbFinlande\u00a0\u00bb open_toggle_text_color=\u00a0\u00bb#FFFFFF\u00a0\u00bb open_toggle_background_color=\u00a0\u00bbRGBA(255,255,255,0)\u00a0\u00bb closed_toggle_text_color=\u00a0\u00bb#0c71c3&Prime; closed_toggle_background_color=\u00a0\u00bbRGBA(255,255,255,0)\u00a0\u00bb icon_color=\u00a0\u00bbRGBA(255,255,255,0)\u00a0\u00bb _builder_version=\u00a0\u00bb4.21.0&Prime; _module_preset=\u00a0\u00bbdefault\u00a0\u00bb body_text_color=\u00a0\u00bb#c9c9c9&Prime; body_link_text_color=\u00a0\u00bb#FFFFFF\u00a0\u00bb background_enable_color=\u00a0\u00bboff\u00a0\u00bb custom_margin=\u00a0\u00bb||-2px||false|false\u00a0\u00bb custom_padding=\u00a0\u00bb||||false|false\u00a0\u00bb border_width_all=\u00a0\u00bb2px\u00a0\u00bb border_color_all=\u00a0\u00bb#0C71C3&Prime; global_colors_info=\u00a0\u00bb{}\u00a0\u00bb toggle_text_color=\u00a0\u00bb#0c71c3&Prime; toggle_font=\u00a0\u00bb||||||||\u00a0\u00bb toggle_font_size=\u00a0\u00bb19px\u00a0\u00bb open=\u00a0\u00bboff\u00a0\u00bb]<\/p>\n<p><span>La Finlande a adopt\u00e9 son dernier plan d&rsquo;action national (PAN) en 2018 pour la p\u00e9riode 2018-2021. Le troisi\u00e8me PAN de la Finlande est pr\u00e9c\u00e9d\u00e9 de deux autres PAN, adopt\u00e9s en 2008 et 2012 et mis en \u0153uvre pour les p\u00e9riodes 2008-2011 et 2012-2016, respectivement.<\/span><\/p>\n<p><span><a href=\"https:\/\/drive.google.com\/file\/d\/1hx_hU4z6vKw9ulcM0TeCR091ZHdsnvr_\/view?usp=drive_link\" target=\"_blank\" rel=\"noopener\">T\u00e9l\u00e9charger le PDF (2018-2021)<\/a><\/span><\/p>\n<p>&nbsp;<\/p>\n<p>[\/et_pb_accordion_item][et_pb_accordion_item title=\u00a0\u00bbFrance\u00a0\u00bb open_toggle_text_color=\u00a0\u00bb#FFFFFF\u00a0\u00bb open_toggle_background_color=\u00a0\u00bbRGBA(255,255,255,0)\u00a0\u00bb closed_toggle_text_color=\u00a0\u00bb#0c71c3&Prime; closed_toggle_background_color=\u00a0\u00bbRGBA(255,255,255,0)\u00a0\u00bb icon_color=\u00a0\u00bbRGBA(255,255,255,0)\u00a0\u00bb _builder_version=\u00a0\u00bb4.21.0&Prime; _module_preset=\u00a0\u00bbdefault\u00a0\u00bb body_text_color=\u00a0\u00bb#c9c9c9&Prime; body_link_text_color=\u00a0\u00bb#FFFFFF\u00a0\u00bb background_enable_color=\u00a0\u00bboff\u00a0\u00bb custom_margin=\u00a0\u00bb||-2px||false|false\u00a0\u00bb custom_padding=\u00a0\u00bb||||false|false\u00a0\u00bb border_width_all=\u00a0\u00bb2px\u00a0\u00bb border_color_all=\u00a0\u00bb#0C71C3&Prime; global_colors_info=\u00a0\u00bb{}\u00a0\u00bb toggle_text_color=\u00a0\u00bb#0c71c3&Prime; toggle_font=\u00a0\u00bb||||||||\u00a0\u00bb toggle_font_size=\u00a0\u00bb19px\u00a0\u00bb open=\u00a0\u00bboff\u00a0\u00bb]<\/p>\n<p><span>La France a adopt\u00e9 son dernier plan d&rsquo;action national (PAN) en 2021 pour la p\u00e9riode 2021-2025. Le troisi\u00e8me PAN de la France est pr\u00e9c\u00e9d\u00e9 de deux autres, qui ont \u00e9t\u00e9 mis en place entre 2015-2018 et 2010-2013.<\/span><\/p>\n<p><span><a href=\"https:\/\/drive.google.com\/file\/d\/1kTjBtXVTQs3oFfBywOLqyXsUw0vGr6No\/view?usp=drive_link\" target=\"_blank\" rel=\"noopener\">T\u00e9l\u00e9charger le PDF (2021-2025) &#8211; FR<\/a><\/span><\/p>\n<p>&nbsp;<\/p>\n<p>[\/et_pb_accordion_item][et_pb_accordion_item title=\u00a0\u00bbG\u00e9orgie\u00a0\u00bb open_toggle_text_color=\u00a0\u00bb#FFFFFF\u00a0\u00bb open_toggle_background_color=\u00a0\u00bbRGBA(255,255,255,0)\u00a0\u00bb closed_toggle_text_color=\u00a0\u00bb#0c71c3&Prime; closed_toggle_background_color=\u00a0\u00bbRGBA(255,255,255,0)\u00a0\u00bb icon_color=\u00a0\u00bbRGBA(255,255,255,0)\u00a0\u00bb _builder_version=\u00a0\u00bb4.21.0&Prime; _module_preset=\u00a0\u00bbdefault\u00a0\u00bb body_text_color=\u00a0\u00bb#c9c9c9&Prime; body_link_text_color=\u00a0\u00bb#FFFFFF\u00a0\u00bb background_enable_color=\u00a0\u00bboff\u00a0\u00bb custom_margin=\u00a0\u00bb||-2px||false|false\u00a0\u00bb custom_padding=\u00a0\u00bb||||false|false\u00a0\u00bb border_width_all=\u00a0\u00bb2px\u00a0\u00bb border_color_all=\u00a0\u00bb#0C71C3&Prime; global_colors_info=\u00a0\u00bb{}\u00a0\u00bb toggle_text_color=\u00a0\u00bb#0c71c3&Prime; toggle_font=\u00a0\u00bb||||||||\u00a0\u00bb toggle_font_size=\u00a0\u00bb19px\u00a0\u00bb open=\u00a0\u00bboff\u00a0\u00bb]<\/p>\n<p><span>La G\u00e9orgie a adopt\u00e9 son plan d&rsquo;action national (PAN) le plus r\u00e9cent en 2018 pour la p\u00e9riode 2018-2020. Le troisi\u00e8me PAN de la G\u00e9orgie est pr\u00e9c\u00e9d\u00e9 de deux autres PAN, adopt\u00e9s en 2012 et 2016 et mis en \u0153uvre pour la p\u00e9riode 2012-2015 et 2016-2017, respectivement.<\/span><\/p>\n<p><span><a href=\"https:\/\/drive.google.com\/file\/d\/1kTjBtXVTQs3oFfBywOLqyXsUw0vGr6No\/view?usp=drive_link\" target=\"_blank\" rel=\"noopener\">T\u00e9l\u00e9charger le PDF (2018-2020)<\/a><\/span><\/p>\n<p>&nbsp;<\/p>\n<p>[\/et_pb_accordion_item][et_pb_accordion_item title=\u00a0\u00bbIslande\u00a0\u00bb open_toggle_text_color=\u00a0\u00bb#FFFFFF\u00a0\u00bb open_toggle_background_color=\u00a0\u00bbRGBA(255,255,255,0)\u00a0\u00bb closed_toggle_text_color=\u00a0\u00bb#0c71c3&Prime; closed_toggle_background_color=\u00a0\u00bbRGBA(255,255,255,0)\u00a0\u00bb icon_color=\u00a0\u00bbRGBA(255,255,255,0)\u00a0\u00bb _builder_version=\u00a0\u00bb4.21.0&Prime; _module_preset=\u00a0\u00bbdefault\u00a0\u00bb body_text_color=\u00a0\u00bb#c9c9c9&Prime; body_link_text_color=\u00a0\u00bb#FFFFFF\u00a0\u00bb background_enable_color=\u00a0\u00bboff\u00a0\u00bb custom_margin=\u00a0\u00bb||-2px||false|false\u00a0\u00bb custom_padding=\u00a0\u00bb||||false|false\u00a0\u00bb border_width_all=\u00a0\u00bb2px\u00a0\u00bb border_color_all=\u00a0\u00bb#0C71C3&Prime; global_colors_info=\u00a0\u00bb{}\u00a0\u00bb toggle_text_color=\u00a0\u00bb#0c71c3&Prime; toggle_font=\u00a0\u00bb||||||||\u00a0\u00bb toggle_font_size=\u00a0\u00bb19px\u00a0\u00bb open=\u00a0\u00bboff\u00a0\u00bb]<\/p>\n<p><span>L&rsquo;Islande a adopt\u00e9 son dernier plan d&rsquo;action national (PAN) en 2018 pour la p\u00e9riode 2018-2022. Le troisi\u00e8me PAN de l&rsquo;Islande est pr\u00e9c\u00e9d\u00e9 de deux autres PAN, adopt\u00e9s en 2008 et 2013. Le premier PAN ne pr\u00e9cisait pas de p\u00e9riode de mise en \u0153uvre, tandis que le deuxi\u00e8me PAN a \u00e9t\u00e9 mis en \u0153uvre pour la p\u00e9riode 2013-2016.<\/span><\/p>\n<p><span><a href=\"https:\/\/drive.google.com\/file\/d\/1vdDlrHiUTVkb84V6ZZgokCzjF3u8HFiQ\/view?usp=drive_link\" target=\"_blank\" rel=\"noopener\">T\u00e9l\u00e9charger le PDF (2018-2022)<\/a><\/span><\/p>\n<p>&nbsp;<\/p>\n<p>[\/et_pb_accordion_item][et_pb_accordion_item title=\u00a0\u00bbIrlande\u00a0\u00bb open_toggle_text_color=\u00a0\u00bb#FFFFFF\u00a0\u00bb open_toggle_background_color=\u00a0\u00bbRGBA(255,255,255,0)\u00a0\u00bb closed_toggle_text_color=\u00a0\u00bb#0c71c3&Prime; closed_toggle_background_color=\u00a0\u00bbRGBA(255,255,255,0)\u00a0\u00bb icon_color=\u00a0\u00bbRGBA(255,255,255,0)\u00a0\u00bb _builder_version=\u00a0\u00bb4.21.0&Prime; _module_preset=\u00a0\u00bbdefault\u00a0\u00bb body_text_color=\u00a0\u00bb#c9c9c9&Prime; body_link_text_color=\u00a0\u00bb#FFFFFF\u00a0\u00bb background_enable_color=\u00a0\u00bboff\u00a0\u00bb custom_margin=\u00a0\u00bb||-2px||false|false\u00a0\u00bb custom_padding=\u00a0\u00bb||||false|false\u00a0\u00bb border_width_all=\u00a0\u00bb2px\u00a0\u00bb border_color_all=\u00a0\u00bb#0C71C3&Prime; global_colors_info=\u00a0\u00bb{}\u00a0\u00bb toggle_text_color=\u00a0\u00bb#0c71c3&Prime; toggle_font=\u00a0\u00bb||||||||\u00a0\u00bb toggle_font_size=\u00a0\u00bb19px\u00a0\u00bb open=\u00a0\u00bboff\u00a0\u00bb]<\/p>\n<p><span>L&rsquo;Irlande a adopt\u00e9 son dernier plan d&rsquo;action national (PAN) en 2019 pour la p\u00e9riode 2019-2024. Le troisi\u00e8me PAN de l&rsquo;Irlande est pr\u00e9c\u00e9d\u00e9 de deux autres PAN, adopt\u00e9s en 2011 et 2015 et mis en \u0153uvre pour les p\u00e9riodes 2011-2014 et 2015-2018, respectivement.<\/span><\/p>\n<p><span><a href=\"https:\/\/drive.google.com\/file\/d\/1BaEU5dZ3ahwFV3CGpG9-6rGOYx41af1O\/view?usp=drive_link\" target=\"_blank\" rel=\"noopener\">T\u00e9l\u00e9charger le PDF (2019-2024)<\/a><\/span><\/p>\n<p>&nbsp;<\/p>\n<p>[\/et_pb_accordion_item][et_pb_accordion_item title=\u00a0\u00bbItalie\u00a0\u00bb open_toggle_text_color=\u00a0\u00bb#FFFFFF\u00a0\u00bb open_toggle_background_color=\u00a0\u00bbRGBA(255,255,255,0)\u00a0\u00bb closed_toggle_text_color=\u00a0\u00bb#0c71c3&Prime; closed_toggle_background_color=\u00a0\u00bbRGBA(255,255,255,0)\u00a0\u00bb icon_color=\u00a0\u00bbRGBA(255,255,255,0)\u00a0\u00bb _builder_version=\u00a0\u00bb4.21.0&Prime; _module_preset=\u00a0\u00bbdefault\u00a0\u00bb body_text_color=\u00a0\u00bb#c9c9c9&Prime; body_link_text_color=\u00a0\u00bb#FFFFFF\u00a0\u00bb background_enable_color=\u00a0\u00bboff\u00a0\u00bb custom_margin=\u00a0\u00bb||-2px||false|false\u00a0\u00bb custom_padding=\u00a0\u00bb||||false|false\u00a0\u00bb border_width_all=\u00a0\u00bb2px\u00a0\u00bb border_color_all=\u00a0\u00bb#0C71C3&Prime; global_colors_info=\u00a0\u00bb{}\u00a0\u00bb toggle_text_color=\u00a0\u00bb#0c71c3&Prime; toggle_font=\u00a0\u00bb||||||||\u00a0\u00bb toggle_font_size=\u00a0\u00bb19px\u00a0\u00bb open=\u00a0\u00bboff\u00a0\u00bb]<\/p>\n<p><span>L&rsquo;Italie a adopt\u00e9 son dernier plan d&rsquo;action national (PAN) pour la p\u00e9riode 2020-2024. Le quatri\u00e8me PAN de l&rsquo;Italie est pr\u00e9c\u00e9d\u00e9 de trois autres PAN, adopt\u00e9s en 2010, 2014 et 2016, et mis en \u0153uvre pour les p\u00e9riodes 2010-2013, 2014-2016 et 2016-2019, respectivement.<\/span><\/p>\n<p><span><a href=\"https:\/\/drive.google.com\/file\/d\/1RsIsg3Ay6D-hNKQ9pjZutj3ehlEXUcbR\/view?usp=drive_link\" target=\"_blank\" rel=\"noopener\">T\u00e9l\u00e9charger le PDF (2020-2024)<\/a><\/span><\/p>\n<p>&nbsp;<\/p>\n<p>[\/et_pb_accordion_item][et_pb_accordion_item title=\u00a0\u00bbKosovo\u00a0\u00bb open_toggle_text_color=\u00a0\u00bb#FFFFFF\u00a0\u00bb open_toggle_background_color=\u00a0\u00bbRGBA(255,255,255,0)\u00a0\u00bb closed_toggle_text_color=\u00a0\u00bb#0c71c3&Prime; closed_toggle_background_color=\u00a0\u00bbRGBA(255,255,255,0)\u00a0\u00bb icon_color=\u00a0\u00bbRGBA(255,255,255,0)\u00a0\u00bb _builder_version=\u00a0\u00bb4.21.0&Prime; _module_preset=\u00a0\u00bbdefault\u00a0\u00bb body_text_color=\u00a0\u00bb#c9c9c9&Prime; body_link_text_color=\u00a0\u00bb#FFFFFF\u00a0\u00bb background_enable_color=\u00a0\u00bboff\u00a0\u00bb custom_margin=\u00a0\u00bb||-2px||false|false\u00a0\u00bb custom_padding=\u00a0\u00bb||||false|false\u00a0\u00bb border_width_all=\u00a0\u00bb2px\u00a0\u00bb border_color_all=\u00a0\u00bb#0C71C3&Prime; global_colors_info=\u00a0\u00bb{}\u00a0\u00bb toggle_text_color=\u00a0\u00bb#0c71c3&Prime; toggle_font=\u00a0\u00bb||||||||\u00a0\u00bb toggle_font_size=\u00a0\u00bb19px\u00a0\u00bb open=\u00a0\u00bboff\u00a0\u00bb]<\/p>\n<p><span>Le Kosovo a adopt\u00e9 son premier plan d&rsquo;action national (PAN) en 2014 pour la p\u00e9riode 2013-2015.<\/span><\/p>\n<p><span><a href=\"https:\/\/drive.google.com\/file\/d\/1CkIvE0rR8g3qTc11yn3tZrtsg4PaU8VW\/view?usp=drive_link\" target=\"_blank\" rel=\"noopener\">T\u00e9l\u00e9charger le PDF<\/a><\/span><\/p>\n<p>&nbsp;<\/p>\n<p>[\/et_pb_accordion_item][et_pb_accordion_item title=\u00a0\u00bbLettonie\u00a0\u00bb open_toggle_text_color=\u00a0\u00bb#FFFFFF\u00a0\u00bb open_toggle_background_color=\u00a0\u00bbRGBA(255,255,255,0)\u00a0\u00bb closed_toggle_text_color=\u00a0\u00bb#0c71c3&Prime; closed_toggle_background_color=\u00a0\u00bbRGBA(255,255,255,0)\u00a0\u00bb icon_color=\u00a0\u00bbRGBA(255,255,255,0)\u00a0\u00bb _builder_version=\u00a0\u00bb4.21.0&Prime; _module_preset=\u00a0\u00bbdefault\u00a0\u00bb body_text_color=\u00a0\u00bb#c9c9c9&Prime; body_link_text_color=\u00a0\u00bb#FFFFFF\u00a0\u00bb background_enable_color=\u00a0\u00bboff\u00a0\u00bb custom_margin=\u00a0\u00bb||-2px||false|false\u00a0\u00bb custom_padding=\u00a0\u00bb||||false|false\u00a0\u00bb border_width_all=\u00a0\u00bb2px\u00a0\u00bb border_color_all=\u00a0\u00bb#0C71C3&Prime; global_colors_info=\u00a0\u00bb{}\u00a0\u00bb toggle_text_color=\u00a0\u00bb#0c71c3&Prime; toggle_font=\u00a0\u00bb||||||||\u00a0\u00bb toggle_font_size=\u00a0\u00bb19px\u00a0\u00bb open=\u00a0\u00bboff\u00a0\u00bb]<\/p>\n<p><span>La Lettonie a adopt\u00e9 son premier plan d&rsquo;action national (PAN) en 2020 pour la p\u00e9riode 2020-2025.<\/span><\/p>\n<p><span><a href=\"https:\/\/drive.google.com\/file\/d\/10sRcEG-_AE9z_9ssYs0a7y9cILszotwh\/view?usp=drive_link\" target=\"_blank\" rel=\"noopener\">T\u00e9l\u00e9charger le PDF (2020-2025)<\/a><\/span><\/p>\n<p>&nbsp;<\/p>\n<p>[\/et_pb_accordion_item][et_pb_accordion_item title=\u00a0\u00bbR\u00e9publique tch\u00e8que\u00a0\u00bb open_toggle_text_color=\u00a0\u00bb#FFFFFF\u00a0\u00bb open_toggle_background_color=\u00a0\u00bbRGBA(255,255,255,0)\u00a0\u00bb closed_toggle_text_color=\u00a0\u00bb#0c71c3&Prime; closed_toggle_background_color=\u00a0\u00bbRGBA(255,255,255,0)\u00a0\u00bb icon_color=\u00a0\u00bbRGBA(255,255,255,0)\u00a0\u00bb _builder_version=\u00a0\u00bb4.21.0&Prime; _module_preset=\u00a0\u00bbdefault\u00a0\u00bb body_text_color=\u00a0\u00bb#c9c9c9&Prime; body_link_text_color=\u00a0\u00bb#FFFFFF\u00a0\u00bb background_enable_color=\u00a0\u00bboff\u00a0\u00bb custom_margin=\u00a0\u00bb||-2px||false|false\u00a0\u00bb custom_padding=\u00a0\u00bb||||false|false\u00a0\u00bb border_width_all=\u00a0\u00bb2px\u00a0\u00bb border_color_all=\u00a0\u00bb#0C71C3&Prime; global_colors_info=\u00a0\u00bb{}\u00a0\u00bb toggle_text_color=\u00a0\u00bb#0c71c3&Prime; toggle_font=\u00a0\u00bb||||||||\u00a0\u00bb toggle_font_size=\u00a0\u00bb19px\u00a0\u00bb open=\u00a0\u00bboff\u00a0\u00bb]<\/p>\n<p><span>La R\u00e9publique tch\u00e8que a adopt\u00e9 son premier plan d&rsquo;action national (PAN) en 2017 pour la p\u00e9riode 2017-2020.<\/span><\/p>\n<p><span><a href=\"https:\/\/drive.google.com\/file\/d\/13i8ieBlzxsobG4g9Bw7HrTwfxVJSF2Um\/view?usp=drive_link\" target=\"_blank\" rel=\"noopener\">T\u00e9l\u00e9charger le PDF (2017-2020)<\/a><\/span><\/p>\n<p>&nbsp;<\/p>\n<p>[\/et_pb_accordion_item][et_pb_accordion_item title=\u00a0\u00bbLituanie\u00a0\u00bb open_toggle_text_color=\u00a0\u00bb#FFFFFF\u00a0\u00bb open_toggle_background_color=\u00a0\u00bbRGBA(255,255,255,0)\u00a0\u00bb closed_toggle_text_color=\u00a0\u00bb#0c71c3&Prime; closed_toggle_background_color=\u00a0\u00bbRGBA(255,255,255,0)\u00a0\u00bb icon_color=\u00a0\u00bbRGBA(255,255,255,0)\u00a0\u00bb _builder_version=\u00a0\u00bb4.21.0&Prime; _module_preset=\u00a0\u00bbdefault\u00a0\u00bb body_text_color=\u00a0\u00bb#c9c9c9&Prime; body_link_text_color=\u00a0\u00bb#FFFFFF\u00a0\u00bb background_enable_color=\u00a0\u00bboff\u00a0\u00bb custom_margin=\u00a0\u00bb||-2px||false|false\u00a0\u00bb custom_padding=\u00a0\u00bb||||false|false\u00a0\u00bb border_width_all=\u00a0\u00bb2px\u00a0\u00bb border_color_all=\u00a0\u00bb#0C71C3&Prime; global_colors_info=\u00a0\u00bb{}\u00a0\u00bb toggle_text_color=\u00a0\u00bb#0c71c3&Prime; toggle_font=\u00a0\u00bb||||||||\u00a0\u00bb toggle_font_size=\u00a0\u00bb19px\u00a0\u00bb open=\u00a0\u00bboff\u00a0\u00bb]<\/p>\n<p><span>La Lituanie a adopt\u00e9 son premier plan d&rsquo;action national (PAN) en 2011 et son deuxi\u00e8me en 2020 pour la p\u00e9riode 2020-2024.<\/span><\/p>\n<p><span><a href=\"https:\/\/drive.google.com\/file\/d\/1tgFTe5vJZDqY4Fmj_u9PziVUv-HPRSLW\/view?usp=drive_link\" target=\"_blank\" rel=\"noopener\">T\u00e9l\u00e9charger le PDF (2020-2024)<\/a><\/span><\/p>\n<p>&nbsp;<\/p>\n<p>[\/et_pb_accordion_item][et_pb_accordion_item title=\u00a0\u00bbLuxembourg\u00a0\u00bb open_toggle_text_color=\u00a0\u00bb#FFFFFF\u00a0\u00bb open_toggle_background_color=\u00a0\u00bbRGBA(255,255,255,0)\u00a0\u00bb closed_toggle_text_color=\u00a0\u00bb#0c71c3&Prime; closed_toggle_background_color=\u00a0\u00bbRGBA(255,255,255,0)\u00a0\u00bb icon_color=\u00a0\u00bbRGBA(255,255,255,0)\u00a0\u00bb _builder_version=\u00a0\u00bb4.21.0&Prime; _module_preset=\u00a0\u00bbdefault\u00a0\u00bb body_text_color=\u00a0\u00bb#c9c9c9&Prime; body_link_text_color=\u00a0\u00bb#FFFFFF\u00a0\u00bb background_enable_color=\u00a0\u00bboff\u00a0\u00bb custom_margin=\u00a0\u00bb||-2px||false|false\u00a0\u00bb custom_padding=\u00a0\u00bb||||false|false\u00a0\u00bb border_width_all=\u00a0\u00bb2px\u00a0\u00bb border_color_all=\u00a0\u00bb#0C71C3&Prime; global_colors_info=\u00a0\u00bb{}\u00a0\u00bb toggle_text_color=\u00a0\u00bb#0c71c3&Prime; toggle_font=\u00a0\u00bb||||||||\u00a0\u00bb toggle_font_size=\u00a0\u00bb19px\u00a0\u00bb open=\u00a0\u00bboff\u00a0\u00bb]<\/p>\n<p><span>Le Luxembourg a adopt\u00e9 son premier plan d&rsquo;action national (PAN) en 2018 pour la p\u00e9riode 2018-2023.<\/span><\/p>\n<p><span><a href=\"https:\/\/drive.google.com\/file\/d\/1E9iOBhZQOiogLexm8xwksMgYNbNE0HwW\/view?usp=drive_link\" target=\"_blank\" rel=\"noopener\">T\u00e9l\u00e9charger le PDF (2018-2023) &#8211; FR<\/a><\/span><\/p>\n<p>&nbsp;<\/p>\n<p>[\/et_pb_accordion_item][et_pb_accordion_item title=\u00a0\u00bbMalte\u00a0\u00bb open_toggle_text_color=\u00a0\u00bb#FFFFFF\u00a0\u00bb open_toggle_background_color=\u00a0\u00bbRGBA(255,255,255,0)\u00a0\u00bb closed_toggle_text_color=\u00a0\u00bb#0c71c3&Prime; closed_toggle_background_color=\u00a0\u00bbRGBA(255,255,255,0)\u00a0\u00bb icon_color=\u00a0\u00bbRGBA(255,255,255,0)\u00a0\u00bb _builder_version=\u00a0\u00bb4.21.0&Prime; _module_preset=\u00a0\u00bbdefault\u00a0\u00bb body_text_color=\u00a0\u00bb#c9c9c9&Prime; body_link_text_color=\u00a0\u00bb#FFFFFF\u00a0\u00bb background_enable_color=\u00a0\u00bboff\u00a0\u00bb custom_margin=\u00a0\u00bb||-2px||false|false\u00a0\u00bb custom_padding=\u00a0\u00bb||||false|false\u00a0\u00bb border_width_all=\u00a0\u00bb2px\u00a0\u00bb border_color_all=\u00a0\u00bb#0C71C3&Prime; global_colors_info=\u00a0\u00bb{}\u00a0\u00bb toggle_text_color=\u00a0\u00bb#0c71c3&Prime; toggle_font=\u00a0\u00bb||||||||\u00a0\u00bb toggle_font_size=\u00a0\u00bb19px\u00a0\u00bb open=\u00a0\u00bboff\u00a0\u00bb]<\/p>\n<p><span>Malte a adopt\u00e9 son premier plan d&rsquo;action national (PAN) en 2020 pour la p\u00e9riode 2020-2024.<\/span><\/p>\n<p><span><a href=\"https:\/\/drive.google.com\/file\/d\/11ZMA70MG5fDTcPk94o5Dsm-59N4JFygW\/view?usp=drive_link\" target=\"_blank\" rel=\"noopener\">T\u00e9l\u00e9charger le PDF (2020-2024)<\/a><\/span><\/p>\n<p>&nbsp;<\/p>\n<p>[\/et_pb_accordion_item][et_pb_accordion_item title=\u00a0\u00bbMoldavie\u00a0\u00bb open_toggle_text_color=\u00a0\u00bb#FFFFFF\u00a0\u00bb open_toggle_background_color=\u00a0\u00bbRGBA(255,255,255,0)\u00a0\u00bb closed_toggle_text_color=\u00a0\u00bb#0c71c3&Prime; closed_toggle_background_color=\u00a0\u00bbRGBA(255,255,255,0)\u00a0\u00bb icon_color=\u00a0\u00bbRGBA(255,255,255,0)\u00a0\u00bb _builder_version=\u00a0\u00bb4.21.0&Prime; _module_preset=\u00a0\u00bbdefault\u00a0\u00bb body_text_color=\u00a0\u00bb#c9c9c9&Prime; body_link_text_color=\u00a0\u00bb#FFFFFF\u00a0\u00bb background_enable_color=\u00a0\u00bboff\u00a0\u00bb custom_margin=\u00a0\u00bb||-2px||false|false\u00a0\u00bb custom_padding=\u00a0\u00bb||||false|false\u00a0\u00bb border_width_all=\u00a0\u00bb2px\u00a0\u00bb border_color_all=\u00a0\u00bb#0C71C3&Prime; global_colors_info=\u00a0\u00bb{}\u00a0\u00bb toggle_text_color=\u00a0\u00bb#0c71c3&Prime; toggle_font=\u00a0\u00bb||||||||\u00a0\u00bb toggle_font_size=\u00a0\u00bb19px\u00a0\u00bb open=\u00a0\u00bboff\u00a0\u00bb]<\/p>\n<p><span>La Moldavie a adopt\u00e9 son premier plan d&rsquo;action national (PAN) en 2018 pour la p\u00e9riode 2018-2021.<\/span><\/p>\n<p><span><a href=\"https:\/\/drive.google.com\/file\/d\/1GqKofAx487peRIdm3GlMQiFVri2NQfc5\/view?usp=drive_link\" target=\"_blank\" rel=\"noopener\">T\u00e9l\u00e9charger le PDF (2018-2021)<\/a><\/span><\/p>\n<p>&nbsp;<\/p>\n<p>[\/et_pb_accordion_item][et_pb_accordion_item title=\u00a0\u00bbMont\u00e9n\u00e9gro\u00a0\u00bb open_toggle_text_color=\u00a0\u00bb#FFFFFF\u00a0\u00bb open_toggle_background_color=\u00a0\u00bbRGBA(255,255,255,0)\u00a0\u00bb closed_toggle_text_color=\u00a0\u00bb#0c71c3&Prime; closed_toggle_background_color=\u00a0\u00bbRGBA(255,255,255,0)\u00a0\u00bb icon_color=\u00a0\u00bbRGBA(255,255,255,0)\u00a0\u00bb _builder_version=\u00a0\u00bb4.21.0&Prime; _module_preset=\u00a0\u00bbdefault\u00a0\u00bb body_text_color=\u00a0\u00bb#c9c9c9&Prime; body_link_text_color=\u00a0\u00bb#FFFFFF\u00a0\u00bb background_enable_color=\u00a0\u00bboff\u00a0\u00bb custom_margin=\u00a0\u00bb||-2px||false|false\u00a0\u00bb custom_padding=\u00a0\u00bb||||false|false\u00a0\u00bb border_width_all=\u00a0\u00bb2px\u00a0\u00bb border_color_all=\u00a0\u00bb#0C71C3&Prime; global_colors_info=\u00a0\u00bb{}\u00a0\u00bb toggle_text_color=\u00a0\u00bb#0c71c3&Prime; toggle_font=\u00a0\u00bb||||||||\u00a0\u00bb toggle_font_size=\u00a0\u00bb19px\u00a0\u00bb open=\u00a0\u00bboff\u00a0\u00bb]<\/p>\n<p><span>Le Mont\u00e9n\u00e9gro a adopt\u00e9 son premier plan d&rsquo;action national (PAN) en 2017 pour la p\u00e9riode 2017-2018.<\/span><\/p>\n<p><span><a href=\"https:\/\/drive.google.com\/file\/d\/1zowXKcxMfBP28Kun2gEbRh2HvNDz3AJO\/view?usp=drive_link\" target=\"_blank\" rel=\"noopener\">T\u00e9l\u00e9charger le PDF (2017-2018)<\/a><\/span><\/p>\n<p>&nbsp;<\/p>\n<p>[\/et_pb_accordion_item][et_pb_accordion_item title=\u00a0\u00bbLes Pays-Bas\u00a0\u00bb open_toggle_text_color=\u00a0\u00bb#FFFFFF\u00a0\u00bb open_toggle_background_color=\u00a0\u00bbRGBA(255,255,255,0)\u00a0\u00bb closed_toggle_text_color=\u00a0\u00bb#0c71c3&Prime; closed_toggle_background_color=\u00a0\u00bbRGBA(255,255,255,0)\u00a0\u00bb icon_color=\u00a0\u00bbRGBA(255,255,255,0)\u00a0\u00bb _builder_version=\u00a0\u00bb4.21.0&Prime; _module_preset=\u00a0\u00bbdefault\u00a0\u00bb body_text_color=\u00a0\u00bb#c9c9c9&Prime; body_link_text_color=\u00a0\u00bb#FFFFFF\u00a0\u00bb background_enable_color=\u00a0\u00bboff\u00a0\u00bb custom_margin=\u00a0\u00bb||-2px||false|false\u00a0\u00bb custom_padding=\u00a0\u00bb||||false|false\u00a0\u00bb border_width_all=\u00a0\u00bb2px\u00a0\u00bb border_color_all=\u00a0\u00bb#0C71C3&Prime; global_colors_info=\u00a0\u00bb{}\u00a0\u00bb toggle_text_color=\u00a0\u00bb#0c71c3&Prime; toggle_font=\u00a0\u00bb||||||||\u00a0\u00bb toggle_font_size=\u00a0\u00bb19px\u00a0\u00bb open=\u00a0\u00bboff\u00a0\u00bb]<\/p>\n<p><span>Les Pays-Bas ont adopt\u00e9 leur dernier plan d&rsquo;action national (PAN) pour la p\u00e9riode 2021-2025. Le quatri\u00e8me PAN des Pays-Bas est pr\u00e9c\u00e9d\u00e9 de trois autres PAN, mis en \u0153uvre pour les p\u00e9riodes 2008-2011, 2012-2015 et 2016-2019.  <\/span><\/p>\n<p><span><a href=\"https:\/\/drive.google.com\/file\/d\/1_j4AhMFZ5_iyI9R68R1e316mWUStpg8e\/view?usp=drive_link\" target=\"_blank\" rel=\"noopener\">T\u00e9l\u00e9charger le PDF (2021-2025)<\/a><\/span><\/p>\n<p>&nbsp;<\/p>\n<p>[\/et_pb_accordion_item][et_pb_accordion_item title=\u00a0\u00bbMac\u00e9doine du Nord\u00a0\u00bb open_toggle_text_color=\u00a0\u00bb#FFFFFF\u00a0\u00bb open_toggle_background_color=\u00a0\u00bbRGBA(255,255,255,0)\u00a0\u00bb closed_toggle_text_color=\u00a0\u00bb#0c71c3&Prime; closed_toggle_background_color=\u00a0\u00bbRGBA(255,255,255,0)\u00a0\u00bb icon_color=\u00a0\u00bbRGBA(255,255,255,0)\u00a0\u00bb _builder_version=\u00a0\u00bb4.21.0&Prime; _module_preset=\u00a0\u00bbdefault\u00a0\u00bb body_text_color=\u00a0\u00bb#c9c9c9&Prime; body_link_text_color=\u00a0\u00bb#FFFFFF\u00a0\u00bb background_enable_color=\u00a0\u00bboff\u00a0\u00bb custom_margin=\u00a0\u00bb||-2px||false|false\u00a0\u00bb custom_padding=\u00a0\u00bb||||false|false\u00a0\u00bb border_width_all=\u00a0\u00bb2px\u00a0\u00bb border_color_all=\u00a0\u00bb#0C71C3&Prime; global_colors_info=\u00a0\u00bb{}\u00a0\u00bb toggle_text_color=\u00a0\u00bb#0c71c3&Prime; toggle_font=\u00a0\u00bb||||||||\u00a0\u00bb toggle_font_size=\u00a0\u00bb19px\u00a0\u00bb open=\u00a0\u00bboff\u00a0\u00bb]<\/p>\n<p><span>La Mac\u00e9doine du Nord a adopt\u00e9 son premier plan d&rsquo;action national (PAN) en 2013 pour la p\u00e9riode 2013-2015.<\/span><\/p>\n<p><span><a href=\"https:\/\/drive.google.com\/file\/d\/1yLao99zBXFW7DkDMoy7WuKkH2-h0dZ9i\/view?usp=drive_link\" target=\"_blank\" rel=\"noopener\">T\u00e9l\u00e9charger le PDF (2013-2015)<\/a><\/span><\/p>\n<p>&nbsp;<\/p>\n<p>[\/et_pb_accordion_item][et_pb_accordion_item title=\u00a0\u00bbNorv\u00e8ge\u00a0\u00bb open_toggle_text_color=\u00a0\u00bb#FFFFFF\u00a0\u00bb open_toggle_background_color=\u00a0\u00bbRGBA(255,255,255,0)\u00a0\u00bb closed_toggle_text_color=\u00a0\u00bb#0c71c3&Prime; closed_toggle_background_color=\u00a0\u00bbRGBA(255,255,255,0)\u00a0\u00bb icon_color=\u00a0\u00bbRGBA(255,255,255,0)\u00a0\u00bb _builder_version=\u00a0\u00bb4.21.0&Prime; _module_preset=\u00a0\u00bbdefault\u00a0\u00bb body_text_color=\u00a0\u00bb#c9c9c9&Prime; body_link_text_color=\u00a0\u00bb#FFFFFF\u00a0\u00bb background_enable_color=\u00a0\u00bboff\u00a0\u00bb custom_margin=\u00a0\u00bb||-2px||false|false\u00a0\u00bb custom_padding=\u00a0\u00bb||||false|false\u00a0\u00bb border_width_all=\u00a0\u00bb2px\u00a0\u00bb border_color_all=\u00a0\u00bb#0C71C3&Prime; global_colors_info=\u00a0\u00bb{}\u00a0\u00bb toggle_text_color=\u00a0\u00bb#0c71c3&Prime; toggle_font=\u00a0\u00bb||||||||\u00a0\u00bb toggle_font_size=\u00a0\u00bb19px\u00a0\u00bb open=\u00a0\u00bboff\u00a0\u00bb]<\/p>\n<p><span>La Norv\u00e8ge a adopt\u00e9 son dernier plan d&rsquo;action national (PAN) en 2019 pour la p\u00e9riode 2019-2022. Le quatri\u00e8me PAN de la Norv\u00e8ge est pr\u00e9c\u00e9d\u00e9 de trois autres PAN, adopt\u00e9s en 2006, 2011 et 2015 et mis en \u0153uvre pour les p\u00e9riodes 2006-2011, 2011-2015 et 2015-2018, respectivement.<\/span><\/p>\n<p><span><a href=\"https:\/\/drive.google.com\/file\/d\/1mbYyrIrWS5kki2k7SeobmID84t-hTIZ7\/view?usp=drive_link\" target=\"_blank\" rel=\"noopener\">T\u00e9l\u00e9charger le PDF (2019-2022)<\/a><\/span><\/p>\n<p>&nbsp;<\/p>\n<p>[\/et_pb_accordion_item][et_pb_accordion_item title=\u00a0\u00bbPologne\u00a0\u00bb open_toggle_text_color=\u00a0\u00bb#FFFFFF\u00a0\u00bb open_toggle_background_color=\u00a0\u00bbRGBA(255,255,255,0)\u00a0\u00bb closed_toggle_text_color=\u00a0\u00bb#0c71c3&Prime; closed_toggle_background_color=\u00a0\u00bbRGBA(255,255,255,0)\u00a0\u00bb icon_color=\u00a0\u00bbRGBA(255,255,255,0)\u00a0\u00bb _builder_version=\u00a0\u00bb4.21.0&Prime; _module_preset=\u00a0\u00bbdefault\u00a0\u00bb body_text_color=\u00a0\u00bb#c9c9c9&Prime; body_link_text_color=\u00a0\u00bb#FFFFFF\u00a0\u00bb background_enable_color=\u00a0\u00bboff\u00a0\u00bb custom_margin=\u00a0\u00bb||-2px||false|false\u00a0\u00bb custom_padding=\u00a0\u00bb||||false|false\u00a0\u00bb border_width_all=\u00a0\u00bb2px\u00a0\u00bb border_color_all=\u00a0\u00bb#0C71C3&Prime; global_colors_info=\u00a0\u00bb{}\u00a0\u00bb toggle_text_color=\u00a0\u00bb#0c71c3&Prime; toggle_font=\u00a0\u00bb||||||||\u00a0\u00bb toggle_font_size=\u00a0\u00bb19px\u00a0\u00bb open=\u00a0\u00bboff\u00a0\u00bb]<\/p>\n<p><span>La Pologne a adopt\u00e9 son premier plan d&rsquo;action national (PAN) en 2018 pour la p\u00e9riode 2018-2021.<\/span><\/p>\n<p><span><a href=\"https:\/\/drive.google.com\/file\/d\/1Ye0ZYtzg3mDd93VoxJ-OcQEtUTF0HJA_\/view?usp=drive_link\" target=\"_blank\" rel=\"noopener\">T\u00e9l\u00e9charger le PDF (2018-2021)<\/a><\/span><\/p>\n<p>&nbsp;<\/p>\n<p>[\/et_pb_accordion_item][et_pb_accordion_item title=\u00a0\u00bbPortugal\u00a0\u00bb open_toggle_text_color=\u00a0\u00bb#FFFFFF\u00a0\u00bb open_toggle_background_color=\u00a0\u00bbRGBA(255,255,255,0)\u00a0\u00bb closed_toggle_text_color=\u00a0\u00bb#0c71c3&Prime; closed_toggle_background_color=\u00a0\u00bbRGBA(255,255,255,0)\u00a0\u00bb icon_color=\u00a0\u00bbRGBA(255,255,255,0)\u00a0\u00bb _builder_version=\u00a0\u00bb4.21.0&Prime; _module_preset=\u00a0\u00bbdefault\u00a0\u00bb body_text_color=\u00a0\u00bb#c9c9c9&Prime; body_link_text_color=\u00a0\u00bb#FFFFFF\u00a0\u00bb background_enable_color=\u00a0\u00bboff\u00a0\u00bb custom_margin=\u00a0\u00bb||-2px||false|false\u00a0\u00bb custom_padding=\u00a0\u00bb||||false|false\u00a0\u00bb border_width_all=\u00a0\u00bb2px\u00a0\u00bb border_color_all=\u00a0\u00bb#0C71C3&Prime; global_colors_info=\u00a0\u00bb{}\u00a0\u00bb toggle_text_color=\u00a0\u00bb#0c71c3&Prime; toggle_font=\u00a0\u00bb||||||||\u00a0\u00bb toggle_font_size=\u00a0\u00bb19px\u00a0\u00bb open=\u00a0\u00bboff\u00a0\u00bb]<\/p>\n<p><span>Le Portugal a adopt\u00e9 son dernier plan d&rsquo;action national (PAN) en 2019 pour la p\u00e9riode 2019-2022. Le troisi\u00e8me PAN du Portugal est pr\u00e9c\u00e9d\u00e9 de deux autres PAN, adopt\u00e9s en 2009 et 2014 et mis en \u0153uvre pour les p\u00e9riodes 2009-2013 et 2014-2018, respectivement.<\/span><\/p>\n<p><span><a href=\"https:\/\/drive.google.com\/file\/d\/1mvGs70ZlrtLXAgCkBwg6GsqlcqXdHGcm\/view?usp=drive_link\" target=\"_blank\" rel=\"noopener\">T\u00e9l\u00e9charger le PDF (2014-2018)<\/a><\/span><\/p>\n<p>&nbsp;<\/p>\n<p>[\/et_pb_accordion_item][et_pb_accordion_item title=\u00a0\u00bbRoumanie\u00a0\u00bb open_toggle_text_color=\u00a0\u00bb#FFFFFF\u00a0\u00bb open_toggle_background_color=\u00a0\u00bbRGBA(255,255,255,0)\u00a0\u00bb closed_toggle_text_color=\u00a0\u00bb#0c71c3&Prime; closed_toggle_background_color=\u00a0\u00bbRGBA(255,255,255,0)\u00a0\u00bb icon_color=\u00a0\u00bbRGBA(255,255,255,0)\u00a0\u00bb _builder_version=\u00a0\u00bb4.21.0&Prime; _module_preset=\u00a0\u00bbdefault\u00a0\u00bb body_text_color=\u00a0\u00bb#c9c9c9&Prime; body_link_text_color=\u00a0\u00bb#FFFFFF\u00a0\u00bb background_enable_color=\u00a0\u00bboff\u00a0\u00bb custom_margin=\u00a0\u00bb||-2px||false|false\u00a0\u00bb custom_padding=\u00a0\u00bb||||false|false\u00a0\u00bb border_width_all=\u00a0\u00bb2px\u00a0\u00bb border_color_all=\u00a0\u00bb#0C71C3&Prime; global_colors_info=\u00a0\u00bb{}\u00a0\u00bb toggle_text_color=\u00a0\u00bb#0c71c3&Prime; toggle_font=\u00a0\u00bb||||||||\u00a0\u00bb toggle_font_size=\u00a0\u00bb19px\u00a0\u00bb open=\u00a0\u00bboff\u00a0\u00bb]<\/p>\n<p><span>La Roumanie a adopt\u00e9 son premier plan d&rsquo;action national (PAN) en 2014 pour la p\u00e9riode 2014-2024.<\/span><\/p>\n<p><span><a href=\"https:\/\/drive.google.com\/file\/d\/10aOIf-m75ex3FcVZq1EVE_17Bwu4BdVy\/view?usp=drive_link\" target=\"_blank\" rel=\"noopener\">T\u00e9l\u00e9charger le PDF (2020-2023)<\/a><\/span><\/p>\n<p>&nbsp;<\/p>\n<p>[\/et_pb_accordion_item][et_pb_accordion_item title=\u00a0\u00bbPortugal\u00a0\u00bb open_toggle_text_color=\u00a0\u00bb#FFFFFF\u00a0\u00bb open_toggle_background_color=\u00a0\u00bbRGBA(255,255,255,0)\u00a0\u00bb closed_toggle_text_color=\u00a0\u00bb#0c71c3&Prime; closed_toggle_background_color=\u00a0\u00bbRGBA(255,255,255,0)\u00a0\u00bb icon_color=\u00a0\u00bbRGBA(255,255,255,0)\u00a0\u00bb _builder_version=\u00a0\u00bb4.21.0&Prime; _module_preset=\u00a0\u00bbdefault\u00a0\u00bb body_text_color=\u00a0\u00bb#c9c9c9&Prime; body_link_text_color=\u00a0\u00bb#FFFFFF\u00a0\u00bb background_enable_color=\u00a0\u00bboff\u00a0\u00bb custom_margin=\u00a0\u00bb||-2px||false|false\u00a0\u00bb custom_padding=\u00a0\u00bb||||false|false\u00a0\u00bb border_width_all=\u00a0\u00bb2px\u00a0\u00bb border_color_all=\u00a0\u00bb#0C71C3&Prime; global_colors_info=\u00a0\u00bb{}\u00a0\u00bb toggle_text_color=\u00a0\u00bb#0c71c3&Prime; toggle_font=\u00a0\u00bb||||||||\u00a0\u00bb toggle_font_size=\u00a0\u00bb19px\u00a0\u00bb open=\u00a0\u00bboff\u00a0\u00bb]<\/p>\n<p><span>Le Portugal a adopt\u00e9 son dernier plan d&rsquo;action national (PAN) en 2019 pour la p\u00e9riode 2019-2022. Le troisi\u00e8me PAN du Portugal est pr\u00e9c\u00e9d\u00e9 de deux autres PAN, adopt\u00e9s en 2009 et 2014 et mis en \u0153uvre pour les p\u00e9riodes 2009-2013 et 2014-2018, respectivement.<\/span><\/p>\n<p><span><a href=\"https:\/\/drive.google.com\/file\/d\/1mvGs70ZlrtLXAgCkBwg6GsqlcqXdHGcm\/view?usp=drive_link\" target=\"_blank\" rel=\"noopener\">T\u00e9l\u00e9charger le PDF (2014-2018)<\/a><\/span><\/p>\n<p>&nbsp;<\/p>\n<p>[\/et_pb_accordion_item][et_pb_accordion_item title=\u00a0\u00bbSerbie\u00a0\u00bb open_toggle_text_color=\u00a0\u00bb#FFFFFF\u00a0\u00bb open_toggle_background_color=\u00a0\u00bbRGBA(255,255,255,0)\u00a0\u00bb closed_toggle_text_color=\u00a0\u00bb#0c71c3&Prime; closed_toggle_background_color=\u00a0\u00bbRGBA(255,255,255,0)\u00a0\u00bb icon_color=\u00a0\u00bbRGBA(255,255,255,0)\u00a0\u00bb _builder_version=\u00a0\u00bb4.21.0&Prime; _module_preset=\u00a0\u00bbdefault\u00a0\u00bb body_text_color=\u00a0\u00bb#c9c9c9&Prime; body_link_text_color=\u00a0\u00bb#FFFFFF\u00a0\u00bb background_enable_color=\u00a0\u00bboff\u00a0\u00bb custom_margin=\u00a0\u00bb||-2px||false|false\u00a0\u00bb custom_padding=\u00a0\u00bb||||false|false\u00a0\u00bb border_width_all=\u00a0\u00bb2px\u00a0\u00bb border_color_all=\u00a0\u00bb#0C71C3&Prime; global_colors_info=\u00a0\u00bb{}\u00a0\u00bb toggle_text_color=\u00a0\u00bb#0c71c3&Prime; toggle_font=\u00a0\u00bb||||||||\u00a0\u00bb toggle_font_size=\u00a0\u00bb19px\u00a0\u00bb open=\u00a0\u00bboff\u00a0\u00bb]<\/p>\n<p><span>La Serbie a adopt\u00e9 son dernier plan d&rsquo;action national (PAN) en 2017 pour la p\u00e9riode 2017-2020. Le PAN le plus r\u00e9cent de la Serbie est pr\u00e9c\u00e9d\u00e9 d&rsquo;un autre PAN, adopt\u00e9 en 2010 et mis en \u0153uvre pour la p\u00e9riode 2010-2015.<\/span><\/p>\n<p><span><a href=\"https:\/\/drive.google.com\/file\/d\/1hCGPyLCTO2yMxNNICoYFWjd70MqEIS8T\/view?usp=drive_link\" target=\"_blank\" rel=\"noopener\">T\u00e9l\u00e9charger le PDF (2017-2020)<\/a><\/span><\/p>\n<p>&nbsp;<\/p>\n<p>[\/et_pb_accordion_item][et_pb_accordion_item title=\u00a0\u00bbSlovaquie\u00a0\u00bb open_toggle_text_color=\u00a0\u00bb#FFFFFF\u00a0\u00bb open_toggle_background_color=\u00a0\u00bbRGBA(255,255,255,0)\u00a0\u00bb closed_toggle_text_color=\u00a0\u00bb#0c71c3&Prime; closed_toggle_background_color=\u00a0\u00bbRGBA(255,255,255,0)\u00a0\u00bb icon_color=\u00a0\u00bbRGBA(255,255,255,0)\u00a0\u00bb _builder_version=\u00a0\u00bb4.21.0&Prime; _module_preset=\u00a0\u00bbdefault\u00a0\u00bb body_text_color=\u00a0\u00bb#c9c9c9&Prime; body_link_text_color=\u00a0\u00bb#FFFFFF\u00a0\u00bb background_enable_color=\u00a0\u00bboff\u00a0\u00bb custom_margin=\u00a0\u00bb||-2px||false|false\u00a0\u00bb custom_padding=\u00a0\u00bb||||false|false\u00a0\u00bb border_width_all=\u00a0\u00bb2px\u00a0\u00bb border_color_all=\u00a0\u00bb#0C71C3&Prime; global_colors_info=\u00a0\u00bb{}\u00a0\u00bb toggle_text_color=\u00a0\u00bb#0c71c3&Prime; toggle_font=\u00a0\u00bb||||||||\u00a0\u00bb toggle_font_size=\u00a0\u00bb19px\u00a0\u00bb open=\u00a0\u00bboff\u00a0\u00bb]<\/p>\n<p><span>La Slovaquie a adopt\u00e9 son premier plan d&rsquo;action national (PAN) en 2020 pour la p\u00e9riode 2021-2025.<\/span><\/p>\n<p><span><a href=\"https:\/\/drive.google.com\/file\/d\/1cFZkd-_mvtTYRddnzWLg3U8Fpg7arrwU\/view?usp=drive_link\" target=\"_blank\" rel=\"noopener\">T\u00e9l\u00e9charger le PDF (2021-2025)<\/a><\/span><\/p>\n<p>&nbsp;<\/p>\n<p>[\/et_pb_accordion_item][et_pb_accordion_item title=\u00a0\u00bbEspagne\u00a0\u00bb open_toggle_text_color=\u00a0\u00bb#FFFFFF\u00a0\u00bb open_toggle_background_color=\u00a0\u00bbRGBA(255,255,255,0)\u00a0\u00bb closed_toggle_text_color=\u00a0\u00bb#0c71c3&Prime; closed_toggle_background_color=\u00a0\u00bbRGBA(255,255,255,0)\u00a0\u00bb icon_color=\u00a0\u00bbRGBA(255,255,255,0)\u00a0\u00bb _builder_version=\u00a0\u00bb4.21.0&Prime; _module_preset=\u00a0\u00bbdefault\u00a0\u00bb body_text_color=\u00a0\u00bb#c9c9c9&Prime; body_link_text_color=\u00a0\u00bb#FFFFFF\u00a0\u00bb background_enable_color=\u00a0\u00bboff\u00a0\u00bb custom_margin=\u00a0\u00bb||-2px||false|false\u00a0\u00bb custom_padding=\u00a0\u00bb||||false|false\u00a0\u00bb border_width_all=\u00a0\u00bb2px\u00a0\u00bb border_color_all=\u00a0\u00bb#0C71C3&Prime; global_colors_info=\u00a0\u00bb{}\u00a0\u00bb toggle_text_color=\u00a0\u00bb#0c71c3&Prime; toggle_font=\u00a0\u00bb||||||||\u00a0\u00bb toggle_font_size=\u00a0\u00bb19px\u00a0\u00bb open=\u00a0\u00bboff\u00a0\u00bb]<\/p>\n<p><span>L&rsquo;Espagne a adopt\u00e9 son dernier plan d&rsquo;action national (PAN) en 2017 pour la p\u00e9riode 2017-2023. Le PAN le plus r\u00e9cent de l&rsquo;Espagne est pr\u00e9c\u00e9d\u00e9 d&rsquo;un autre PAN, adopt\u00e9 en 2007, sans p\u00e9riode de mise en \u0153uvre sp\u00e9cifique.<\/span><\/p>\n<p><span><a href=\"https:\/\/drive.google.com\/file\/d\/1LbzMrqWvaOsmDJEMMsKbJJ3t0M6biGpu\/view?usp=drive_link\" target=\"_blank\" rel=\"noopener\">T\u00e9l\u00e9charger le PDF (2017-2023)<\/a><\/span><\/p>\n<p>&nbsp;<\/p>\n<p>[\/et_pb_accordion_item][et_pb_accordion_item title=\u00a0\u00bbSu\u00e8de\u00a0\u00bb open_toggle_text_color=\u00a0\u00bb#FFFFFF\u00a0\u00bb open_toggle_background_color=\u00a0\u00bbRGBA(255,255,255,0)\u00a0\u00bb closed_toggle_text_color=\u00a0\u00bb#0c71c3&Prime; closed_toggle_background_color=\u00a0\u00bbRGBA(255,255,255,0)\u00a0\u00bb icon_color=\u00a0\u00bbRGBA(255,255,255,0)\u00a0\u00bb _builder_version=\u00a0\u00bb4.21.0&Prime; _module_preset=\u00a0\u00bbdefault\u00a0\u00bb body_text_color=\u00a0\u00bb#c9c9c9&Prime; body_link_text_color=\u00a0\u00bb#FFFFFF\u00a0\u00bb background_enable_color=\u00a0\u00bboff\u00a0\u00bb custom_margin=\u00a0\u00bb||-2px||false|false\u00a0\u00bb custom_padding=\u00a0\u00bb||||false|false\u00a0\u00bb border_width_all=\u00a0\u00bb2px\u00a0\u00bb border_color_all=\u00a0\u00bb#0C71C3&Prime; global_colors_info=\u00a0\u00bb{}\u00a0\u00bb toggle_text_color=\u00a0\u00bb#0c71c3&Prime; toggle_font=\u00a0\u00bb||||||||\u00a0\u00bb toggle_font_size=\u00a0\u00bb19px\u00a0\u00bb open=\u00a0\u00bboff\u00a0\u00bb]<\/p>\n<p><span>La Su\u00e8de a adopt\u00e9 son dernier plan d&rsquo;action national (PAN) en 2016 pour la p\u00e9riode 2016-2020. Le troisi\u00e8me PAN de la Su\u00e8de est pr\u00e9c\u00e9d\u00e9 de deux autres PAN, adopt\u00e9s en 2006 et 2009 et mis en \u0153uvre pour les p\u00e9riodes 2006-2008 et 2009-2012, respectivement.<\/span><\/p>\n<p><span><a href=\"https:\/\/drive.google.com\/file\/d\/1waBugMO0Kdr1sNcmzsh2-ugsel8S5Qv1\/view?usp=drive_link\" target=\"_blank\" rel=\"noopener\">T\u00e9l\u00e9charger le PDF (2016-2020)<\/a><\/span><\/p>\n<p>&nbsp;<\/p>\n<p>[\/et_pb_accordion_item][et_pb_accordion_item title=\u00a0\u00bbSuisse\u00a0\u00bb open_toggle_text_color=\u00a0\u00bb#FFFFFF\u00a0\u00bb open_toggle_background_color=\u00a0\u00bbRGBA(255,255,255,0)\u00a0\u00bb closed_toggle_text_color=\u00a0\u00bb#0c71c3&Prime; closed_toggle_background_color=\u00a0\u00bbRGBA(255,255,255,0)\u00a0\u00bb icon_color=\u00a0\u00bbRGBA(255,255,255,0)\u00a0\u00bb _builder_version=\u00a0\u00bb4.21.0&Prime; _module_preset=\u00a0\u00bbdefault\u00a0\u00bb body_text_color=\u00a0\u00bb#c9c9c9&Prime; body_link_text_color=\u00a0\u00bb#FFFFFF\u00a0\u00bb background_enable_color=\u00a0\u00bboff\u00a0\u00bb custom_margin=\u00a0\u00bb||-2px||false|false\u00a0\u00bb custom_padding=\u00a0\u00bb||||false|false\u00a0\u00bb border_width_all=\u00a0\u00bb2px\u00a0\u00bb border_color_all=\u00a0\u00bb#0C71C3&Prime; global_colors_info=\u00a0\u00bb{}\u00a0\u00bb toggle_text_color=\u00a0\u00bb#0c71c3&Prime; toggle_font=\u00a0\u00bb||||||||\u00a0\u00bb toggle_font_size=\u00a0\u00bb19px\u00a0\u00bb open=\u00a0\u00bboff\u00a0\u00bb]<\/p>\n<p><span>La Suisse a adopt\u00e9 son dernier plan d&rsquo;action national (PAN) en 2018 pour la p\u00e9riode 2018-2022. Le quatri\u00e8me PAN de la Suisse est pr\u00e9c\u00e9d\u00e9 de trois autres PAN, adopt\u00e9s en 2007, 2010 et 2013 et mis en \u0153uvre pour les p\u00e9riodes 2007-2009, 2010-2012 et 2013-2016, respectivement.<\/span><\/p>\n<p><span><a href=\"https:\/\/drive.google.com\/file\/d\/1Xrj-WEq93fGlswjQL_KhwJ4WoNX1Izdc\/view?usp=drive_link\" target=\"_blank\" rel=\"noopener\">T\u00e9l\u00e9charger le PDF (2018-2022)<\/a><\/span><\/p>\n<p>&nbsp;<\/p>\n<p>[\/et_pb_accordion_item][et_pb_accordion_item title=\u00a0\u00bbUkraine\u00a0\u00bb open_toggle_text_color=\u00a0\u00bb#FFFFFF\u00a0\u00bb open_toggle_background_color=\u00a0\u00bbRGBA(255,255,255,0)\u00a0\u00bb closed_toggle_text_color=\u00a0\u00bb#0c71c3&Prime; closed_toggle_background_color=\u00a0\u00bbRGBA(255,255,255,0)\u00a0\u00bb icon_color=\u00a0\u00bbRGBA(255,255,255,0)\u00a0\u00bb _builder_version=\u00a0\u00bb4.21.0&Prime; _module_preset=\u00a0\u00bbdefault\u00a0\u00bb body_text_color=\u00a0\u00bb#c9c9c9&Prime; body_link_text_color=\u00a0\u00bb#FFFFFF\u00a0\u00bb background_enable_color=\u00a0\u00bboff\u00a0\u00bb custom_margin=\u00a0\u00bb||-2px||false|false\u00a0\u00bb custom_padding=\u00a0\u00bb||||false|false\u00a0\u00bb border_width_all=\u00a0\u00bb2px\u00a0\u00bb border_color_all=\u00a0\u00bb#0C71C3&Prime; global_colors_info=\u00a0\u00bb{}\u00a0\u00bb toggle_text_color=\u00a0\u00bb#0c71c3&Prime; toggle_font=\u00a0\u00bb||||||||\u00a0\u00bb toggle_font_size=\u00a0\u00bb19px\u00a0\u00bb open=\u00a0\u00bboff\u00a0\u00bb]<\/p>\n<p><span>L&rsquo;Ukraine a adopt\u00e9 son premier plan d&rsquo;action national (PAN) en 2016 pour la p\u00e9riode 2016-2020, et son plus r\u00e9cent en 2020 pour la p\u00e9riode 2020-2025.<\/span><\/p>\n<p><span><a href=\"https:\/\/drive.google.com\/file\/d\/1kbqWL2aB_Qa2p93yGi2dybZPZFoo2HwX\/view?usp=drive_link\" target=\"_blank\" rel=\"noopener\">T\u00e9l\u00e9charger le PDF (2020-2025)<\/a><\/span><\/p>\n<p>&nbsp;<\/p>\n<p>[\/et_pb_accordion_item][et_pb_accordion_item title=\u00a0\u00bbRoyaume-Uni\u00a0\u00bb open_toggle_text_color=\u00a0\u00bb#FFFFFF\u00a0\u00bb open_toggle_background_color=\u00a0\u00bbRGBA(255,255,255,0)\u00a0\u00bb closed_toggle_text_color=\u00a0\u00bb#0c71c3&Prime; closed_toggle_background_color=\u00a0\u00bbRGBA(255,255,255,0)\u00a0\u00bb icon_color=\u00a0\u00bbRGBA(255,255,255,0)\u00a0\u00bb _builder_version=\u00a0\u00bb4.21.0&Prime; _module_preset=\u00a0\u00bbdefault\u00a0\u00bb body_text_color=\u00a0\u00bb#c9c9c9&Prime; body_link_text_color=\u00a0\u00bb#FFFFFF\u00a0\u00bb background_enable_color=\u00a0\u00bboff\u00a0\u00bb custom_margin=\u00a0\u00bb||-2px||false|false\u00a0\u00bb custom_padding=\u00a0\u00bb||||false|false\u00a0\u00bb border_width_all=\u00a0\u00bb2px\u00a0\u00bb border_color_all=\u00a0\u00bb#0C71C3&Prime; global_colors_info=\u00a0\u00bb{}\u00a0\u00bb toggle_text_color=\u00a0\u00bb#0c71c3&Prime; toggle_font=\u00a0\u00bb||||||||\u00a0\u00bb toggle_font_size=\u00a0\u00bb19px\u00a0\u00bb open=\u00a0\u00bboff\u00a0\u00bb]<\/p>\n<p><span>Le Royaume-Uni a adopt\u00e9 son dernier plan d&rsquo;action national (PAN) en 2018 pour la p\u00e9riode 2018-2022. Le quatri\u00e8me PAN du Royaume-Uni est pr\u00e9c\u00e9d\u00e9 de trois autres PAN, adopt\u00e9s en 2006, 2010 et 2014 et mis en \u0153uvre pour les p\u00e9riodes 2010-2013 et 2014-2017, respectivement.<\/span><\/p>\n<p><span><a href=\"https:\/\/drive.google.com\/file\/d\/1kcoVRpD5UdSTsVvjdLcoaYfm6O0pwTua\/view?usp=drive_link\" target=\"_blank\" rel=\"noopener\">T\u00e9l\u00e9charger le PDF (2018-2022)<\/a><\/span><\/p>\n<p>&nbsp;<\/p>\n<p>[\/et_pb_accordion_item][\/et_pb_accordion][\/et_pb_column][et_pb_column type=\u00a0\u00bb1_5&Prime; _builder_version=\u00a0\u00bb4.16&Prime; _module_preset=\u00a0\u00bbdefault\u00a0\u00bb global_colors_info=\u00a0\u00bb{}\u00a0\u00bb][et_pb_image src=\u00a0\u00bbhttps:\/\/mujerespazyseguridad.co\/wp-content\/uploads\/2023\/05\/MujeresPazYSeguridad_PlanesDeAccion_MENA-2.png\u00a0\u00bb title_text=\u00a0\u00bbWomenPeaceYSecurity_ActionPlans_MENA\u00a0\u00bb force_fullwidth=\u00a0\u00bbon\u00a0\u00bb _builder_version=\u00a0\u00bb4.21.0&Prime; _module_preset=\u00a0\u00bbdefault\u00a0\u00bb global_colors_info=\u00a0\u00bb{}\u00a0\u00bb][\/et_pb_image][et_pb_blurb title=\u00a0\u00bbMENA\u00a0\u00bb url=\u00a0\u00bbhttps:\/\/mujerespazyseguridad.co\/wp-content\/uploads\/2021\/08\/I_Informe1325_espanol.pdf\u00a0\u00bb url_new_window=\u00a0\u00bbon\u00a0\u00bb _builder_version=\u00a0\u00bb4.23.1&Prime; _module_preset=\u00a0\u00bbdefault\u00a0\u00bb header_text_color=\u00a0\u00bb#edef62&Prime; header_font_size=\u00a0\u00bb1.4em\u00a0\u00bb header_line_height=\u00a0\u00bb1.4em\u00a0\u00bb body_text_color=\u00a0\u00bb#c9c9c9&Prime; body_link_text_color=\u00a0\u00bb#FFFFFF\u00a0\u00bb text_orientation=\u00a0\u00bbcenter\u00a0\u00bb background_layout=\u00a0\u00bbdark\u00a0\u00bb hover_enabled=\u00a0\u00bb0&Prime; global_colors_info=\u00a0\u00bb{}\u00a0\u00bb sticky_enabled=\u00a0\u00bb0&Prime;]<\/p>\n<p>Middle East and North Africa<\/p>\n<p>[\/et_pb_blurb][et_pb_accordion _builder_version=\u00a0\u00bb4.21.0&Prime; _module_preset=\u00a0\u00bbdefault\u00a0\u00bb custom_margin=\u00a0\u00bb||||false|false\u00a0\u00bb custom_padding=\u00a0\u00bb||||false|false\u00a0\u00bb global_colors_info=\u00a0\u00bb{}\u00a0\u00bb][et_pb_accordion_item title=\u00a0\u00bbL&rsquo;Irak\u00a0\u00bb open=\u00a0\u00bbon\u00a0\u00bb open_toggle_text_color=\u00a0\u00bb#FFFFFF\u00a0\u00bb open_toggle_background_color=\u00a0\u00bbRGBA(255,255,255,0)\u00a0\u00bb closed_toggle_text_color=\u00a0\u00bb#0c71c3&Prime; closed_toggle_background_color=\u00a0\u00bbRGBA(255,255,255,0)\u00a0\u00bb icon_color=\u00a0\u00bbRGBA(255,255,255,0)\u00a0\u00bb _builder_version=\u00a0\u00bb4.21.0&Prime; _module_preset=\u00a0\u00bbdefault\u00a0\u00bb body_text_color=\u00a0\u00bb#c9c9c9&Prime; body_link_text_color=\u00a0\u00bb#FFFFFF\u00a0\u00bb background_enable_color=\u00a0\u00bboff\u00a0\u00bb custom_margin=\u00a0\u00bb||-2px||false|false\u00a0\u00bb custom_padding=\u00a0\u00bb||||false|false\u00a0\u00bb border_width_all=\u00a0\u00bb2px\u00a0\u00bb border_color_all=\u00a0\u00bb#0C71C3&Prime; global_colors_info=\u00a0\u00bb{}\u00a0\u00bb toggle_text_color=\u00a0\u00bb#0c71c3&Prime; toggle_font=\u00a0\u00bb||||||||\u00a0\u00bb toggle_font_size=\u00a0\u00bb19px\u00a0\u00bb]<\/p>\n<p><span>L&rsquo;Irak a adopt\u00e9 son premier plan d&rsquo;action national pour la SPM en 2014 pour la p\u00e9riode 2014-2018, ce qui en fait le premier pays de la r\u00e9gion MENA \u00e0 adopter un PAN. Son PAN actuel porte sur la p\u00e9riode 2021-2024.<\/span><\/p>\n<p><span><a href=\"https:\/\/drive.google.com\/file\/d\/1ggadlkqSE9fSLbP_PIdtokLWzMxQCU_q\/view?usp=share_link\" target=\"_blank\" rel=\"noopener\">T\u00e9l\u00e9charger le PDF  <\/a><\/span><\/p>\n<p>[\/et_pb_accordion_item][et_pb_accordion_item title=\u00a0\u00bbJordanie\u00a0\u00bb open_toggle_text_color=\u00a0\u00bb#FFFFFF\u00a0\u00bb open_toggle_background_color=\u00a0\u00bbRGBA(255,255,255,0)\u00a0\u00bb closed_toggle_text_color=\u00a0\u00bb#0c71c3&Prime; closed_toggle_background_color=\u00a0\u00bbRGBA(255,255,255,0)\u00a0\u00bb icon_color=\u00a0\u00bbRGBA(255,255,255,0)\u00a0\u00bb _builder_version=\u00a0\u00bb4.21.0&Prime; _module_preset=\u00a0\u00bbdefault\u00a0\u00bb body_text_color=\u00a0\u00bb#c9c9c9&Prime; body_link_text_color=\u00a0\u00bb#FFFFFF\u00a0\u00bb background_enable_color=\u00a0\u00bboff\u00a0\u00bb custom_margin=\u00a0\u00bb||-2px||false|false\u00a0\u00bb custom_padding=\u00a0\u00bb||||false|false\u00a0\u00bb border_width_all=\u00a0\u00bb2px\u00a0\u00bb border_color_all=\u00a0\u00bb#0C71C3&Prime; global_colors_info=\u00a0\u00bb{}\u00a0\u00bb toggle_text_color=\u00a0\u00bb#0c71c3&Prime; toggle_font=\u00a0\u00bb||||||||\u00a0\u00bb toggle_font_size=\u00a0\u00bb19px\u00a0\u00bb open=\u00a0\u00bboff\u00a0\u00bb]<\/p>\n<p><span>La Jordanie a adopt\u00e9 son premier plan d&rsquo;action national (PAN) en 2018 pour la p\u00e9riode 2018-2021.<\/span><\/p>\n<p><span><a href=\"https:\/\/drive.google.com\/file\/d\/1veesihArWHgtBCPPhI4VZd0kVpfd0UoP\/view?usp=share_link\" target=\"_blank\" rel=\"noopener\">T\u00e9l\u00e9charger le PDF (2018-2021)<\/a><\/span><\/p>\n<p>[\/et_pb_accordion_item][et_pb_accordion_item title=\u00a0\u00bbLiban\u00a0\u00bb open_toggle_text_color=\u00a0\u00bb#FFFFFF\u00a0\u00bb open_toggle_background_color=\u00a0\u00bbRGBA(255,255,255,0)\u00a0\u00bb closed_toggle_text_color=\u00a0\u00bb#0c71c3&Prime; closed_toggle_background_color=\u00a0\u00bbRGBA(255,255,255,0)\u00a0\u00bb icon_color=\u00a0\u00bbRGBA(255,255,255,0)\u00a0\u00bb _builder_version=\u00a0\u00bb4.21.0&Prime; _module_preset=\u00a0\u00bbdefault\u00a0\u00bb body_text_color=\u00a0\u00bb#c9c9c9&Prime; body_link_text_color=\u00a0\u00bb#FFFFFF\u00a0\u00bb background_enable_color=\u00a0\u00bboff\u00a0\u00bb custom_margin=\u00a0\u00bb||-2px||false|false\u00a0\u00bb custom_padding=\u00a0\u00bb||||false|false\u00a0\u00bb border_width_all=\u00a0\u00bb2px\u00a0\u00bb border_color_all=\u00a0\u00bb#0C71C3&Prime; global_colors_info=\u00a0\u00bb{}\u00a0\u00bb toggle_text_color=\u00a0\u00bb#0c71c3&Prime; toggle_font=\u00a0\u00bb||||||||\u00a0\u00bb toggle_font_size=\u00a0\u00bb19px\u00a0\u00bb open=\u00a0\u00bboff\u00a0\u00bb]<\/p>\n<p><span>Le Liban a adopt\u00e9 son premier plan d&rsquo;action national (PAN) en 2019 pour la p\u00e9riode 2019-2022.<\/span><\/p>\n<p><span><a href=\"https:\/\/drive.google.com\/file\/d\/1vgXfnf89gYZ3bmnOkmEWmhmVrYxORBEa\/view?usp=share_link\" target=\"_blank\" rel=\"noopener\">T\u00e9l\u00e9charger le PDF (2019-2022)<\/a><\/span><\/p>\n<p>[\/et_pb_accordion_item][et_pb_accordion_item title=\u00a0\u00bbPalestine\u00a0\u00bb open_toggle_text_color=\u00a0\u00bb#FFFFFF\u00a0\u00bb open_toggle_background_color=\u00a0\u00bbRGBA(255,255,255,0)\u00a0\u00bb closed_toggle_text_color=\u00a0\u00bb#0c71c3&Prime; closed_toggle_background_color=\u00a0\u00bbRGBA(255,255,255,0)\u00a0\u00bb icon_color=\u00a0\u00bbRGBA(255,255,255,0)\u00a0\u00bb _builder_version=\u00a0\u00bb4.21.0&Prime; _module_preset=\u00a0\u00bbdefault\u00a0\u00bb body_text_color=\u00a0\u00bb#c9c9c9&Prime; body_link_text_color=\u00a0\u00bb#FFFFFF\u00a0\u00bb background_enable_color=\u00a0\u00bboff\u00a0\u00bb custom_margin=\u00a0\u00bb||-2px||false|false\u00a0\u00bb custom_padding=\u00a0\u00bb||||false|false\u00a0\u00bb border_width_all=\u00a0\u00bb2px\u00a0\u00bb border_color_all=\u00a0\u00bb#0C71C3&Prime; global_colors_info=\u00a0\u00bb{}\u00a0\u00bb toggle_text_color=\u00a0\u00bb#0c71c3&Prime; toggle_font=\u00a0\u00bb||||||||\u00a0\u00bb toggle_font_size=\u00a0\u00bb19px\u00a0\u00bb open=\u00a0\u00bboff\u00a0\u00bb]<span>La Palestine a adopt\u00e9 son dernier PAN pour la p\u00e9riode 2020-2023 et a adopt\u00e9 son premier plan d&rsquo;action national (PAN) pour la p\u00e9riode 2017-2019.<\/span><\/p>\n<p><span><a href=\"https:\/\/drive.google.com\/file\/d\/1I7kUAjfIR6oR2MW8VDupX-1oCtc8Ckvs\/view?usp=sharing\" target=\"_blank\" rel=\"noopener\">T\u00e9l\u00e9charger le PDF (2020-2024)<\/a><\/span>[\/et_pb_accordion_item][et_pb_accordion_item title=\u00a0\u00bbTunisie\u00a0\u00bb open_toggle_text_color=\u00a0\u00bb#FFFFFF\u00a0\u00bb open_toggle_background_color=\u00a0\u00bbRGBA(255,255,255,0)\u00a0\u00bb closed_toggle_text_color=\u00a0\u00bb#0c71c3&Prime; closed_toggle_background_color=\u00a0\u00bbRGBA(255,255,255,0)\u00a0\u00bb icon_color=\u00a0\u00bbRGBA(255,255,255,0)\u00a0\u00bb _builder_version=\u00a0\u00bb4.21.0&Prime; _module_preset=\u00a0\u00bbdefault\u00a0\u00bb body_text_color=\u00a0\u00bb#c9c9c9&Prime; body_link_text_color=\u00a0\u00bb#FFFFFF\u00a0\u00bb background_enable_color=\u00a0\u00bboff\u00a0\u00bb custom_margin=\u00a0\u00bb||-2px||false|false\u00a0\u00bb custom_padding=\u00a0\u00bb||||false|false\u00a0\u00bb border_width_all=\u00a0\u00bb2px\u00a0\u00bb border_color_all=\u00a0\u00bb#0C71C3&Prime; global_colors_info=\u00a0\u00bb{}\u00a0\u00bb toggle_text_color=\u00a0\u00bb#0c71c3&Prime; toggle_font=\u00a0\u00bb||||||||\u00a0\u00bb toggle_font_size=\u00a0\u00bb19px\u00a0\u00bb open=\u00a0\u00bboff\u00a0\u00bb]<\/p>\n<p><span>La Tunisie a adopt\u00e9 son premier plan d&rsquo;action national (PAN) en 2018 pour la p\u00e9riode 2018-2022.<\/span><\/p>\n<p><span><a href=\"https:\/\/drive.google.com\/file\/d\/1FV52sa348DiQ6ICa6tepRu0EZ9JCfYGY\/view?usp=drive_link\" target=\"_blank\" rel=\"noopener\">T\u00e9l\u00e9charger le PDF (2018-2022)<\/a><\/span><\/p>\n<p>[\/et_pb_accordion_item][et_pb_accordion_item title=\u00a0\u00bb\u00c9mirats arabes unis\u00a0\u00bb open_toggle_text_color=\u00a0\u00bb#FFFFFF\u00a0\u00bb open_toggle_background_color=\u00a0\u00bbRGBA(255,255,255,0)\u00a0\u00bb closed_toggle_text_color=\u00a0\u00bb#0c71c3&Prime; closed_toggle_background_color=\u00a0\u00bbRGBA(255,255,255,0)\u00a0\u00bb icon_color=\u00a0\u00bbRGBA(255,255,255,0)\u00a0\u00bb _builder_version=\u00a0\u00bb4.21.0&Prime; _module_preset=\u00a0\u00bbdefault\u00a0\u00bb body_text_color=\u00a0\u00bb#c9c9c9&Prime; body_link_text_color=\u00a0\u00bb#FFFFFF\u00a0\u00bb background_enable_color=\u00a0\u00bboff\u00a0\u00bb custom_margin=\u00a0\u00bb||-2px||false|false\u00a0\u00bb custom_padding=\u00a0\u00bb||||false|false\u00a0\u00bb border_width_all=\u00a0\u00bb2px\u00a0\u00bb border_color_all=\u00a0\u00bb#0C71C3&Prime; global_colors_info=\u00a0\u00bb{}\u00a0\u00bb toggle_text_color=\u00a0\u00bb#0c71c3&Prime; toggle_font=\u00a0\u00bb||||||||\u00a0\u00bb toggle_font_size=\u00a0\u00bb19px\u00a0\u00bb open=\u00a0\u00bboff\u00a0\u00bb]<\/p>\n<p><span>Les \u00c9mirats arabes unis ont adopt\u00e9 leur premier plan d&rsquo;action national en 2021.<\/span><\/p>\n<p><span><a href=\"https:\/\/drive.google.com\/file\/d\/1Fr8FoFzhaHGDXMRvMPyWiQSrXYa5mJ-W\/view?usp=drive_link\" target=\"_blank\" rel=\"noopener\">T\u00e9l\u00e9charger le PDF (2021-2024)<\/a><\/span><\/p>\n<p>[\/et_pb_accordion_item][et_pb_accordion_item title=\u00a0\u00bbY\u00e9men\u00a0\u00bb open_toggle_text_color=\u00a0\u00bb#FFFFFF\u00a0\u00bb open_toggle_background_color=\u00a0\u00bbRGBA(255,255,255,0)\u00a0\u00bb closed_toggle_text_color=\u00a0\u00bb#0c71c3&Prime; closed_toggle_background_color=\u00a0\u00bbRGBA(255,255,255,0)\u00a0\u00bb icon_color=\u00a0\u00bbRGBA(255,255,255,0)\u00a0\u00bb _builder_version=\u00a0\u00bb4.21.0&Prime; _module_preset=\u00a0\u00bbdefault\u00a0\u00bb body_text_color=\u00a0\u00bb#c9c9c9&Prime; body_link_text_color=\u00a0\u00bb#FFFFFF\u00a0\u00bb background_enable_color=\u00a0\u00bboff\u00a0\u00bb custom_margin=\u00a0\u00bb||-2px||false|false\u00a0\u00bb custom_padding=\u00a0\u00bb||||false|false\u00a0\u00bb border_width_all=\u00a0\u00bb2px\u00a0\u00bb border_color_all=\u00a0\u00bb#0C71C3&Prime; global_colors_info=\u00a0\u00bb{}\u00a0\u00bb toggle_text_color=\u00a0\u00bb#0c71c3&Prime; toggle_font=\u00a0\u00bb||||||||\u00a0\u00bb toggle_font_size=\u00a0\u00bb19px\u00a0\u00bb open=\u00a0\u00bboff\u00a0\u00bb]<\/p>\n<p><span>Le Y\u00e9men a adopt\u00e9 son premier plan d&rsquo;action national (PAN) en d\u00e9cembre 2019 pour la p\u00e9riode 2020-2022.<\/span><\/p>\n<p><span><a href=\"https:\/\/drive.google.com\/file\/d\/1FwunDZH8Q4-OeY9qX8KAKlqm44nlEdda\/view?usp=drive_link\" target=\"_blank\" rel=\"noopener\">T\u00e9l\u00e9charger le PDF (2020-2022)<\/a><\/span><\/p>\n<p>[\/et_pb_accordion_item][\/et_pb_accordion][\/et_pb_column][\/et_pb_row][\/et_pb_section][et_pb_section fb_built=\u00a0\u00bb1&Prime; admin_label=\u00a0\u00bbFooter\u00a0\u00bb module_id=\u00a0\u00bbpatrocinan\u00a0\u00bb _builder_version=\u00a0\u00bb4.16&Prime; background_color=\u00a0\u00bb#fe4943&Prime; parallax=\u00a0\u00bbon\u00a0\u00bb custom_padding=\u00a0\u00bb6vw||6vw||true|false\u00a0\u00bb global_module=\u00a0\u00bb2594&Prime; saved_tabs=\u00a0\u00bball\u00a0\u00bb locked=\u00a0\u00bboff\u00a0\u00bb global_colors_info=\u00a0\u00bb{}\u00a0\u00bb background_size__hover=\u00a0\u00bbcover\u00a0\u00bb background_size__hover_enabled=\u00a0\u00bbcover\u00a0\u00bb][et_pb_row _builder_version=\u00a0\u00bb4.16&Prime; width=\u00a0\u00bb92%\u00a0\u00bb width_tablet=\u00a0\u00bb89%\u00a0\u00bb width_phone=\u00a0\u00bb87%\u00a0\u00bb width_last_edited=\u00a0\u00bbon|phone\u00a0\u00bb max_width=\u00a0\u00bb1440px\u00a0\u00bb custom_margin=\u00a0\u00bb||||false|false\u00a0\u00bb custom_padding=\u00a0\u00bb30px||||false|false\u00a0\u00bb custom_width_px__hover=\u00a0\u00bb1080px\u00a0\u00bb custom_width_px__hover_enabled=\u00a0\u00bb1080px\u00a0\u00bb custom_width_percent__hover=\u00a0\u00bb80%\u00a0\u00bb custom_width_percent__hover_enabled=\u00a0\u00bb80%\u00a0\u00bb global_colors_info=\u00a0\u00bb{}\u00a0\u00bb parallax_1__hover=\u00a0\u00bboff\u00a0\u00bb parallax_1__hover_enabled=\u00a0\u00bboff\u00a0\u00bb parallax_2__hover=\u00a0\u00bboff\u00a0\u00bb parallax_2__hover_enabled=\u00a0\u00bboff\u00a0\u00bb parallax_3__hover=\u00a0\u00bboff\u00a0\u00bb parallax_3__hover_enabled=\u00a0\u00bboff\u00a0\u00bb parallax_4__hover=\u00a0\u00bboff\u00a0\u00bb parallax_4__hover_enabled=\u00a0\u00bboff\u00a0\u00bb parallax_5__hover=\u00a0\u00bboff\u00a0\u00bb parallax_5__hover_enabled=\u00a0\u00bboff\u00a0\u00bb parallax_6__hover=\u00a0\u00bboff\u00a0\u00bb parallax_6__hover_enabled=\u00a0\u00bboff\u00a0\u00bb parallax_method_1__hover=\u00a0\u00bbon\u00a0\u00bb parallax_method_1__hover_enabled=\u00a0\u00bbon\u00a0\u00bb parallax_method_2__hover=\u00a0\u00bbon\u00a0\u00bb parallax_method_2__hover_enabled=\u00a0\u00bbon\u00a0\u00bb parallax_method_3__hover=\u00a0\u00bbon\u00a0\u00bb parallax_method_3__hover_enabled=\u00a0\u00bbon\u00a0\u00bb parallax_method_4__hover=\u00a0\u00bbon\u00a0\u00bb parallax_method_4__hover_enabled=\u00a0\u00bbon\u00a0\u00bb parallax_method_5__hover=\u00a0\u00bbon\u00a0\u00bb parallax_method_5__hover_enabled=\u00a0\u00bbon\u00a0\u00bb parallax_method_6__hover=\u00a0\u00bbon\u00a0\u00bb parallax_method_6__hover_enabled=\u00a0\u00bbon\u00a0\u00bb make_fullwidth__hover=\u00a0\u00bboff\u00a0\u00bb make_fullwidth__hover_enabled=\u00a0\u00bboff\u00a0\u00bb use_custom_width__hover=\u00a0\u00bboff\u00a0\u00bb use_custom_width__hover_enabled=\u00a0\u00bboff\u00a0\u00bb width_unit__hover=\u00a0\u00bbon\u00a0\u00bb width_unit__hover_enabled=\u00a0\u00bbon\u00a0\u00bb use_custom_gutter__hover=\u00a0\u00bboff\u00a0\u00bb use_custom_gutter__hover_enabled=\u00a0\u00bboff\u00a0\u00bb make_equal__hover=\u00a0\u00bboff\u00a0\u00bb make_equal__hover_enabled=\u00a0\u00bboff\u00a0\u00bb box_shadow_style__hover=\u00a0\u00bbnone\u00a0\u00bb box_shadow_style__hover_enabled=\u00a0\u00bbnone\u00a0\u00bb mix_blend_mode__hover=\u00a0\u00bbnormal\u00a0\u00bb mix_blend_mode__hover_enabled=\u00a0\u00bbnormal\u00a0\u00bb animation_style__hover=\u00a0\u00bbnone\u00a0\u00bb animation_style__hover_enabled=\u00a0\u00bbnone\u00a0\u00bb animation_repeat__hover=\u00a0\u00bbonce\u00a0\u00bb animation_repeat__hover_enabled=\u00a0\u00bbonce\u00a0\u00bb animation_direction__hover=\u00a0\u00bbcenter\u00a0\u00bb animation_direction__hover_enabled=\u00a0\u00bbcenter\u00a0\u00bb animation_duration__hover=\u00a0\u00bb1000ms\u00a0\u00bb animation_duration__hover_enabled=\u00a0\u00bb1000ms\u00a0\u00bb animation_delay__hover=\u00a0\u00bb0ms\u00a0\u00bb animation_delay__hover_enabled=\u00a0\u00bb0ms\u00a0\u00bb animation_intensity_slide__hover=\u00a0\u00bb50%\u00a0\u00bb animation_intensity_slide__hover_enabled=\u00a0\u00bb50%\u00a0\u00bb animation_intensity_zoom__hover=\u00a0\u00bb50%\u00a0\u00bb animation_intensity_zoom__hover_enabled=\u00a0\u00bb50%\u00a0\u00bb animation_intensity_flip__hover=\u00a0\u00bb50%\u00a0\u00bb animation_intensity_flip__hover_enabled=\u00a0\u00bb50%\u00a0\u00bb animation_intensity_fold__hover=\u00a0\u00bb50%\u00a0\u00bb animation_intensity_fold__hover_enabled=\u00a0\u00bb50%\u00a0\u00bb animation_intensity_roll__hover=\u00a0\u00bb50%\u00a0\u00bb animation_intensity_roll__hover_enabled=\u00a0\u00bb50%\u00a0\u00bb animation_starting_opacity__hover=\u00a0\u00bb0%\u00a0\u00bb animation_starting_opacity__hover_enabled=\u00a0\u00bb0%\u00a0\u00bb animation_speed_curve__hover=\u00a0\u00bbease-in-out\u00a0\u00bb animation_speed_curve__hover_enabled=\u00a0\u00bbease-in-out\u00a0\u00bb hover_transition_duration__hover=\u00a0\u00bb300ms\u00a0\u00bb hover_transition_duration__hover_enabled=\u00a0\u00bb300ms\u00a0\u00bb hover_transition_delay__hover=\u00a0\u00bb0ms\u00a0\u00bb hover_transition_delay__hover_enabled=\u00a0\u00bb0ms\u00a0\u00bb hover_transition_speed_curve__hover=\u00a0\u00bbease\u00a0\u00bb hover_transition_speed_curve__hover_enabled=\u00a0\u00bbease\u00a0\u00bb][et_pb_column type=\u00a0\u00bb4_4&Prime; _builder_version=\u00a0\u00bb4.16&Prime; custom_padding=\u00a0\u00bb|||\u00a0\u00bb global_colors_info=\u00a0\u00bb{}\u00a0\u00bb custom_padding__hover=\u00a0\u00bb|||\u00a0\u00bb][et_pb_text _builder_version=\u00a0\u00bb4.21.0&Prime; text_font=\u00a0\u00bb||||||||\u00a0\u00bb text_font_size=\u00a0\u00bb1.3em\u00a0\u00bb text_line_height=\u00a0\u00bb1.8em\u00a0\u00bb header_font=\u00a0\u00bb||||||||\u00a0\u00bb header_2_font=\u00a0\u00bbYeseva One|700|||||||\u00a0\u00bb header_2_font_size=\u00a0\u00bb52px\u00a0\u00bb header_2_line_height=\u00a0\u00bb1.2em\u00a0\u00bb text_orientation=\u00a0\u00bbcenter\u00a0\u00bb background_layout=\u00a0\u00bbdark\u00a0\u00bb max_width=\u00a0\u00bb800px\u00a0\u00bb module_alignment=\u00a0\u00bbcenter\u00a0\u00bb text_font_size_tablet=\u00a0\u00bb1.1em\u00a0\u00bb text_font_size_phone=\u00a0\u00bb1em\u00a0\u00bb text_font_size_last_edited=\u00a0\u00bbon|desktop\u00a0\u00bb header_2_font_size_tablet=\u00a0\u00bb\u00a0\u00bb header_2_font_size_phone=\u00a0\u00bb36px\u00a0\u00bb header_2_font_size_last_edited=\u00a0\u00bbon|phone\u00a0\u00bb global_colors_info=\u00a0\u00bb{}\u00a0\u00bb header_font_size__hover=\u00a0\u00bb30px\u00a0\u00bb header_font_size__hover_enabled=\u00a0\u00bb30px\u00a0\u00bb header_letter_spacing__hover=\u00a0\u00bb0px\u00a0\u00bb header_letter_spacing__hover_enabled=\u00a0\u00bb0px\u00a0\u00bb header_text_shadow_style__hover=\u00a0\u00bbnone\u00a0\u00bb header_text_shadow_style__hover_enabled=\u00a0\u00bbnone\u00a0\u00bb header_text_shadow_color__hover=\u00a0\u00bbrgba(0,0,0,0.4)\u00a0\u00bb header_text_shadow_color__hover_enabled=\u00a0\u00bbrgba(0,0,0,0.4)\u00a0\u00bb]<strong>Ce microsite est une initiative du R\u00e9seau national des femmes avec le soutien du GNWP, du NORAD et du Programme des op\u00e9rations de paix et de stabilisation (PSOP) d&rsquo;Affaires mondiales Canada. <\/strong>[\/et_pb_text][\/et_pb_column][\/et_pb_row][et_pb_row column_structure=\u00a0\u00bb1_4,1_4,1_4,1_4&Prime; _builder_version=\u00a0\u00bb4.16&Prime; width=\u00a0\u00bb92%\u00a0\u00bb width_tablet=\u00a0\u00bb89%\u00a0\u00bb width_phone=\u00a0\u00bb87%\u00a0\u00bb width_last_edited=\u00a0\u00bbon|phone\u00a0\u00bb max_width=\u00a0\u00bb1440px\u00a0\u00bb custom_margin=\u00a0\u00bb||||false|false\u00a0\u00bb custom_padding=\u00a0\u00bb30px||||false|false\u00a0\u00bb global_colors_info=\u00a0\u00bb{}\u00a0\u00bb][et_pb_column type=\u00a0\u00bb1_4&Prime; _builder_version=\u00a0\u00bb4.16&Prime; custom_padding=\u00a0\u00bb|||\u00a0\u00bb global_colors_info=\u00a0\u00bb{}\u00a0\u00bb custom_padding__hover=\u00a0\u00bb|||\u00a0\u00bb][et_pb_image src=\u00a0\u00bbhttps:\/\/mujerespazyseguridad.co\/wp-content\/uploads\/2021\/08\/LogoRedNNacionalDeMujeres_x-2.png\u00a0\u00bb title_text=\u00a0\u00bbLogoRedNNacionalDeMujeres_x-(2)\u00a0\u00bb url=\u00a0\u00bbhttp:\/\/www.rednacionaldemujeres.org\/\u00a0\u00bb url_new_window=\u00a0\u00bbon\u00a0\u00bb align=\u00a0\u00bbcenter\u00a0\u00bb _builder_version=\u00a0\u00bb4.20.4&Prime; width=\u00a0\u00bb75%\u00a0\u00bb width_tablet=\u00a0\u00bb62%\u00a0\u00bb width_phone=\u00a0\u00bb50%\u00a0\u00bb width_last_edited=\u00a0\u00bbon|phone\u00a0\u00bb module_alignment=\u00a0\u00bbcenter\u00a0\u00bb always_center_on_mobile=\u00a0\u00bboff\u00a0\u00bb locked=\u00a0\u00bboff\u00a0\u00bb global_colors_info=\u00a0\u00bb{}\u00a0\u00bb][\/et_pb_image][\/et_pb_column][et_pb_column type=\u00a0\u00bb1_4&Prime; _builder_version=\u00a0\u00bb4.16&Prime; custom_padding=\u00a0\u00bb|||\u00a0\u00bb global_colors_info=\u00a0\u00bb{}\u00a0\u00bb custom_padding__hover=\u00a0\u00bb|||\u00a0\u00bb][et_pb_image src=\u00a0\u00bbhttps:\/\/mujerespazyseguridad.co\/wp-content\/uploads\/2021\/07\/LogoGNWP_x.png\u00a0\u00bb title_text=\u00a0\u00bbLogoGNWP_x\u00a0\u00bb url=\u00a0\u00bbhttps:\/\/gnwp.org\/category\/colombia\/\u00a0\u00bb url_new_window=\u00a0\u00bbon\u00a0\u00bb align=\u00a0\u00bbcenter\u00a0\u00bb _builder_version=\u00a0\u00bb4.16&Prime; width=\u00a0\u00bb75%\u00a0\u00bb width_tablet=\u00a0\u00bb62%\u00a0\u00bb width_phone=\u00a0\u00bb50%\u00a0\u00bb width_last_edited=\u00a0\u00bbon|phone\u00a0\u00bb module_alignment=\u00a0\u00bbcenter\u00a0\u00bb always_center_on_mobile=\u00a0\u00bboff\u00a0\u00bb locked=\u00a0\u00bboff\u00a0\u00bb global_colors_info=\u00a0\u00bb{}\u00a0\u00bb][\/et_pb_image][\/et_pb_column][et_pb_column type=\u00a0\u00bb1_4&Prime; _builder_version=\u00a0\u00bb4.16&Prime; custom_padding=\u00a0\u00bb|||\u00a0\u00bb global_colors_info=\u00a0\u00bb{}\u00a0\u00bb custom_padding__hover=\u00a0\u00bb|||\u00a0\u00bb][et_pb_image src=\u00a0\u00bbhttps:\/\/mujerespazyseguridad.co\/wp-content\/uploads\/2021\/07\/LogoNORAD_x.png\u00a0\u00bb title_text=\u00a0\u00bbLogoNORAD_x\u00a0\u00bb url=\u00a0\u00bbhttps:\/\/www.norad.no\/en\/front\/\u00a0\u00bb url_new_window=\u00a0\u00bbon\u00a0\u00bb align=\u00a0\u00bbcenter\u00a0\u00bb _builder_version=\u00a0\u00bb4.16&Prime; width=\u00a0\u00bb75%\u00a0\u00bb width_tablet=\u00a0\u00bb62%\u00a0\u00bb width_phone=\u00a0\u00bb50%\u00a0\u00bb width_last_edited=\u00a0\u00bbon|phone\u00a0\u00bb module_alignment=\u00a0\u00bbcenter\u00a0\u00bb always_center_on_mobile=\u00a0\u00bboff\u00a0\u00bb locked=\u00a0\u00bboff\u00a0\u00bb global_colors_info=\u00a0\u00bb{}\u00a0\u00bb][\/et_pb_image][\/et_pb_column][et_pb_column type=\u00a0\u00bb1_4&Prime; _builder_version=\u00a0\u00bb4.16&Prime; custom_padding=\u00a0\u00bb|||\u00a0\u00bb global_colors_info=\u00a0\u00bb{}\u00a0\u00bb custom_padding__hover=\u00a0\u00bb|||\u00a0\u00bb][et_pb_image src=\u00a0\u00bbhttps:\/\/mujerespazyseguridad.co\/wp-content\/uploads\/2023\/04\/RNM-Canada-logo.png\u00a0\u00bb title_text=\u00a0\u00bbRNM-Canada-logo\u00a0\u00bb url=\u00a0\u00bbhttps:\/\/www.international.gc.ca\/world-monde\/issues_development-enjeux_developpement\/response_conflict-reponse_conflits\/psop.aspx\u00a0\u00bb url_new_window=\u00a0\u00bbon\u00a0\u00bb align=\u00a0\u00bbcenter\u00a0\u00bb _builder_version=\u00a0\u00bb4.20.4&Prime; width=\u00a0\u00bb75%\u00a0\u00bb width_tablet=\u00a0\u00bb62%\u00a0\u00bb width_phone=\u00a0\u00bb50%\u00a0\u00bb width_last_edited=\u00a0\u00bbon|phone\u00a0\u00bb module_alignment=\u00a0\u00bbcenter\u00a0\u00bb always_center_on_mobile=\u00a0\u00bboff\u00a0\u00bb locked=\u00a0\u00bboff\u00a0\u00bb global_colors_info=\u00a0\u00bb{}\u00a0\u00bb][\/et_pb_image][\/et_pb_column][\/et_pb_row][et_pb_row _builder_version=\u00a0\u00bb4.16&Prime; _module_preset=\u00a0\u00bbdefault\u00a0\u00bb width=\u00a0\u00bb92%\u00a0\u00bb width_tablet=\u00a0\u00bb89%\u00a0\u00bb width_phone=\u00a0\u00bb87%\u00a0\u00bb width_last_edited=\u00a0\u00bbon|phone\u00a0\u00bb max_width=\u00a0\u00bb1440px\u00a0\u00bb custom_margin=\u00a0\u00bb||||false|false\u00a0\u00bb custom_padding=\u00a0\u00bb30px||||false|false\u00a0\u00bb global_colors_info=\u00a0\u00bb{}\u00a0\u00bb][et_pb_column type=\u00a0\u00bb4_4&Prime; _builder_version=\u00a0\u00bb4.16&Prime; _module_preset=\u00a0\u00bbdefault\u00a0\u00bb global_colors_info=\u00a0\u00bb{}\u00a0\u00bb][et_pb_text _builder_version=\u00a0\u00bb4.21.0&Prime; text_font=\u00a0\u00bb|700|||||||\u00a0\u00bb text_font_size=\u00a0\u00bb16px\u00a0\u00bb text_line_height=\u00a0\u00bb1.8em\u00a0\u00bb header_font=\u00a0\u00bb||||||||\u00a0\u00bb header_2_font=\u00a0\u00bbYeseva One|700|||||||\u00a0\u00bb header_2_font_size=\u00a0\u00bb52px\u00a0\u00bb header_2_line_height=\u00a0\u00bb1.2em\u00a0\u00bb text_orientation=\u00a0\u00bbcenter\u00a0\u00bb background_layout=\u00a0\u00bbdark\u00a0\u00bb width=\u00a0\u00bb400px\u00a0\u00bb width_tablet=\u00a0\u00bb\u00a0\u00bb width_phone=\u00a0\u00bb90%\u00a0\u00bb width_last_edited=\u00a0\u00bbon|desktop\u00a0\u00bb module_alignment=\u00a0\u00bbcenter\u00a0\u00bb text_font_size_tablet=\u00a0\u00bb\u00a0\u00bb text_font_size_phone=\u00a0\u00bb14px\u00a0\u00bb text_font_size_last_edited=\u00a0\u00bbon|desktop\u00a0\u00bb header_2_font_size_tablet=\u00a0\u00bb\u00a0\u00bb header_2_font_size_phone=\u00a0\u00bb36px\u00a0\u00bb header_2_font_size_last_edited=\u00a0\u00bbon|phone\u00a0\u00bb global_colors_info=\u00a0\u00bb{}\u00a0\u00bb header_font_size__hover=\u00a0\u00bb30px\u00a0\u00bb header_font_size__hover_enabled=\u00a0\u00bb30px\u00a0\u00bb header_letter_spacing__hover=\u00a0\u00bb0px\u00a0\u00bb header_letter_spacing__hover_enabled=\u00a0\u00bb0px\u00a0\u00bb header_text_shadow_style__hover=\u00a0\u00bbnone\u00a0\u00bb header_text_shadow_style__hover_enabled=\u00a0\u00bbnone\u00a0\u00bb header_text_shadow_color__hover=\u00a0\u00bbrgba(0,0,0,0.4)\u00a0\u00bb header_text_shadow_color__hover_enabled=\u00a0\u00bbrgba(0,0,0,0.4)\u00a0\u00bb]<strong>Photographies extraites de sources sous licence <a href=\"https:\/\/creativecommons.org\/licenses\/by-nc-nd\/2.0\/deed.fr\" target=\"_blank\" rel=\"noopener\">Attribution-NonCommercial-NoDerivs 2.0 Generic (CC BY-NC-ND 2.0<\/a>)<\/strong>[\/et_pb_text][\/et_pb_column][\/et_pb_row][et_pb_row column_structure=\u00a0\u00bb1_3,1_3,1_3&Prime; _builder_version=\u00a0\u00bb4.16&Prime; _module_preset=\u00a0\u00bbdefault\u00a0\u00bb width=\u00a0\u00bb92%\u00a0\u00bb width_tablet=\u00a0\u00bb89%\u00a0\u00bb width_phone=\u00a0\u00bb87%\u00a0\u00bb width_last_edited=\u00a0\u00bbon|phone\u00a0\u00bb max_width=\u00a0\u00bb300px\u00a0\u00bb custom_margin=\u00a0\u00bb||||false|false\u00a0\u00bb custom_padding=\u00a0\u00bb30px||||false|false\u00a0\u00bb global_colors_info=\u00a0\u00bb{}\u00a0\u00bb][et_pb_column type=\u00a0\u00bb1_3&Prime; _builder_version=\u00a0\u00bb4.16&Prime; _module_preset=\u00a0\u00bbdefault\u00a0\u00bb custom_padding=\u00a0\u00bb0px|0px|0px|0px|false|false\u00a0\u00bb global_colors_info=\u00a0\u00bb{}\u00a0\u00bb][et_pb_image src=\u00a0\u00bbhttps:\/\/mujerespazyseguridad.co\/wp-content\/uploads\/2021\/08\/attribution_icon_white.svg\u00a0\u00bb title_text=\u00a0\u00bbattribution_icon_white\u00a0\u00bb align=\u00a0\u00bbcenter\u00a0\u00bb _builder_version=\u00a0\u00bb4.16&Prime; _module_preset=\u00a0\u00bbdefault\u00a0\u00bb max_width=\u00a0\u00bb50px\u00a0\u00bb global_colors_info=\u00a0\u00bb{}\u00a0\u00bb][\/et_pb_image][\/et_pb_column][et_pb_column type=\u00a0\u00bb1_3&Prime; _builder_version=\u00a0\u00bb4.16&Prime; _module_preset=\u00a0\u00bbdefault\u00a0\u00bb global_colors_info=\u00a0\u00bb{}\u00a0\u00bb][et_pb_image src=\u00a0\u00bbhttps:\/\/mujerespazyseguridad.co\/wp-content\/uploads\/2021\/08\/nc_white.svg\u00a0\u00bb title_text=\u00a0\u00bbnc_white\u00a0\u00bb align=\u00a0\u00bbcenter\u00a0\u00bb _builder_version=\u00a0\u00bb4.16&Prime; _module_preset=\u00a0\u00bbdefault\u00a0\u00bb max_width=\u00a0\u00bb50px\u00a0\u00bb min_height=\u00a0\u00bb53.9px\u00a0\u00bb global_colors_info=\u00a0\u00bb{}\u00a0\u00bb][\/et_pb_image][\/et_pb_column][et_pb_column type=\u00a0\u00bb1_3&Prime; _builder_version=\u00a0\u00bb4.16&Prime; _module_preset=\u00a0\u00bbdefault\u00a0\u00bb global_colors_info=\u00a0\u00bb{}\u00a0\u00bb][et_pb_image src=\u00a0\u00bbhttps:\/\/mujerespazyseguridad.co\/wp-content\/uploads\/2021\/08\/nd_white.svg\u00a0\u00bb title_text=\u00a0\u00bbnd_white\u00a0\u00bb align=\u00a0\u00bbcenter\u00a0\u00bb _builder_version=\u00a0\u00bb4.16&Prime; _module_preset=\u00a0\u00bbdefault\u00a0\u00bb max_width=\u00a0\u00bb50px\u00a0\u00bb global_colors_info=\u00a0\u00bb{}\u00a0\u00bb][\/et_pb_image][\/et_pb_column][\/et_pb_row][et_pb_row _builder_version=\u00a0\u00bb4.16&Prime; _module_preset=\u00a0\u00bbdefault\u00a0\u00bb width=\u00a0\u00bb92%\u00a0\u00bb width_tablet=\u00a0\u00bb89%\u00a0\u00bb width_phone=\u00a0\u00bb87%\u00a0\u00bb width_last_edited=\u00a0\u00bbon|phone\u00a0\u00bb max_width=\u00a0\u00bb1440px\u00a0\u00bb custom_margin=\u00a0\u00bb||||false|false\u00a0\u00bb custom_padding=\u00a0\u00bb30px||||false|false\u00a0\u00bb locked=\u00a0\u00bboff\u00a0\u00bb global_colors_info=\u00a0\u00bb{}\u00a0\u00bb][et_pb_column type=\u00a0\u00bb4_4&Prime; _builder_version=\u00a0\u00bb4.16&Prime; _module_preset=\u00a0\u00bbdefault\u00a0\u00bb global_colors_info=\u00a0\u00bb{}\u00a0\u00bb][et_pb_text _builder_version=\u00a0\u00bb4.22.1&Prime; text_font=\u00a0\u00bb|700|||||||\u00a0\u00bb text_font_size=\u00a0\u00bb16px\u00a0\u00bb text_line_height=\u00a0\u00bb1.8em\u00a0\u00bb header_font=\u00a0\u00bb||||||||\u00a0\u00bb header_2_font=\u00a0\u00bbYeseva One|700|||||||\u00a0\u00bb header_2_font_size=\u00a0\u00bb52px\u00a0\u00bb header_2_line_height=\u00a0\u00bb1.2em\u00a0\u00bb text_orientation=\u00a0\u00bbcenter\u00a0\u00bb background_layout=\u00a0\u00bbdark\u00a0\u00bb width=\u00a0\u00bb400px\u00a0\u00bb width_tablet=\u00a0\u00bb\u00a0\u00bb width_phone=\u00a0\u00bb90%\u00a0\u00bb width_last_edited=\u00a0\u00bbon|desktop\u00a0\u00bb module_alignment=\u00a0\u00bbcenter\u00a0\u00bb text_font_size_tablet=\u00a0\u00bb\u00a0\u00bb text_font_size_phone=\u00a0\u00bb14px\u00a0\u00bb text_font_size_last_edited=\u00a0\u00bbon|desktop\u00a0\u00bb header_2_font_size_tablet=\u00a0\u00bb\u00a0\u00bb header_2_font_size_phone=\u00a0\u00bb36px\u00a0\u00bb header_2_font_size_last_edited=\u00a0\u00bbon|phone\u00a0\u00bb global_colors_info=\u00a0\u00bb{}\u00a0\u00bb header_font_size__hover=\u00a0\u00bb30px\u00a0\u00bb header_font_size__hover_enabled=\u00a0\u00bb30px\u00a0\u00bb header_letter_spacing__hover=\u00a0\u00bb0px\u00a0\u00bb header_letter_spacing__hover_enabled=\u00a0\u00bb0px\u00a0\u00bb header_text_shadow_style__hover=\u00a0\u00bbnone\u00a0\u00bb header_text_shadow_style__hover_enabled=\u00a0\u00bbnone\u00a0\u00bb header_text_shadow_color__hover=\u00a0\u00bbrgba(0,0,0,0.4)\u00a0\u00bb header_text_shadow_color__hover_enabled=\u00a0\u00bbrgba(0,0,0,0.4)\u00a0\u00bb]<strong>Suivez-nous:<\/strong>[\/et_pb_text][et_pb_social_media_follow use_icon_font_size=\u00a0\u00bbon\u00a0\u00bb icon_font_size=\u00a0\u00bb24px\u00a0\u00bb icon_font_size_tablet=\u00a0\u00bb\u00a0\u00bb icon_font_size_phone=\u00a0\u00bb20px\u00a0\u00bb icon_font_size_last_edited=\u00a0\u00bbon|phone\u00a0\u00bb _builder_version=\u00a0\u00bb4.22.1&Prime; _module_preset=\u00a0\u00bbdefault\u00a0\u00bb text_orientation=\u00a0\u00bbcenter\u00a0\u00bb global_colors_info=\u00a0\u00bb{}\u00a0\u00bb][et_pb_social_media_follow_network social_network=\u00a0\u00bbfacebook\u00a0\u00bb url=\u00a0\u00bbhttps:\/\/www.facebook.com\/RedNacionaldeMujeresColombia\/\u00a0\u00bb _builder_version=\u00a0\u00bb4.22.1&Prime; _module_preset=\u00a0\u00bbdefault\u00a0\u00bb background_color=\u00a0\u00bb#0560aa\u00a0\u00bb background_enable_color=\u00a0\u00bbon\u00a0\u00bb global_colors_info=\u00a0\u00bb{}\u00a0\u00bb follow_button=\u00a0\u00bboff\u00a0\u00bb url_new_window=\u00a0\u00bbon\u00a0\u00bb]facebook[\/et_pb_social_media_follow_network][et_pb_social_media_follow_network social_network=\u00a0\u00bbinstagram\u00a0\u00bb url=\u00a0\u00bbhttps:\/\/www.instagram.com\/rnmcolombia\/\u00a0\u00bb _builder_version=\u00a0\u00bb4.22.1&Prime; _module_preset=\u00a0\u00bbdefault\u00a0\u00bb background_color=\u00a0\u00bb#0560aa\u00a0\u00bb background_enable_color=\u00a0\u00bbon\u00a0\u00bb global_colors_info=\u00a0\u00bb{}\u00a0\u00bb follow_button=\u00a0\u00bboff\u00a0\u00bb url_new_window=\u00a0\u00bbon\u00a0\u00bb]instagram[\/et_pb_social_media_follow_network][et_pb_social_media_follow_network social_network=\u00a0\u00bbtwitter\u00a0\u00bb url=\u00a0\u00bbhttps:\/\/twitter.com\/RNMColombia\u00a0\u00bb _builder_version=\u00a0\u00bb4.22.1&Prime; _module_preset=\u00a0\u00bbdefault\u00a0\u00bb background_color=\u00a0\u00bb#0560aa\u00a0\u00bb background_enable_color=\u00a0\u00bbon\u00a0\u00bb global_colors_info=\u00a0\u00bb{}\u00a0\u00bb follow_button=\u00a0\u00bboff\u00a0\u00bb url_new_window=\u00a0\u00bbon\u00a0\u00bb]twitter[\/et_pb_social_media_follow_network][et_pb_social_media_follow_network social_network=\u00a0\u00bbyoutube\u00a0\u00bb url=\u00a0\u00bbhttps:\/\/www.youtube.com\/channel\/UCV1mw-2ZJbOe3uZNDuqSvXw\u00a0\u00bb _builder_version=\u00a0\u00bb4.22.1&Prime; _module_preset=\u00a0\u00bbdefault\u00a0\u00bb background_color=\u00a0\u00bb#0560aa\u00a0\u00bb background_enable_color=\u00a0\u00bbon\u00a0\u00bb global_colors_info=\u00a0\u00bb{}\u00a0\u00bb follow_button=\u00a0\u00bboff\u00a0\u00bb url_new_window=\u00a0\u00bbon\u00a0\u00bb]youtube[\/et_pb_social_media_follow_network][\/et_pb_social_media_follow][\/et_pb_column][\/et_pb_row][\/et_pb_section]<\/p>\n","protected":false},"excerpt":{"rendered":"<p>Les femmes, la paix et la s\u00e9curit\u00e9 Plans d&rsquo;action nationaux (PAN) 1325 En 2023, 95 pays dans le monde auront mis en place des plans d&rsquo;action nationaux (PAN) au titre de la r\u00e9solution 1325. Pour voir les plans d&rsquo;action dans le monde entier, vous pouvez vous rendre sur la carte et les t\u00e9l\u00e9charger. L&rsquo;Angola a [&hellip;]<\/p>\n","protected":false},"author":1,"featured_media":0,"parent":0,"menu_order":0,"comment_status":"closed","ping_status":"closed","template":"","meta":{"_et_pb_use_builder":"on","_et_pb_old_content":"","_et_gb_content_width":"","footnotes":""},"class_list":["post-2396","page","type-page","status-publish","hentry"],"jetpack_sharing_enabled":true,"_links":{"self":[{"href":"https:\/\/mujerespazyseguridad.co\/fr\/wp-json\/wp\/v2\/pages\/2396","targetHints":{"allow":["GET"]}}],"collection":[{"href":"https:\/\/mujerespazyseguridad.co\/fr\/wp-json\/wp\/v2\/pages"}],"about":[{"href":"https:\/\/mujerespazyseguridad.co\/fr\/wp-json\/wp\/v2\/types\/page"}],"author":[{"embeddable":true,"href":"https:\/\/mujerespazyseguridad.co\/fr\/wp-json\/wp\/v2\/users\/1"}],"replies":[{"embeddable":true,"href":"https:\/\/mujerespazyseguridad.co\/fr\/wp-json\/wp\/v2\/comments?post=2396"}],"version-history":[{"count":5,"href":"https:\/\/mujerespazyseguridad.co\/fr\/wp-json\/wp\/v2\/pages\/2396\/revisions"}],"predecessor-version":[{"id":3733,"href":"https:\/\/mujerespazyseguridad.co\/fr\/wp-json\/wp\/v2\/pages\/2396\/revisions\/3733"}],"wp:attachment":[{"href":"https:\/\/mujerespazyseguridad.co\/fr\/wp-json\/wp\/v2\/media?parent=2396"}],"curies":[{"name":"wp","href":"https:\/\/api.w.org\/{rel}","templated":true}]}}